{"id":806,"date":"2023-12-29T15:41:03","date_gmt":"2023-12-29T14:41:03","guid":{"rendered":"https:\/\/www.legaragephotographie.com\/?page_id=806"},"modified":"2023-12-29T16:15:43","modified_gmt":"2023-12-29T15:15:43","slug":"william-guidarini","status":"publish","type":"page","link":"https:\/\/www.legaragephotographie.com\/index.php\/william-guidarini\/","title":{"rendered":"William Guidarini"},"content":{"rendered":"\t\t<div data-elementor-type=\"wp-page\" data-elementor-id=\"806\" class=\"elementor elementor-806\" data-elementor-post-type=\"page\">\n\t\t\t\t<div class=\"elementor-element elementor-element-d947bc5 e-flex e-con-boxed e-con e-parent\" data-id=\"d947bc5\" data-element_type=\"container\" data-e-type=\"container\">\n\t\t\t\t\t<div class=\"e-con-inner\">\n\t\t\t\t<div class=\"elementor-element elementor-element-b078742 elementor-widget elementor-widget-heading\" data-id=\"b078742\" data-element_type=\"widget\" data-e-type=\"widget\" data-widget_type=\"heading.default\">\n\t\t\t\t<div class=\"elementor-widget-container\">\n\t\t\t\t\t<h2 class=\"elementor-heading-title elementor-size-large\">William Guidarini\n2014\/2015<\/h2>\t\t\t\t<\/div>\n\t\t\t\t<\/div>\n\t\t\t\t\t<\/div>\n\t\t\t\t<\/div>\n\t\t<div class=\"elementor-element elementor-element-671b542 e-flex e-con-boxed e-con e-parent\" data-id=\"671b542\" data-element_type=\"container\" data-e-type=\"container\">\n\t\t\t\t\t<div class=\"e-con-inner\">\n\t\t<div class=\"elementor-element elementor-element-13c33ae e-con-full e-flex e-con e-child\" data-id=\"13c33ae\" data-element_type=\"container\" data-e-type=\"container\">\n\t\t\t\t<div class=\"elementor-element elementor-element-6b111ce elementor-widget elementor-widget-heading\" data-id=\"6b111ce\" data-element_type=\"widget\" data-e-type=\"widget\" data-widget_type=\"heading.default\">\n\t\t\t\t<div class=\"elementor-widget-container\">\n\t\t\t\t\t<h2 class=\"elementor-heading-title elementor-size-default\">Ceux qui restent<\/h2>\t\t\t\t<\/div>\n\t\t\t\t<\/div>\n\t\t\t\t<div class=\"elementor-element elementor-element-dc1e5ff elementor-widget__width-initial elementor-widget elementor-widget-text-editor\" data-id=\"dc1e5ff\" data-element_type=\"widget\" data-e-type=\"widget\" data-widget_type=\"text-editor.default\">\n\t\t\t\t<div class=\"elementor-widget-container\">\n\t\t\t\t\t\t\t\t\t<p>Entre 2008 et 2013, William\u00a0Guidarini\u00a0sillonne l\u2019Europe de l\u2019Ouest du nord au sud.\u00a0Au sein d\u2019un paysage urbain ambivalent, qui appelle \u00e0 la fuite ou au repli sur soi, il livre une po\u00e9sie de l\u2019intime en noir et blanc, qui renvoie l\u2019\u00eatre humain \u00e0 ses fondements, et la soci\u00e9t\u00e9 occidentale \u00e0 ses contradictions.<\/p><p>Po\u00e9sie de l\u2019intime, la photographie que produit William Guidarini s\u2019attache aux fissures de l\u2019\u00eatre,\u00a0sur la dur\u00e9e.<br \/>La qu\u00eate de soi, dans la solitude, la m\u00e9moire et la beaut\u00e9, au sein d\u2019une civilisation de l\u2019\u00e9ph\u00e9m\u00e8re, est au coeur de sa d\u00e9marche d\u2019auteur.<br \/>Ses travaux sont r\u00e9guli\u00e8rement expos\u00e9s depuis 10 ans en France et en Italie.\u00a0<\/p><p><a title=\"William Guidarini official website\" href=\"http:\/\/www.williamguidarini.com\/\" target=\"_blank\" rel=\"noopener noreferrer\">www.williamguidarini.com<\/a><\/p><p><em>Projet de r\u00e9sidence finalis\u00e9 par une exposition \u00e0 Marseille en 2015 (Le Garage Photographie) et un livre chez Arnaud Bizalion Editeur.<\/em><\/p>\t\t\t\t\t\t\t\t<\/div>\n\t\t\t\t<\/div>\n\t\t\t\t<div class=\"elementor-element elementor-element-9664e9b elementor-button-success elementor-align-center elementor-widget elementor-widget-button\" data-id=\"9664e9b\" data-element_type=\"widget\" data-e-type=\"widget\" data-widget_type=\"button.default\">\n\t\t\t\t<div class=\"elementor-widget-container\">\n\t\t\t\t\t\t\t\t\t<div class=\"elementor-button-wrapper\">\n\t\t\t\t\t<a class=\"elementor-button elementor-button-link elementor-size-sm\" href=\"https:\/\/www.legaragephotographie.com\/index.php\/produit\/marseille-didier-ben-loulou\/\">\n\t\t\t\t\t\t<span class=\"elementor-button-content-wrapper\">\n\t\t\t\t\t\t\t\t\t<span class=\"elementor-button-text\">Achetez le livre<\/span>\n\t\t\t\t\t<\/span>\n\t\t\t\t\t<\/a>\n\t\t\t\t<\/div>\n\t\t\t\t\t\t\t\t<\/div>\n\t\t\t\t<\/div>\n\t\t\t\t<div class=\"elementor-element elementor-element-2a05274 elementor-widget elementor-widget-video\" data-id=\"2a05274\" data-element_type=\"widget\" data-e-type=\"widget\" data-settings=\"{&quot;youtube_url&quot;:&quot;https:\\\/\\\/youtu.be\\\/qpmcAE4wHZg?si=ntyaBwJ9u6eNS90y&quot;,&quot;video_type&quot;:&quot;youtube&quot;,&quot;controls&quot;:&quot;yes&quot;}\" data-widget_type=\"video.default\">\n\t\t\t\t<div class=\"elementor-widget-container\">\n\t\t\t\t\t\t\t<div class=\"elementor-wrapper elementor-open-inline\">\n\t\t\t<div class=\"elementor-video\"><\/div>\t\t<\/div>\n\t\t\t\t\t\t<\/div>\n\t\t\t\t<\/div>\n\t\t\t\t<div class=\"elementor-element elementor-element-a59da06 elementor-widget elementor-widget-video\" data-id=\"a59da06\" data-element_type=\"widget\" data-e-type=\"widget\" data-settings=\"{&quot;youtube_url&quot;:&quot;https:\\\/\\\/youtu.be\\\/qwJylQUK2a4?si=P1yPwWRlKMZvayHy&quot;,&quot;video_type&quot;:&quot;youtube&quot;,&quot;controls&quot;:&quot;yes&quot;}\" data-widget_type=\"video.default\">\n\t\t\t\t<div class=\"elementor-widget-container\">\n\t\t\t\t\t\t\t<div class=\"elementor-wrapper elementor-open-inline\">\n\t\t\t<div class=\"elementor-video\"><\/div>\t\t<\/div>\n\t\t\t\t\t\t<\/div>\n\t\t\t\t<\/div>\n\t\t\t\t<div class=\"elementor-element elementor-element-89d2646 elementor-widget elementor-widget-video\" data-id=\"89d2646\" data-element_type=\"widget\" data-e-type=\"widget\" data-settings=\"{&quot;youtube_url&quot;:&quot;https:\\\/\\\/youtu.be\\\/RX0LeGHlqSk?si=k0rU0xT5zCTGTMGx&quot;,&quot;video_type&quot;:&quot;youtube&quot;,&quot;controls&quot;:&quot;yes&quot;}\" data-widget_type=\"video.default\">\n\t\t\t\t<div class=\"elementor-widget-container\">\n\t\t\t\t\t\t\t<div class=\"elementor-wrapper elementor-open-inline\">\n\t\t\t<div class=\"elementor-video\"><\/div>\t\t<\/div>\n\t\t\t\t\t\t<\/div>\n\t\t\t\t<\/div>\n\t\t\t\t<\/div>\n\t\t<div class=\"elementor-element elementor-element-3b459c6 e-con-full e-flex e-con e-child\" data-id=\"3b459c6\" data-element_type=\"container\" data-e-type=\"container\">\n\t\t\t\t<div class=\"elementor-element elementor-element-c11e6ee elementor-widget elementor-widget-image\" data-id=\"c11e6ee\" data-element_type=\"widget\" data-e-type=\"widget\" data-widget_type=\"image.default\">\n\t\t\t\t<div class=\"elementor-widget-container\">\n\t\t\t\t\t\t\t\t\t\t\t\t\t\t\t<img fetchpriority=\"high\" decoding=\"async\" width=\"681\" height=\"1024\" src=\"https:\/\/www.legaragephotographie.com\/wp-content\/uploads\/2023\/12\/Ceux-qui-restent_William-Guidarini_03-681x1024.jpg\" class=\"attachment-large size-large wp-image-811\" alt=\"Ceux qui restent - William Guidarini\" srcset=\"https:\/\/www.legaragephotographie.com\/wp-content\/uploads\/2023\/12\/Ceux-qui-restent_William-Guidarini_03-681x1024.jpg 681w, https:\/\/www.legaragephotographie.com\/wp-content\/uploads\/2023\/12\/Ceux-qui-restent_William-Guidarini_03-200x300.jpg 200w, https:\/\/www.legaragephotographie.com\/wp-content\/uploads\/2023\/12\/Ceux-qui-restent_William-Guidarini_03-768x1155.jpg 768w, https:\/\/www.legaragephotographie.com\/wp-content\/uploads\/2023\/12\/Ceux-qui-restent_William-Guidarini_03-600x902.jpg 600w, https:\/\/www.legaragephotographie.com\/wp-content\/uploads\/2023\/12\/Ceux-qui-restent_William-Guidarini_03.jpg 798w\" sizes=\"(max-width: 681px) 100vw, 681px\" \/>\t\t\t\t\t\t\t\t\t\t\t\t\t\t\t<\/div>\n\t\t\t\t<\/div>\n\t\t\t\t<div class=\"elementor-element elementor-element-e63409b elementor-widget__width-inherit elementor-widget elementor-widget-image-carousel\" data-id=\"e63409b\" data-element_type=\"widget\" data-e-type=\"widget\" data-settings=\"{&quot;navigation&quot;:&quot;none&quot;,&quot;speed&quot;:700,&quot;slides_to_show&quot;:&quot;2&quot;,&quot;autoplay_speed&quot;:2000,&quot;autoplay&quot;:&quot;yes&quot;,&quot;pause_on_hover&quot;:&quot;yes&quot;,&quot;pause_on_interaction&quot;:&quot;yes&quot;,&quot;infinite&quot;:&quot;yes&quot;}\" data-widget_type=\"image-carousel.default\">\n\t\t\t\t<div class=\"elementor-widget-container\">\n\t\t\t\t\t\t\t<div class=\"elementor-image-carousel-wrapper swiper\" role=\"region\" aria-roledescription=\"carousel\" aria-label=\"Carrousel d\u2019images\" dir=\"ltr\">\n\t\t\t<div class=\"elementor-image-carousel swiper-wrapper\" aria-live=\"off\">\n\t\t\t\t\t\t\t\t<div class=\"swiper-slide\" role=\"group\" aria-roledescription=\"slide\" aria-label=\"1 sur 10\"><figure class=\"swiper-slide-inner\"><img decoding=\"async\" class=\"swiper-slide-image\" src=\"https:\/\/www.legaragephotographie.com\/wp-content\/uploads\/2023\/12\/photographie_ceux-qui-restent-Hambourg_William-Guidarini_01-300x200.jpg\" alt=\"photographie_ceux qui restent, Hambourg_William Guidarini_01\" \/><\/figure><\/div><div class=\"swiper-slide\" role=\"group\" aria-roledescription=\"slide\" aria-label=\"2 sur 10\"><figure class=\"swiper-slide-inner\"><img decoding=\"async\" class=\"swiper-slide-image\" src=\"https:\/\/www.legaragephotographie.com\/wp-content\/uploads\/2023\/12\/photographie_ceux-qui-restent-Livorno_William-Guidarini_07-300x200.jpg\" alt=\"photographie_ceux qui restent, Livorno_William Guidarini_07\" \/><\/figure><\/div><div class=\"swiper-slide\" role=\"group\" aria-roledescription=\"slide\" aria-label=\"3 sur 10\"><figure class=\"swiper-slide-inner\"><img decoding=\"async\" class=\"swiper-slide-image\" src=\"https:\/\/www.legaragephotographie.com\/wp-content\/uploads\/2023\/12\/photographie_ceux-qui-restent-Pise_William-Guidarini_02-300x200.jpg\" alt=\"photographie_ceux qui restent, Pise_William Guidarini_02\" \/><\/figure><\/div><div class=\"swiper-slide\" role=\"group\" aria-roledescription=\"slide\" aria-label=\"4 sur 10\"><figure class=\"swiper-slide-inner\"><img decoding=\"async\" class=\"swiper-slide-image\" src=\"https:\/\/www.legaragephotographie.com\/wp-content\/uploads\/2023\/12\/photographie_ceux-qui-restent-Porto_William-Guidarini_04-300x200.jpg\" alt=\"photographie_ceux qui restent, Porto_William Guidarini_04\" \/><\/figure><\/div><div class=\"swiper-slide\" role=\"group\" aria-roledescription=\"slide\" aria-label=\"5 sur 10\"><figure class=\"swiper-slide-inner\"><img decoding=\"async\" class=\"swiper-slide-image\" src=\"https:\/\/www.legaragephotographie.com\/wp-content\/uploads\/2023\/12\/photographie_ceux-qui-restent-Trieste_William-Guidarini_29-300x200.jpg\" alt=\"photographie_ceux qui restent, Trieste_William Guidarini_29\" \/><\/figure><\/div><div class=\"swiper-slide\" role=\"group\" aria-roledescription=\"slide\" aria-label=\"6 sur 10\"><figure class=\"swiper-slide-inner\"><img decoding=\"async\" class=\"swiper-slide-image\" src=\"https:\/\/www.legaragephotographie.com\/wp-content\/uploads\/2023\/12\/photographie_ceux-qui-restent-Trieste_William-Guidarini_36-300x200.jpg\" alt=\"photographie_ceux qui restent, Trieste_William Guidarini_36\" \/><\/figure><\/div><div class=\"swiper-slide\" role=\"group\" aria-roledescription=\"slide\" aria-label=\"7 sur 10\"><figure class=\"swiper-slide-inner\"><img decoding=\"async\" class=\"swiper-slide-image\" src=\"https:\/\/www.legaragephotographie.com\/wp-content\/uploads\/2023\/12\/photographie_ceux-qui-restent-Trieste_William-Guidarini_37-300x200.jpg\" alt=\"photographie_ceux qui restent, Trieste_William Guidarini_37\" \/><\/figure><\/div><div class=\"swiper-slide\" role=\"group\" aria-roledescription=\"slide\" aria-label=\"8 sur 10\"><figure class=\"swiper-slide-inner\"><img decoding=\"async\" class=\"swiper-slide-image\" src=\"https:\/\/www.legaragephotographie.com\/wp-content\/uploads\/2023\/12\/photographie_ceux-qui-restent-Venezia_William-Guidarini_26-300x200.jpg\" alt=\"photographie_ceux qui restent, Venezia_William Guidarini_26\" \/><\/figure><\/div><div class=\"swiper-slide\" role=\"group\" aria-roledescription=\"slide\" aria-label=\"9 sur 10\"><figure class=\"swiper-slide-inner\"><img decoding=\"async\" class=\"swiper-slide-image\" src=\"https:\/\/www.legaragephotographie.com\/wp-content\/uploads\/2023\/12\/photographie_Trieste_William-Guidarini_21-300x200.jpg\" alt=\"photographie_Trieste_William Guidarini_21\" \/><\/figure><\/div><div class=\"swiper-slide\" role=\"group\" aria-roledescription=\"slide\" aria-label=\"10 sur 10\"><figure class=\"swiper-slide-inner\"><img decoding=\"async\" class=\"swiper-slide-image\" src=\"https:\/\/www.legaragephotographie.com\/wp-content\/uploads\/2023\/12\/photographie_Trieste_William-Guidarini_24-300x200.jpg\" alt=\"photographie_Trieste_William Guidarini_24\" \/><\/figure><\/div>\t\t\t<\/div>\n\t\t\t\t\t\t\t\n\t\t\t\t\t\t\t\t\t<\/div>\n\t\t\t\t\t\t<\/div>\n\t\t\t\t<\/div>\n\t\t\t\t<\/div>\n\t\t\t\t\t<\/div>\n\t\t\t\t<\/div>\n\t\t\t\t<\/div>\n\t\t","protected":false},"excerpt":{"rendered":"<p>William Guidarini 2014\/2015 Ceux qui restent Entre 2008 et 2013, William\u00a0Guidarini\u00a0sillonne l\u2019Europe de l\u2019Ouest du nord au sud.\u00a0Au sein d\u2019un paysage urbain ambivalent, qui appelle \u00e0 la fuite ou au repli sur soi, il livre une po\u00e9sie de l\u2019intime en noir et blanc, qui renvoie l\u2019\u00eatre humain \u00e0 ses fondements, et la soci\u00e9t\u00e9 occidentale \u00e0 [&hellip;]<\/p>\n","protected":false},"author":1,"featured_media":0,"parent":0,"menu_order":0,"comment_status":"closed","ping_status":"closed","template":"elementor_header_footer","meta":{"ocean_post_layout":"","ocean_both_sidebars_style":"","ocean_both_sidebars_content_width":0,"ocean_both_sidebars_sidebars_width":0,"ocean_sidebar":"","ocean_second_sidebar":"","ocean_disable_margins":"enable","ocean_add_body_class":"","ocean_shortcode_before_top_bar":"","ocean_shortcode_after_top_bar":"","ocean_shortcode_before_header":"","ocean_shortcode_after_header":"","ocean_has_shortcode":"","ocean_shortcode_after_title":"","ocean_shortcode_before_footer_widgets":"","ocean_shortcode_after_footer_widgets":"","ocean_shortcode_before_footer_bottom":"","ocean_shortcode_after_footer_bottom":"","ocean_display_top_bar":"default","ocean_display_header":"default","ocean_header_style":"","ocean_center_header_left_menu":"","ocean_custom_header_template":"","ocean_custom_logo":0,"ocean_custom_retina_logo":0,"ocean_custom_logo_max_width":0,"ocean_custom_logo_tablet_max_width":0,"ocean_custom_logo_mobile_max_width":0,"ocean_custom_logo_max_height":0,"ocean_custom_logo_tablet_max_height":0,"ocean_custom_logo_mobile_max_height":0,"ocean_header_custom_menu":"","ocean_menu_typo_font_family":"","ocean_menu_typo_font_subset":"","ocean_menu_typo_font_size":0,"ocean_menu_typo_font_size_tablet":0,"ocean_menu_typo_font_size_mobile":0,"ocean_menu_typo_font_size_unit":"px","ocean_menu_typo_font_weight":"","ocean_menu_typo_font_weight_tablet":"","ocean_menu_typo_font_weight_mobile":"","ocean_menu_typo_transform":"","ocean_menu_typo_transform_tablet":"","ocean_menu_typo_transform_mobile":"","ocean_menu_typo_line_height":0,"ocean_menu_typo_line_height_tablet":0,"ocean_menu_typo_line_height_mobile":0,"ocean_menu_typo_line_height_unit":"","ocean_menu_typo_spacing":0,"ocean_menu_typo_spacing_tablet":0,"ocean_menu_typo_spacing_mobile":0,"ocean_menu_typo_spacing_unit":"","ocean_menu_link_color":"","ocean_menu_link_color_hover":"","ocean_menu_link_color_active":"","ocean_menu_link_background":"","ocean_menu_link_hover_background":"","ocean_menu_link_active_background":"","ocean_menu_social_links_bg":"","ocean_menu_social_hover_links_bg":"","ocean_menu_social_links_color":"","ocean_menu_social_hover_links_color":"","ocean_disable_title":"default","ocean_disable_heading":"default","ocean_post_title":"","ocean_post_subheading":"","ocean_post_title_style":"","ocean_post_title_background_color":"","ocean_post_title_background":0,"ocean_post_title_bg_image_position":"","ocean_post_title_bg_image_attachment":"","ocean_post_title_bg_image_repeat":"","ocean_post_title_bg_image_size":"","ocean_post_title_height":0,"ocean_post_title_bg_overlay":0.5,"ocean_post_title_bg_overlay_color":"","ocean_disable_breadcrumbs":"default","ocean_breadcrumbs_color":"","ocean_breadcrumbs_separator_color":"","ocean_breadcrumbs_links_color":"","ocean_breadcrumbs_links_hover_color":"","ocean_display_footer_widgets":"default","ocean_display_footer_bottom":"default","ocean_custom_footer_template":"","footnotes":""},"class_list":["post-806","page","type-page","status-publish","hentry","entry"],"yoast_head":"<!-- This site is optimized with the Yoast SEO plugin v27.4 - https:\/\/yoast.com\/product\/yoast-seo-wordpress\/ -->\n<title>William Guidarini - Le Garage Photographie, un lieu d\u00e9di\u00e9 \u00e0 la photographie \u00e0 Marseille<\/title>\n<meta name=\"robots\" content=\"index, follow, max-snippet:-1, max-image-preview:large, max-video-preview:-1\" \/>\n<link rel=\"canonical\" href=\"https:\/\/www.legaragephotographie.com\/index.php\/william-guidarini\/\" \/>\n<meta property=\"og:locale\" content=\"fr_FR\" \/>\n<meta property=\"og:type\" content=\"article\" \/>\n<meta property=\"og:title\" content=\"William Guidarini - Le Garage Photographie, un lieu d\u00e9di\u00e9 \u00e0 la photographie \u00e0 Marseille\" \/>\n<meta property=\"og:description\" content=\"William Guidarini 2014\/2015 Ceux qui restent Entre 2008 et 2013, William\u00a0Guidarini\u00a0sillonne l\u2019Europe de l\u2019Ouest du nord au sud.\u00a0Au sein d\u2019un paysage urbain ambivalent, qui appelle \u00e0 la fuite ou au repli sur soi, il livre une po\u00e9sie de l\u2019intime en noir et blanc, qui renvoie l\u2019\u00eatre humain \u00e0 ses fondements, et la soci\u00e9t\u00e9 occidentale \u00e0 [&hellip;]\" \/>\n<meta property=\"og:url\" content=\"https:\/\/www.legaragephotographie.com\/index.php\/william-guidarini\/\" \/>\n<meta property=\"og:site_name\" content=\"Le Garage Photographie, un lieu d\u00e9di\u00e9 \u00e0 la photographie \u00e0 Marseille\" \/>\n<meta property=\"article:modified_time\" content=\"2023-12-29T15:15:43+00:00\" \/>\n<meta property=\"og:image\" content=\"https:\/\/www.legaragephotographie.com\/wp-content\/uploads\/2023\/12\/Ceux-qui-restent_William-Guidarini_03.jpg\" \/>\n\t<meta property=\"og:image:width\" content=\"798\" \/>\n\t<meta property=\"og:image:height\" content=\"1200\" \/>\n\t<meta property=\"og:image:type\" content=\"image\/jpeg\" \/>\n<meta name=\"twitter:card\" content=\"summary_large_image\" \/>\n<meta name=\"twitter:label1\" content=\"Dur\u00e9e de lecture estim\u00e9e\" \/>\n\t<meta name=\"twitter:data1\" content=\"1 minute\" \/>\n<script type=\"application\/ld+json\" class=\"yoast-schema-graph\">{\"@context\":\"https:\\\/\\\/schema.org\",\"@graph\":[{\"@type\":\"WebPage\",\"@id\":\"https:\\\/\\\/www.legaragephotographie.com\\\/index.php\\\/william-guidarini\\\/\",\"url\":\"https:\\\/\\\/www.legaragephotographie.com\\\/index.php\\\/william-guidarini\\\/\",\"name\":\"William Guidarini - Le Garage Photographie, un lieu d\u00e9di\u00e9 \u00e0 la photographie \u00e0 Marseille\",\"isPartOf\":{\"@id\":\"https:\\\/\\\/www.legaragephotographie.com\\\/#website\"},\"primaryImageOfPage\":{\"@id\":\"https:\\\/\\\/www.legaragephotographie.com\\\/index.php\\\/william-guidarini\\\/#primaryimage\"},\"image\":{\"@id\":\"https:\\\/\\\/www.legaragephotographie.com\\\/index.php\\\/william-guidarini\\\/#primaryimage\"},\"thumbnailUrl\":\"https:\\\/\\\/www.legaragephotographie.com\\\/wp-content\\\/uploads\\\/2023\\\/12\\\/Ceux-qui-restent_William-Guidarini_03-681x1024.jpg\",\"datePublished\":\"2023-12-29T14:41:03+00:00\",\"dateModified\":\"2023-12-29T15:15:43+00:00\",\"breadcrumb\":{\"@id\":\"https:\\\/\\\/www.legaragephotographie.com\\\/index.php\\\/william-guidarini\\\/#breadcrumb\"},\"inLanguage\":\"fr-FR\",\"potentialAction\":[{\"@type\":\"ReadAction\",\"target\":[\"https:\\\/\\\/www.legaragephotographie.com\\\/index.php\\\/william-guidarini\\\/\"]}]},{\"@type\":\"ImageObject\",\"inLanguage\":\"fr-FR\",\"@id\":\"https:\\\/\\\/www.legaragephotographie.com\\\/index.php\\\/william-guidarini\\\/#primaryimage\",\"url\":\"https:\\\/\\\/www.legaragephotographie.com\\\/wp-content\\\/uploads\\\/2023\\\/12\\\/Ceux-qui-restent_William-Guidarini_03.jpg\",\"contentUrl\":\"https:\\\/\\\/www.legaragephotographie.com\\\/wp-content\\\/uploads\\\/2023\\\/12\\\/Ceux-qui-restent_William-Guidarini_03.jpg\",\"width\":798,\"height\":1200,\"caption\":\"Ceux qui restent - William Guidarini\"},{\"@type\":\"BreadcrumbList\",\"@id\":\"https:\\\/\\\/www.legaragephotographie.com\\\/index.php\\\/william-guidarini\\\/#breadcrumb\",\"itemListElement\":[{\"@type\":\"ListItem\",\"position\":1,\"name\":\"Accueil\",\"item\":\"https:\\\/\\\/www.legaragephotographie.com\\\/\"},{\"@type\":\"ListItem\",\"position\":2,\"name\":\"William Guidarini\"}]},{\"@type\":\"WebSite\",\"@id\":\"https:\\\/\\\/www.legaragephotographie.com\\\/#website\",\"url\":\"https:\\\/\\\/www.legaragephotographie.com\\\/\",\"name\":\"Le Garage Photographie, un lieu d\u00e9di\u00e9 \u00e0 la photographie \u00e0 Marseille\",\"description\":\"Stages et cours photo \u00e0 Marseille\",\"potentialAction\":[{\"@type\":\"SearchAction\",\"target\":{\"@type\":\"EntryPoint\",\"urlTemplate\":\"https:\\\/\\\/www.legaragephotographie.com\\\/?s={search_term_string}\"},\"query-input\":{\"@type\":\"PropertyValueSpecification\",\"valueRequired\":true,\"valueName\":\"search_term_string\"}}],\"inLanguage\":\"fr-FR\"}]}<\/script>\n<!-- \/ Yoast SEO plugin. -->","yoast_head_json":{"title":"William Guidarini - Le Garage Photographie, un lieu d\u00e9di\u00e9 \u00e0 la photographie \u00e0 Marseille","robots":{"index":"index","follow":"follow","max-snippet":"max-snippet:-1","max-image-preview":"max-image-preview:large","max-video-preview":"max-video-preview:-1"},"canonical":"https:\/\/www.legaragephotographie.com\/index.php\/william-guidarini\/","og_locale":"fr_FR","og_type":"article","og_title":"William Guidarini - Le Garage Photographie, un lieu d\u00e9di\u00e9 \u00e0 la photographie \u00e0 Marseille","og_description":"William Guidarini 2014\/2015 Ceux qui restent Entre 2008 et 2013, William\u00a0Guidarini\u00a0sillonne l\u2019Europe de l\u2019Ouest du nord au sud.\u00a0Au sein d\u2019un paysage urbain ambivalent, qui appelle \u00e0 la fuite ou au repli sur soi, il livre une po\u00e9sie de l\u2019intime en noir et blanc, qui renvoie l\u2019\u00eatre humain \u00e0 ses fondements, et la soci\u00e9t\u00e9 occidentale \u00e0 [&hellip;]","og_url":"https:\/\/www.legaragephotographie.com\/index.php\/william-guidarini\/","og_site_name":"Le Garage Photographie, un lieu d\u00e9di\u00e9 \u00e0 la photographie \u00e0 Marseille","article_modified_time":"2023-12-29T15:15:43+00:00","og_image":[{"width":798,"height":1200,"url":"https:\/\/www.legaragephotographie.com\/wp-content\/uploads\/2023\/12\/Ceux-qui-restent_William-Guidarini_03.jpg","type":"image\/jpeg"}],"twitter_card":"summary_large_image","twitter_misc":{"Dur\u00e9e de lecture estim\u00e9e":"1 minute"},"schema":{"@context":"https:\/\/schema.org","@graph":[{"@type":"WebPage","@id":"https:\/\/www.legaragephotographie.com\/index.php\/william-guidarini\/","url":"https:\/\/www.legaragephotographie.com\/index.php\/william-guidarini\/","name":"William Guidarini - Le Garage Photographie, un lieu d\u00e9di\u00e9 \u00e0 la photographie \u00e0 Marseille","isPartOf":{"@id":"https:\/\/www.legaragephotographie.com\/#website"},"primaryImageOfPage":{"@id":"https:\/\/www.legaragephotographie.com\/index.php\/william-guidarini\/#primaryimage"},"image":{"@id":"https:\/\/www.legaragephotographie.com\/index.php\/william-guidarini\/#primaryimage"},"thumbnailUrl":"https:\/\/www.legaragephotographie.com\/wp-content\/uploads\/2023\/12\/Ceux-qui-restent_William-Guidarini_03-681x1024.jpg","datePublished":"2023-12-29T14:41:03+00:00","dateModified":"2023-12-29T15:15:43+00:00","breadcrumb":{"@id":"https:\/\/www.legaragephotographie.com\/index.php\/william-guidarini\/#breadcrumb"},"inLanguage":"fr-FR","potentialAction":[{"@type":"ReadAction","target":["https:\/\/www.legaragephotographie.com\/index.php\/william-guidarini\/"]}]},{"@type":"ImageObject","inLanguage":"fr-FR","@id":"https:\/\/www.legaragephotographie.com\/index.php\/william-guidarini\/#primaryimage","url":"https:\/\/www.legaragephotographie.com\/wp-content\/uploads\/2023\/12\/Ceux-qui-restent_William-Guidarini_03.jpg","contentUrl":"https:\/\/www.legaragephotographie.com\/wp-content\/uploads\/2023\/12\/Ceux-qui-restent_William-Guidarini_03.jpg","width":798,"height":1200,"caption":"Ceux qui restent - William Guidarini"},{"@type":"BreadcrumbList","@id":"https:\/\/www.legaragephotographie.com\/index.php\/william-guidarini\/#breadcrumb","itemListElement":[{"@type":"ListItem","position":1,"name":"Accueil","item":"https:\/\/www.legaragephotographie.com\/"},{"@type":"ListItem","position":2,"name":"William Guidarini"}]},{"@type":"WebSite","@id":"https:\/\/www.legaragephotographie.com\/#website","url":"https:\/\/www.legaragephotographie.com\/","name":"Le Garage Photographie, un lieu d\u00e9di\u00e9 \u00e0 la photographie \u00e0 Marseille","description":"Stages et cours photo \u00e0 Marseille","potentialAction":[{"@type":"SearchAction","target":{"@type":"EntryPoint","urlTemplate":"https:\/\/www.legaragephotographie.com\/?s={search_term_string}"},"query-input":{"@type":"PropertyValueSpecification","valueRequired":true,"valueName":"search_term_string"}}],"inLanguage":"fr-FR"}]}},"jetpack_likes_enabled":true,"jetpack_sharing_enabled":true,"_links":{"self":[{"href":"https:\/\/www.legaragephotographie.com\/index.php\/wp-json\/wp\/v2\/pages\/806","targetHints":{"allow":["GET"]}}],"collection":[{"href":"https:\/\/www.legaragephotographie.com\/index.php\/wp-json\/wp\/v2\/pages"}],"about":[{"href":"https:\/\/www.legaragephotographie.com\/index.php\/wp-json\/wp\/v2\/types\/page"}],"author":[{"embeddable":true,"href":"https:\/\/www.legaragephotographie.com\/index.php\/wp-json\/wp\/v2\/users\/1"}],"replies":[{"embeddable":true,"href":"https:\/\/www.legaragephotographie.com\/index.php\/wp-json\/wp\/v2\/comments?post=806"}],"version-history":[{"count":19,"href":"https:\/\/www.legaragephotographie.com\/index.php\/wp-json\/wp\/v2\/pages\/806\/revisions"}],"predecessor-version":[{"id":839,"href":"https:\/\/www.legaragephotographie.com\/index.php\/wp-json\/wp\/v2\/pages\/806\/revisions\/839"}],"wp:attachment":[{"href":"https:\/\/www.legaragephotographie.com\/index.php\/wp-json\/wp\/v2\/media?parent=806"}],"curies":[{"name":"wp","href":"https:\/\/api.w.org\/{rel}","templated":true}]}}