{"id":774,"date":"2023-12-29T15:06:11","date_gmt":"2023-12-29T14:06:11","guid":{"rendered":"https:\/\/www.legaragephotographie.com\/?page_id=774"},"modified":"2025-10-05T11:14:29","modified_gmt":"2025-10-05T09:14:29","slug":"lionel-briot-2016","status":"publish","type":"page","link":"https:\/\/www.legaragephotographie.com\/index.php\/lionel-briot-2016\/","title":{"rendered":"Lionel Briot &#8211; 2016"},"content":{"rendered":"\t\t<div data-elementor-type=\"wp-page\" data-elementor-id=\"774\" class=\"elementor elementor-774\" data-elementor-post-type=\"page\">\n\t\t\t\t<div class=\"elementor-element elementor-element-d947bc5 e-flex e-con-boxed e-con e-parent\" data-id=\"d947bc5\" data-element_type=\"container\" data-e-type=\"container\">\n\t\t\t\t\t<div class=\"e-con-inner\">\n\t\t\t\t<div class=\"elementor-element elementor-element-b078742 elementor-widget elementor-widget-heading\" data-id=\"b078742\" data-element_type=\"widget\" data-e-type=\"widget\" data-widget_type=\"heading.default\">\n\t\t\t\t<div class=\"elementor-widget-container\">\n\t\t\t\t\t<h2 class=\"elementor-heading-title elementor-size-large\">Lionel Briot\n2016<\/h2>\t\t\t\t<\/div>\n\t\t\t\t<\/div>\n\t\t\t\t\t<\/div>\n\t\t\t\t<\/div>\n\t\t<div class=\"elementor-element elementor-element-671b542 e-flex e-con-boxed e-con e-parent\" data-id=\"671b542\" data-element_type=\"container\" data-e-type=\"container\">\n\t\t\t\t\t<div class=\"e-con-inner\">\n\t\t<div class=\"elementor-element elementor-element-13c33ae e-con-full e-flex e-con e-child\" data-id=\"13c33ae\" data-element_type=\"container\" data-e-type=\"container\">\n\t\t\t\t<div class=\"elementor-element elementor-element-6b111ce elementor-widget elementor-widget-heading\" data-id=\"6b111ce\" data-element_type=\"widget\" data-e-type=\"widget\" data-widget_type=\"heading.default\">\n\t\t\t\t<div class=\"elementor-widget-container\">\n\t\t\t\t\t<h2 class=\"elementor-heading-title elementor-size-default\">V\u00c9LODROME LE DOUZI\u00c8ME HOMME<\/h2>\t\t\t\t<\/div>\n\t\t\t\t<\/div>\n\t\t\t\t<div class=\"elementor-element elementor-element-dc1e5ff elementor-widget__width-initial elementor-widget elementor-widget-text-editor\" data-id=\"dc1e5ff\" data-element_type=\"widget\" data-e-type=\"widget\" data-widget_type=\"text-editor.default\">\n\t\t\t\t<div class=\"elementor-widget-container\">\n\t\t\t\t\t\t\t\t\t<p>A\u00a0la fin des ann\u00e9es 90, Lionel Briot fr\u00e9quente \u00ab\u00a0le V\u00e9lodrome\u00a0\u00bb.\u00a0Au contact des supporters, il tourne le dos au match, fascin\u00e9 par l\u2019hyst\u00e9rie collective. Il circule \u00e0 l\u2019int\u00e9rieur de l\u2019enceinte, effectue des d\u00e9placements avec les supporters, en France comme \u00e0 l\u2019\u00e9tranger.\u00a0En se rendant invisible par ce qu\u2019il est un des leurs, il photographie au plus pr\u00e8s des supporters, durant des ann\u00e9es (de 1996 \u00e0 2002).<br \/>Un travail photographique r\u00e9alis\u00e9 dans l\u2019\u00e9motion, la rage, et le d\u00e9fi personnel.<br \/>C\u2019est devenu aujourd\u2019hui un t\u00e9moignage.<\/p><p>Lionel Briot fait ses premi\u00e8res photos \u00e0 15 ans avec un Nikkormat. Il se nourrit depuis toujours de photographie notamment les auteurs am\u00e9ricains des ann\u00e9es 70 (Avedon, Penn, Frank) et aussi du cin\u00e9ma de cette p\u00e9riode (Cimino, Kubrik, Scorsese). C\u2019est un \u00eatre sensible, curieux, \u00e9corch\u00e9, autodidacte et \u00e9duqu\u00e9 par la vie. Apr\u00e8s avoir exerc\u00e9 divers m\u00e9tiers au cours de ses nombreux voyages, il se lance dans la photographie au d\u00e9but des ann\u00e9es 90. Aussit\u00f4t happ\u00e9 par le corporate, le photoreportage et la mode, il r\u00e9alise de multiples commandes publicitaires et institutionnelles et collabore avec de nombreux journaux et magazines (Le Monde, Lib\u00e9ration, T\u00e9l\u00e9rama) dans les ann\u00e9es 2000. Il d\u00e9veloppe tr\u00e8s t\u00f4t un travail d\u2019auteur sensible autour de l\u2019\u00eatre humain. Ses images, en prise avec le r\u00e9el, nous accrochent par leur force narrative et leur humanisme. C\u2019est un photographe de contact au plus pr\u00e8s de ses sujets qu\u2019il r\u00e9v\u00e8le dans leur plus profonde v\u00e9rit\u00e9, avec pour seule partition un m\u00e9lange singulier de sinc\u00e9rit\u00e9, d\u2019humilit\u00e9 et de pudeur.<\/p><p><em>Projet de r\u00e9sidence finalis\u00e9 par une exposition \u00e0 Marseille en 2016 (Friche La Belle de Mai) et un livre chez Arnaud Bizalion Editeur.<\/em><\/p>\t\t\t\t\t\t\t\t<\/div>\n\t\t\t\t<\/div>\n\t\t\t\t<div class=\"elementor-element elementor-element-9664e9b elementor-button-success elementor-align-center elementor-widget elementor-widget-button\" data-id=\"9664e9b\" data-element_type=\"widget\" data-e-type=\"widget\" data-widget_type=\"button.default\">\n\t\t\t\t<div class=\"elementor-widget-container\">\n\t\t\t\t\t\t\t\t\t<div class=\"elementor-button-wrapper\">\n\t\t\t\t\t<a class=\"elementor-button elementor-button-link elementor-size-sm\" href=\"https:\/\/www.legaragephotographie.com\/index.php\/produit\/marseille-didier-ben-loulou\/\">\n\t\t\t\t\t\t<span class=\"elementor-button-content-wrapper\">\n\t\t\t\t\t\t\t\t\t<span class=\"elementor-button-text\">Achetez le livre<\/span>\n\t\t\t\t\t<\/span>\n\t\t\t\t\t<\/a>\n\t\t\t\t<\/div>\n\t\t\t\t\t\t\t\t<\/div>\n\t\t\t\t<\/div>\n\t\t\t\t<div class=\"elementor-element elementor-element-89d2646 elementor-widget elementor-widget-video\" data-id=\"89d2646\" data-element_type=\"widget\" data-e-type=\"widget\" data-settings=\"{&quot;youtube_url&quot;:&quot;https:\\\/\\\/youtu.be\\\/XbUZpvwPwhY&quot;,&quot;video_type&quot;:&quot;youtube&quot;,&quot;controls&quot;:&quot;yes&quot;}\" data-widget_type=\"video.default\">\n\t\t\t\t<div class=\"elementor-widget-container\">\n\t\t\t\t\t\t\t<div class=\"elementor-wrapper elementor-open-inline\">\n\t\t\t<div class=\"elementor-video\"><\/div>\t\t<\/div>\n\t\t\t\t\t\t<\/div>\n\t\t\t\t<\/div>\n\t\t\t\t<\/div>\n\t\t<div class=\"elementor-element elementor-element-3b459c6 e-con-full e-flex e-con e-child\" data-id=\"3b459c6\" data-element_type=\"container\" data-e-type=\"container\">\n\t\t\t\t<div class=\"elementor-element elementor-element-c11e6ee elementor-widget elementor-widget-image\" data-id=\"c11e6ee\" data-element_type=\"widget\" data-e-type=\"widget\" data-widget_type=\"image.default\">\n\t\t\t\t<div class=\"elementor-widget-container\">\n\t\t\t\t\t\t\t\t\t\t\t\t\t\t\t<img fetchpriority=\"high\" decoding=\"async\" width=\"1024\" height=\"678\" src=\"https:\/\/www.legaragephotographie.com\/wp-content\/uploads\/2023\/12\/VELODROME-le-douzieme-homme-lionel-briot-le-garage-photographie_03-1024x678.png\" class=\"attachment-large size-large wp-image-628\" alt=\"\" srcset=\"https:\/\/www.legaragephotographie.com\/wp-content\/uploads\/2023\/12\/VELODROME-le-douzieme-homme-lionel-briot-le-garage-photographie_03-1024x678.png 1024w, https:\/\/www.legaragephotographie.com\/wp-content\/uploads\/2023\/12\/VELODROME-le-douzieme-homme-lionel-briot-le-garage-photographie_03-300x199.png 300w, https:\/\/www.legaragephotographie.com\/wp-content\/uploads\/2023\/12\/VELODROME-le-douzieme-homme-lionel-briot-le-garage-photographie_03-768x509.png 768w, https:\/\/www.legaragephotographie.com\/wp-content\/uploads\/2023\/12\/VELODROME-le-douzieme-homme-lionel-briot-le-garage-photographie_03-600x397.png 600w, https:\/\/www.legaragephotographie.com\/wp-content\/uploads\/2023\/12\/VELODROME-le-douzieme-homme-lionel-briot-le-garage-photographie_03.png 1084w\" sizes=\"(max-width: 1024px) 100vw, 1024px\" \/>\t\t\t\t\t\t\t\t\t\t\t\t\t\t\t<\/div>\n\t\t\t\t<\/div>\n\t\t\t\t<div class=\"elementor-element elementor-element-e63409b elementor-widget__width-inherit elementor-widget elementor-widget-image-carousel\" data-id=\"e63409b\" data-element_type=\"widget\" data-e-type=\"widget\" data-settings=\"{&quot;navigation&quot;:&quot;none&quot;,&quot;speed&quot;:700,&quot;slides_to_show&quot;:&quot;2&quot;,&quot;autoplay_speed&quot;:2000,&quot;autoplay&quot;:&quot;yes&quot;,&quot;pause_on_hover&quot;:&quot;yes&quot;,&quot;pause_on_interaction&quot;:&quot;yes&quot;,&quot;infinite&quot;:&quot;yes&quot;}\" data-widget_type=\"image-carousel.default\">\n\t\t\t\t<div class=\"elementor-widget-container\">\n\t\t\t\t\t\t\t<div class=\"elementor-image-carousel-wrapper swiper\" role=\"region\" aria-roledescription=\"carousel\" aria-label=\"Carrousel d\u2019images\" dir=\"ltr\">\n\t\t\t<div class=\"elementor-image-carousel swiper-wrapper\" aria-live=\"off\">\n\t\t\t\t\t\t\t\t<div class=\"swiper-slide\" role=\"group\" aria-roledescription=\"slide\" aria-label=\"1 sur 5\"><figure class=\"swiper-slide-inner\"><img decoding=\"async\" class=\"swiper-slide-image\" src=\"https:\/\/www.legaragephotographie.com\/wp-content\/uploads\/2023\/12\/VELODROME-le-douzieme-homme-lionel-briot-le-garage-photographie_05-300x199.png\" alt=\"VELODROME-le-douzieme-homme-lionel-briot-le-garage-photographie_05\" \/><\/figure><\/div><div class=\"swiper-slide\" role=\"group\" aria-roledescription=\"slide\" aria-label=\"2 sur 5\"><figure class=\"swiper-slide-inner\"><img decoding=\"async\" class=\"swiper-slide-image\" src=\"https:\/\/www.legaragephotographie.com\/wp-content\/uploads\/2023\/12\/VELODROME-le-douzieme-homme-lionel-briot-le-garage-photographie_06-300x198.png\" alt=\"VELODROME-le-douzieme-homme-lionel-briot-le-garage-photographie_06\" \/><\/figure><\/div><div class=\"swiper-slide\" role=\"group\" aria-roledescription=\"slide\" aria-label=\"3 sur 5\"><figure class=\"swiper-slide-inner\"><img decoding=\"async\" class=\"swiper-slide-image\" src=\"https:\/\/www.legaragephotographie.com\/wp-content\/uploads\/2023\/12\/VELODROME-le-douzieme-homme-lionel-briot-le-garage-photographie_01-300x198.png\" alt=\"VELODROME-le-douzieme-homme-lionel-briot-le-garage-photographie_01\" \/><\/figure><\/div><div class=\"swiper-slide\" role=\"group\" aria-roledescription=\"slide\" aria-label=\"4 sur 5\"><figure class=\"swiper-slide-inner\"><img decoding=\"async\" class=\"swiper-slide-image\" src=\"https:\/\/www.legaragephotographie.com\/wp-content\/uploads\/2023\/12\/VELODROME-le-douzieme-homme-lionel-briot-le-garage-photographie_10-300x197.png\" alt=\"V\u00e9lodrome OM - Lionel Briot\" \/><\/figure><\/div><div class=\"swiper-slide\" role=\"group\" aria-roledescription=\"slide\" aria-label=\"5 sur 5\"><figure class=\"swiper-slide-inner\"><img decoding=\"async\" class=\"swiper-slide-image\" src=\"https:\/\/www.legaragephotographie.com\/wp-content\/uploads\/2023\/12\/LB\u00a9WG-2892-300x300.jpg\" alt=\"Lionel Briot - Le Garage Photographie\" \/><\/figure><\/div>\t\t\t<\/div>\n\t\t\t\t\t\t\t\n\t\t\t\t\t\t\t\t\t<\/div>\n\t\t\t\t\t\t<\/div>\n\t\t\t\t<\/div>\n\t\t\t\t<div class=\"elementor-element elementor-element-a45c54c elementor-widget elementor-widget-image\" data-id=\"a45c54c\" data-element_type=\"widget\" data-e-type=\"widget\" data-widget_type=\"image.default\">\n\t\t\t\t<div class=\"elementor-widget-container\">\n\t\t\t\t\t\t\t\t\t\t\t\t\t\t\t<img decoding=\"async\" src=\"https:\/\/www.legaragephotographie.com\/wp-content\/uploads\/elementor\/thumbs\/VIsuel-couv-VELODROME-qhfdnbbctdfekxo2jjs7wms2zmbyqm8mml31ltmfew.png\" title=\"VIsuel-couv-VELODROME\" alt=\"V\u00e9lodrome OM - Lionel Briot\" loading=\"lazy\" \/>\t\t\t\t\t\t\t\t\t\t\t\t\t\t\t<\/div>\n\t\t\t\t<\/div>\n\t\t\t\t<\/div>\n\t\t\t\t\t<\/div>\n\t\t\t\t<\/div>\n\t\t<div class=\"elementor-element elementor-element-600f02b e-flex e-con-boxed e-con e-parent\" data-id=\"600f02b\" data-element_type=\"container\" data-e-type=\"container\">\n\t\t\t\t\t<div class=\"e-con-inner\">\n\t\t<div class=\"elementor-element elementor-element-908b4d6 e-con-full e-flex e-con e-child\" data-id=\"908b4d6\" data-element_type=\"container\" data-e-type=\"container\">\n\t\t\t\t<div class=\"elementor-element elementor-element-20e3b70 elementor-widget elementor-widget-image\" data-id=\"20e3b70\" data-element_type=\"widget\" data-e-type=\"widget\" data-widget_type=\"image.default\">\n\t\t\t\t<div class=\"elementor-widget-container\">\n\t\t\t\t\t\t\t\t\t\t\t\t<figure class=\"wp-caption\">\n\t\t\t\t\t\t\t\t\t\t\t<a href=\"https:\/\/www.legaragephotographie.com\/index.php\/philippe-dollo-2024-2027\/\">\n\t\t\t\t\t\t\t<img decoding=\"async\" width=\"1024\" height=\"1024\" src=\"https:\/\/www.legaragephotographie.com\/wp-content\/uploads\/2023\/12\/IMG_2786-1024x1024.jpg\" class=\"attachment-large size-large wp-image-75\" alt=\"Philippe Dollo - Le Garage Photographie\" srcset=\"https:\/\/www.legaragephotographie.com\/wp-content\/uploads\/2023\/12\/IMG_2786-1024x1024.jpg 1024w, https:\/\/www.legaragephotographie.com\/wp-content\/uploads\/2023\/12\/IMG_2786-300x300.jpg 300w, https:\/\/www.legaragephotographie.com\/wp-content\/uploads\/2023\/12\/IMG_2786-100x100.jpg 100w, https:\/\/www.legaragephotographie.com\/wp-content\/uploads\/2023\/12\/IMG_2786-600x600.jpg 600w, https:\/\/www.legaragephotographie.com\/wp-content\/uploads\/2023\/12\/IMG_2786-150x150.jpg 150w, https:\/\/www.legaragephotographie.com\/wp-content\/uploads\/2023\/12\/IMG_2786-768x768.jpg 768w, https:\/\/www.legaragephotographie.com\/wp-content\/uploads\/2023\/12\/IMG_2786-1536x1536.jpg 1536w, https:\/\/www.legaragephotographie.com\/wp-content\/uploads\/2023\/12\/IMG_2786-2048x2048.jpg 2048w\" sizes=\"(max-width: 1024px) 100vw, 1024px\" \/>\t\t\t\t\t\t\t\t<\/a>\n\t\t\t\t\t\t\t\t\t\t\t<figcaption class=\"widget-image-caption wp-caption-text\">Philippe Dollo - \u00c0 partir de 2024<\/figcaption>\n\t\t\t\t\t\t\t\t\t\t<\/figure>\n\t\t\t\t\t\t\t\t\t<\/div>\n\t\t\t\t<\/div>\n\t\t\t\t<\/div>\n\t\t<div class=\"elementor-element elementor-element-fed0bb5 e-con-full e-flex e-con e-child\" data-id=\"fed0bb5\" data-element_type=\"container\" data-e-type=\"container\">\n\t\t\t\t<div class=\"elementor-element elementor-element-03d7f13 elementor-widget elementor-widget-image\" data-id=\"03d7f13\" data-element_type=\"widget\" data-e-type=\"widget\" data-widget_type=\"image.default\">\n\t\t\t\t<div class=\"elementor-widget-container\">\n\t\t\t\t\t\t\t\t\t\t\t\t<figure class=\"wp-caption\">\n\t\t\t\t\t\t\t\t\t\t\t<a href=\"https:\/\/www.legaragephotographie.com\/index.php\/anne-sophie-costenoble-2019-2023\/\">\n\t\t\t\t\t\t\t<img decoding=\"async\" width=\"1024\" height=\"1024\" src=\"https:\/\/www.legaragephotographie.com\/wp-content\/uploads\/2024\/01\/Anne-Sophie-Costenoble-_-Copyright-Andre-Delvigne-1024x1024.jpg\" class=\"attachment-large size-large wp-image-1349\" alt=\"\" srcset=\"https:\/\/www.legaragephotographie.com\/wp-content\/uploads\/2024\/01\/Anne-Sophie-Costenoble-_-Copyright-Andre-Delvigne-1024x1024.jpg 1024w, https:\/\/www.legaragephotographie.com\/wp-content\/uploads\/2024\/01\/Anne-Sophie-Costenoble-_-Copyright-Andre-Delvigne-300x300.jpg 300w, https:\/\/www.legaragephotographie.com\/wp-content\/uploads\/2024\/01\/Anne-Sophie-Costenoble-_-Copyright-Andre-Delvigne-150x150.jpg 150w, https:\/\/www.legaragephotographie.com\/wp-content\/uploads\/2024\/01\/Anne-Sophie-Costenoble-_-Copyright-Andre-Delvigne-768x768.jpg 768w, https:\/\/www.legaragephotographie.com\/wp-content\/uploads\/2024\/01\/Anne-Sophie-Costenoble-_-Copyright-Andre-Delvigne-1536x1536.jpg 1536w, https:\/\/www.legaragephotographie.com\/wp-content\/uploads\/2024\/01\/Anne-Sophie-Costenoble-_-Copyright-Andre-Delvigne-2048x2048.jpg 2048w, https:\/\/www.legaragephotographie.com\/wp-content\/uploads\/2024\/01\/Anne-Sophie-Costenoble-_-Copyright-Andre-Delvigne-600x600.jpg 600w, https:\/\/www.legaragephotographie.com\/wp-content\/uploads\/2024\/01\/Anne-Sophie-Costenoble-_-Copyright-Andre-Delvigne-100x100.jpg 100w\" sizes=\"(max-width: 1024px) 100vw, 1024px\" \/>\t\t\t\t\t\t\t\t<\/a>\n\t\t\t\t\t\t\t\t\t\t\t<figcaption class=\"widget-image-caption wp-caption-text\">Anne-Sophie Costenoble 2020\/2023<\/figcaption>\n\t\t\t\t\t\t\t\t\t\t<\/figure>\n\t\t\t\t\t\t\t\t\t<\/div>\n\t\t\t\t<\/div>\n\t\t\t\t<\/div>\n\t\t<div class=\"elementor-element elementor-element-16dd229 e-con-full e-flex e-con e-child\" data-id=\"16dd229\" data-element_type=\"container\" data-e-type=\"container\">\n\t\t\t\t<div class=\"elementor-element elementor-element-64cdcbe elementor-widget elementor-widget-image\" data-id=\"64cdcbe\" data-element_type=\"widget\" data-e-type=\"widget\" data-widget_type=\"image.default\">\n\t\t\t\t<div class=\"elementor-widget-container\">\n\t\t\t\t\t\t\t\t\t\t\t\t<figure class=\"wp-caption\">\n\t\t\t\t\t\t\t\t\t\t\t<a href=\"https:\/\/www.legaragephotographie.com\/index.php\/margret-hoppe-2017-2020\/\">\n\t\t\t\t\t\t\t<img loading=\"lazy\" decoding=\"async\" width=\"800\" height=\"800\" src=\"https:\/\/www.legaragephotographie.com\/wp-content\/uploads\/2024\/01\/MARGRET_PORTRAIT_SCAN-9.jpg\" class=\"attachment-large size-large wp-image-1051\" alt=\"Margret Hoppe - Le Garage Photographie\" srcset=\"https:\/\/www.legaragephotographie.com\/wp-content\/uploads\/2024\/01\/MARGRET_PORTRAIT_SCAN-9.jpg 800w, https:\/\/www.legaragephotographie.com\/wp-content\/uploads\/2024\/01\/MARGRET_PORTRAIT_SCAN-9-300x300.jpg 300w, https:\/\/www.legaragephotographie.com\/wp-content\/uploads\/2024\/01\/MARGRET_PORTRAIT_SCAN-9-150x150.jpg 150w, https:\/\/www.legaragephotographie.com\/wp-content\/uploads\/2024\/01\/MARGRET_PORTRAIT_SCAN-9-768x768.jpg 768w, https:\/\/www.legaragephotographie.com\/wp-content\/uploads\/2024\/01\/MARGRET_PORTRAIT_SCAN-9-600x600.jpg 600w, https:\/\/www.legaragephotographie.com\/wp-content\/uploads\/2024\/01\/MARGRET_PORTRAIT_SCAN-9-100x100.jpg 100w\" sizes=\"(max-width: 800px) 100vw, 800px\" \/>\t\t\t\t\t\t\t\t<\/a>\n\t\t\t\t\t\t\t\t\t\t\t<figcaption class=\"widget-image-caption wp-caption-text\">Margret Hoppe 2017\/2019<\/figcaption>\n\t\t\t\t\t\t\t\t\t\t<\/figure>\n\t\t\t\t\t\t\t\t\t<\/div>\n\t\t\t\t<\/div>\n\t\t\t\t<\/div>\n\t\t<div class=\"elementor-element elementor-element-498a2bb e-con-full e-flex e-con e-child\" data-id=\"498a2bb\" data-element_type=\"container\" data-e-type=\"container\">\n\t\t\t\t<div class=\"elementor-element elementor-element-4b6d29b elementor-widget elementor-widget-image\" data-id=\"4b6d29b\" data-element_type=\"widget\" data-e-type=\"widget\" data-widget_type=\"image.default\">\n\t\t\t\t<div class=\"elementor-widget-container\">\n\t\t\t\t\t\t\t\t\t\t\t\t<figure class=\"wp-caption\">\n\t\t\t\t\t\t\t\t\t\t<img loading=\"lazy\" decoding=\"async\" width=\"1024\" height=\"1024\" src=\"https:\/\/www.legaragephotographie.com\/wp-content\/uploads\/2023\/12\/DSCF4742-6-1024x1024.jpg\" class=\"attachment-large size-large wp-image-70\" alt=\"Klavdij Sluban - Le Garage Photographie\" srcset=\"https:\/\/www.legaragephotographie.com\/wp-content\/uploads\/2023\/12\/DSCF4742-6-1024x1024.jpg 1024w, https:\/\/www.legaragephotographie.com\/wp-content\/uploads\/2023\/12\/DSCF4742-6-300x300.jpg 300w, https:\/\/www.legaragephotographie.com\/wp-content\/uploads\/2023\/12\/DSCF4742-6-100x100.jpg 100w, https:\/\/www.legaragephotographie.com\/wp-content\/uploads\/2023\/12\/DSCF4742-6-600x600.jpg 600w, https:\/\/www.legaragephotographie.com\/wp-content\/uploads\/2023\/12\/DSCF4742-6-150x150.jpg 150w, https:\/\/www.legaragephotographie.com\/wp-content\/uploads\/2023\/12\/DSCF4742-6-768x768.jpg 768w, https:\/\/www.legaragephotographie.com\/wp-content\/uploads\/2023\/12\/DSCF4742-6.jpg 1200w\" sizes=\"(max-width: 1024px) 100vw, 1024px\" \/>\t\t\t\t\t\t\t\t\t\t\t<figcaption class=\"widget-image-caption wp-caption-text\">Klavdij Sluban 2015\/2017<\/figcaption>\n\t\t\t\t\t\t\t\t\t\t<\/figure>\n\t\t\t\t\t\t\t\t\t<\/div>\n\t\t\t\t<\/div>\n\t\t\t\t<\/div>\n\t\t\t\t\t<\/div>\n\t\t\t\t<\/div>\n\t\t<div class=\"elementor-element elementor-element-e9b26f1 e-flex e-con-boxed e-con e-parent\" data-id=\"e9b26f1\" data-element_type=\"container\" data-e-type=\"container\">\n\t\t\t\t\t<div class=\"e-con-inner\">\n\t\t<div class=\"elementor-element elementor-element-e03ac75 e-con-full e-flex e-con e-child\" data-id=\"e03ac75\" data-element_type=\"container\" data-e-type=\"container\">\n\t\t\t\t<div class=\"elementor-element elementor-element-b92621d elementor-widget elementor-widget-image\" data-id=\"b92621d\" data-element_type=\"widget\" data-e-type=\"widget\" data-widget_type=\"image.default\">\n\t\t\t\t<div class=\"elementor-widget-container\">\n\t\t\t\t\t\t\t\t\t\t\t\t<figure class=\"wp-caption\">\n\t\t\t\t\t\t\t\t\t\t\t<a href=\"https:\/\/www.legaragephotographie.com\/index.php\/cecile-menendez\/\">\n\t\t\t\t\t\t\t<img loading=\"lazy\" decoding=\"async\" width=\"1024\" height=\"1024\" src=\"https:\/\/www.legaragephotographie.com\/wp-content\/uploads\/2023\/12\/le-garage-photographie-portrait-cecile-menendezHD_01-1024x1024.jpg\" class=\"attachment-large size-large wp-image-72\" alt=\"C\u00e9cile Menendez - Le Garage Photographie\" srcset=\"https:\/\/www.legaragephotographie.com\/wp-content\/uploads\/2023\/12\/le-garage-photographie-portrait-cecile-menendezHD_01-1024x1024.jpg 1024w, https:\/\/www.legaragephotographie.com\/wp-content\/uploads\/2023\/12\/le-garage-photographie-portrait-cecile-menendezHD_01-300x300.jpg 300w, https:\/\/www.legaragephotographie.com\/wp-content\/uploads\/2023\/12\/le-garage-photographie-portrait-cecile-menendezHD_01-scaled-100x100.jpg 100w, https:\/\/www.legaragephotographie.com\/wp-content\/uploads\/2023\/12\/le-garage-photographie-portrait-cecile-menendezHD_01-scaled-600x600.jpg 600w, https:\/\/www.legaragephotographie.com\/wp-content\/uploads\/2023\/12\/le-garage-photographie-portrait-cecile-menendezHD_01-150x150.jpg 150w, https:\/\/www.legaragephotographie.com\/wp-content\/uploads\/2023\/12\/le-garage-photographie-portrait-cecile-menendezHD_01-768x768.jpg 768w, https:\/\/www.legaragephotographie.com\/wp-content\/uploads\/2023\/12\/le-garage-photographie-portrait-cecile-menendezHD_01-1536x1536.jpg 1536w, https:\/\/www.legaragephotographie.com\/wp-content\/uploads\/2023\/12\/le-garage-photographie-portrait-cecile-menendezHD_01-2048x2048.jpg 2048w\" sizes=\"(max-width: 1024px) 100vw, 1024px\" \/>\t\t\t\t\t\t\t\t<\/a>\n\t\t\t\t\t\t\t\t\t\t\t<figcaption class=\"widget-image-caption wp-caption-text\">C\u00e9cile Menendez 2016\/2017<\/figcaption>\n\t\t\t\t\t\t\t\t\t\t<\/figure>\n\t\t\t\t\t\t\t\t\t<\/div>\n\t\t\t\t<\/div>\n\t\t\t\t<\/div>\n\t\t<div class=\"elementor-element elementor-element-6e6f07b e-con-full e-flex e-con e-child\" data-id=\"6e6f07b\" data-element_type=\"container\" data-e-type=\"container\">\n\t\t\t\t<div class=\"elementor-element elementor-element-4e12c47 elementor-widget elementor-widget-image\" data-id=\"4e12c47\" data-element_type=\"widget\" data-e-type=\"widget\" data-widget_type=\"image.default\">\n\t\t\t\t<div class=\"elementor-widget-container\">\n\t\t\t\t\t\t\t\t\t\t\t\t<figure class=\"wp-caption\">\n\t\t\t\t\t\t\t\t\t\t\t<a href=\"https:\/\/www.legaragephotographie.com\/index.php\/didier-ben-loulou-2012-2014\/\">\n\t\t\t\t\t\t\t<img loading=\"lazy\" decoding=\"async\" width=\"600\" height=\"600\" src=\"https:\/\/www.legaragephotographie.com\/wp-content\/uploads\/2023\/12\/Didier-ben-lou-lou-par-Lionel-Briot__01.jpg\" class=\"attachment-large size-large wp-image-74\" alt=\"Didier Ben Loulou - Le Garage Photographie\" srcset=\"https:\/\/www.legaragephotographie.com\/wp-content\/uploads\/2023\/12\/Didier-ben-lou-lou-par-Lionel-Briot__01.jpg 600w, https:\/\/www.legaragephotographie.com\/wp-content\/uploads\/2023\/12\/Didier-ben-lou-lou-par-Lionel-Briot__01-300x300.jpg 300w, https:\/\/www.legaragephotographie.com\/wp-content\/uploads\/2023\/12\/Didier-ben-lou-lou-par-Lionel-Briot__01-100x100.jpg 100w, https:\/\/www.legaragephotographie.com\/wp-content\/uploads\/2023\/12\/Didier-ben-lou-lou-par-Lionel-Briot__01-150x150.jpg 150w\" sizes=\"(max-width: 600px) 100vw, 600px\" \/>\t\t\t\t\t\t\t\t<\/a>\n\t\t\t\t\t\t\t\t\t\t\t<figcaption class=\"widget-image-caption wp-caption-text\">Didier Ben Loulou 2012\/2014<\/figcaption>\n\t\t\t\t\t\t\t\t\t\t<\/figure>\n\t\t\t\t\t\t\t\t\t<\/div>\n\t\t\t\t<\/div>\n\t\t\t\t<\/div>\n\t\t<div class=\"elementor-element elementor-element-088d6f5 e-con-full e-flex e-con e-child\" data-id=\"088d6f5\" data-element_type=\"container\" data-e-type=\"container\">\n\t\t\t\t<\/div>\n\t\t<div class=\"elementor-element elementor-element-4ccd1ab e-con-full e-flex e-con e-child\" data-id=\"4ccd1ab\" data-element_type=\"container\" data-e-type=\"container\">\n\t\t\t\t<\/div>\n\t\t\t\t\t<\/div>\n\t\t\t\t<\/div>\n\t\t\t\t<\/div>\n\t\t","protected":false},"excerpt":{"rendered":"<p>Lionel Briot 2016 V\u00c9LODROME LE DOUZI\u00c8ME HOMME A\u00a0la fin des ann\u00e9es 90, Lionel Briot fr\u00e9quente \u00ab\u00a0le V\u00e9lodrome\u00a0\u00bb.\u00a0Au contact des supporters, il tourne le dos au match, fascin\u00e9 par l\u2019hyst\u00e9rie collective. Il circule \u00e0 l\u2019int\u00e9rieur de l\u2019enceinte, effectue des d\u00e9placements avec les supporters, en France comme \u00e0 l\u2019\u00e9tranger.\u00a0En se rendant invisible par ce qu\u2019il est un [&hellip;]<\/p>\n","protected":false},"author":1,"featured_media":0,"parent":0,"menu_order":0,"comment_status":"closed","ping_status":"closed","template":"elementor_header_footer","meta":{"ocean_post_layout":"","ocean_both_sidebars_style":"","ocean_both_sidebars_content_width":0,"ocean_both_sidebars_sidebars_width":0,"ocean_sidebar":"","ocean_second_sidebar":"","ocean_disable_margins":"enable","ocean_add_body_class":"","ocean_shortcode_before_top_bar":"","ocean_shortcode_after_top_bar":"","ocean_shortcode_before_header":"","ocean_shortcode_after_header":"","ocean_has_shortcode":"","ocean_shortcode_after_title":"","ocean_shortcode_before_footer_widgets":"","ocean_shortcode_after_footer_widgets":"","ocean_shortcode_before_footer_bottom":"","ocean_shortcode_after_footer_bottom":"","ocean_display_top_bar":"default","ocean_display_header":"default","ocean_header_style":"","ocean_center_header_left_menu":"","ocean_custom_header_template":"","ocean_custom_logo":0,"ocean_custom_retina_logo":0,"ocean_custom_logo_max_width":0,"ocean_custom_logo_tablet_max_width":0,"ocean_custom_logo_mobile_max_width":0,"ocean_custom_logo_max_height":0,"ocean_custom_logo_tablet_max_height":0,"ocean_custom_logo_mobile_max_height":0,"ocean_header_custom_menu":"","ocean_menu_typo_font_family":"","ocean_menu_typo_font_subset":"","ocean_menu_typo_font_size":0,"ocean_menu_typo_font_size_tablet":0,"ocean_menu_typo_font_size_mobile":0,"ocean_menu_typo_font_size_unit":"px","ocean_menu_typo_font_weight":"","ocean_menu_typo_font_weight_tablet":"","ocean_menu_typo_font_weight_mobile":"","ocean_menu_typo_transform":"","ocean_menu_typo_transform_tablet":"","ocean_menu_typo_transform_mobile":"","ocean_menu_typo_line_height":0,"ocean_menu_typo_line_height_tablet":0,"ocean_menu_typo_line_height_mobile":0,"ocean_menu_typo_line_height_unit":"","ocean_menu_typo_spacing":0,"ocean_menu_typo_spacing_tablet":0,"ocean_menu_typo_spacing_mobile":0,"ocean_menu_typo_spacing_unit":"","ocean_menu_link_color":"","ocean_menu_link_color_hover":"","ocean_menu_link_color_active":"","ocean_menu_link_background":"","ocean_menu_link_hover_background":"","ocean_menu_link_active_background":"","ocean_menu_social_links_bg":"","ocean_menu_social_hover_links_bg":"","ocean_menu_social_links_color":"","ocean_menu_social_hover_links_color":"","ocean_disable_title":"default","ocean_disable_heading":"default","ocean_post_title":"","ocean_post_subheading":"","ocean_post_title_style":"","ocean_post_title_background_color":"","ocean_post_title_background":0,"ocean_post_title_bg_image_position":"","ocean_post_title_bg_image_attachment":"","ocean_post_title_bg_image_repeat":"","ocean_post_title_bg_image_size":"","ocean_post_title_height":0,"ocean_post_title_bg_overlay":0.5,"ocean_post_title_bg_overlay_color":"","ocean_disable_breadcrumbs":"default","ocean_breadcrumbs_color":"","ocean_breadcrumbs_separator_color":"","ocean_breadcrumbs_links_color":"","ocean_breadcrumbs_links_hover_color":"","ocean_display_footer_widgets":"default","ocean_display_footer_bottom":"default","ocean_custom_footer_template":"","footnotes":""},"class_list":["post-774","page","type-page","status-publish","hentry","entry"],"yoast_head":"<!-- This site is optimized with the Yoast SEO plugin v27.4 - https:\/\/yoast.com\/product\/yoast-seo-wordpress\/ -->\n<title>Lionel Briot - 2016 - Le Garage Photographie, un lieu d\u00e9di\u00e9 \u00e0 la photographie \u00e0 Marseille<\/title>\n<meta name=\"description\" content=\"Lionel Briot en r\u00e9sidence \u00e0 Marseille entre 2015 et 2016 au Garage Photographie, \u00e0 l&#039;invitation de William Guidarini - Projet V\u00e9lodrome\" \/>\n<meta name=\"robots\" content=\"index, follow, max-snippet:-1, max-image-preview:large, max-video-preview:-1\" \/>\n<link rel=\"canonical\" href=\"https:\/\/www.legaragephotographie.com\/index.php\/lionel-briot-2016\/\" \/>\n<meta property=\"og:locale\" content=\"fr_FR\" \/>\n<meta property=\"og:type\" content=\"article\" \/>\n<meta property=\"og:title\" content=\"Lionel Briot - 2016 - Le Garage Photographie, un lieu d\u00e9di\u00e9 \u00e0 la photographie \u00e0 Marseille\" \/>\n<meta property=\"og:description\" content=\"Lionel Briot en r\u00e9sidence \u00e0 Marseille entre 2015 et 2016 au Garage Photographie, \u00e0 l&#039;invitation de William Guidarini - Projet V\u00e9lodrome\" \/>\n<meta property=\"og:url\" content=\"https:\/\/www.legaragephotographie.com\/index.php\/lionel-briot-2016\/\" \/>\n<meta property=\"og:site_name\" content=\"Le Garage Photographie, un lieu d\u00e9di\u00e9 \u00e0 la photographie \u00e0 Marseille\" \/>\n<meta property=\"article:modified_time\" content=\"2025-10-05T09:14:29+00:00\" \/>\n<meta property=\"og:image\" content=\"https:\/\/www.legaragephotographie.com\/wp-content\/uploads\/2023\/12\/VELODROME-le-douzieme-homme-lionel-briot-le-garage-photographie_03.png\" \/>\n\t<meta property=\"og:image:width\" content=\"1084\" \/>\n\t<meta property=\"og:image:height\" content=\"718\" \/>\n\t<meta property=\"og:image:type\" content=\"image\/png\" \/>\n<meta name=\"twitter:card\" content=\"summary_large_image\" \/>\n<meta name=\"twitter:label1\" content=\"Dur\u00e9e de lecture estim\u00e9e\" \/>\n\t<meta name=\"twitter:data1\" content=\"5 minutes\" \/>\n<script type=\"application\/ld+json\" class=\"yoast-schema-graph\">{\"@context\":\"https:\\\/\\\/schema.org\",\"@graph\":[{\"@type\":\"WebPage\",\"@id\":\"https:\\\/\\\/www.legaragephotographie.com\\\/index.php\\\/lionel-briot-2016\\\/\",\"url\":\"https:\\\/\\\/www.legaragephotographie.com\\\/index.php\\\/lionel-briot-2016\\\/\",\"name\":\"Lionel Briot - 2016 - Le Garage Photographie, un lieu d\u00e9di\u00e9 \u00e0 la photographie \u00e0 Marseille\",\"isPartOf\":{\"@id\":\"https:\\\/\\\/www.legaragephotographie.com\\\/#website\"},\"primaryImageOfPage\":{\"@id\":\"https:\\\/\\\/www.legaragephotographie.com\\\/index.php\\\/lionel-briot-2016\\\/#primaryimage\"},\"image\":{\"@id\":\"https:\\\/\\\/www.legaragephotographie.com\\\/index.php\\\/lionel-briot-2016\\\/#primaryimage\"},\"thumbnailUrl\":\"https:\\\/\\\/www.legaragephotographie.com\\\/wp-content\\\/uploads\\\/2023\\\/12\\\/VELODROME-le-douzieme-homme-lionel-briot-le-garage-photographie_03-1024x678.png\",\"datePublished\":\"2023-12-29T14:06:11+00:00\",\"dateModified\":\"2025-10-05T09:14:29+00:00\",\"description\":\"Lionel Briot en r\u00e9sidence \u00e0 Marseille entre 2015 et 2016 au Garage Photographie, \u00e0 l'invitation de William Guidarini - Projet V\u00e9lodrome\",\"breadcrumb\":{\"@id\":\"https:\\\/\\\/www.legaragephotographie.com\\\/index.php\\\/lionel-briot-2016\\\/#breadcrumb\"},\"inLanguage\":\"fr-FR\",\"potentialAction\":[{\"@type\":\"ReadAction\",\"target\":[\"https:\\\/\\\/www.legaragephotographie.com\\\/index.php\\\/lionel-briot-2016\\\/\"]}]},{\"@type\":\"ImageObject\",\"inLanguage\":\"fr-FR\",\"@id\":\"https:\\\/\\\/www.legaragephotographie.com\\\/index.php\\\/lionel-briot-2016\\\/#primaryimage\",\"url\":\"https:\\\/\\\/www.legaragephotographie.com\\\/wp-content\\\/uploads\\\/2023\\\/12\\\/VELODROME-le-douzieme-homme-lionel-briot-le-garage-photographie_03.png\",\"contentUrl\":\"https:\\\/\\\/www.legaragephotographie.com\\\/wp-content\\\/uploads\\\/2023\\\/12\\\/VELODROME-le-douzieme-homme-lionel-briot-le-garage-photographie_03.png\",\"width\":1084,\"height\":718},{\"@type\":\"BreadcrumbList\",\"@id\":\"https:\\\/\\\/www.legaragephotographie.com\\\/index.php\\\/lionel-briot-2016\\\/#breadcrumb\",\"itemListElement\":[{\"@type\":\"ListItem\",\"position\":1,\"name\":\"Accueil\",\"item\":\"https:\\\/\\\/www.legaragephotographie.com\\\/\"},{\"@type\":\"ListItem\",\"position\":2,\"name\":\"Lionel Briot &#8211; 2016\"}]},{\"@type\":\"WebSite\",\"@id\":\"https:\\\/\\\/www.legaragephotographie.com\\\/#website\",\"url\":\"https:\\\/\\\/www.legaragephotographie.com\\\/\",\"name\":\"Le Garage Photographie, un lieu d\u00e9di\u00e9 \u00e0 la photographie \u00e0 Marseille\",\"description\":\"Stages et cours photo \u00e0 Marseille\",\"potentialAction\":[{\"@type\":\"SearchAction\",\"target\":{\"@type\":\"EntryPoint\",\"urlTemplate\":\"https:\\\/\\\/www.legaragephotographie.com\\\/?s={search_term_string}\"},\"query-input\":{\"@type\":\"PropertyValueSpecification\",\"valueRequired\":true,\"valueName\":\"search_term_string\"}}],\"inLanguage\":\"fr-FR\"}]}<\/script>\n<!-- \/ Yoast SEO plugin. -->","yoast_head_json":{"title":"Lionel Briot - 2016 - Le Garage Photographie, un lieu d\u00e9di\u00e9 \u00e0 la photographie \u00e0 Marseille","description":"Lionel Briot en r\u00e9sidence \u00e0 Marseille entre 2015 et 2016 au Garage Photographie, \u00e0 l'invitation de William Guidarini - Projet V\u00e9lodrome","robots":{"index":"index","follow":"follow","max-snippet":"max-snippet:-1","max-image-preview":"max-image-preview:large","max-video-preview":"max-video-preview:-1"},"canonical":"https:\/\/www.legaragephotographie.com\/index.php\/lionel-briot-2016\/","og_locale":"fr_FR","og_type":"article","og_title":"Lionel Briot - 2016 - Le Garage Photographie, un lieu d\u00e9di\u00e9 \u00e0 la photographie \u00e0 Marseille","og_description":"Lionel Briot en r\u00e9sidence \u00e0 Marseille entre 2015 et 2016 au Garage Photographie, \u00e0 l'invitation de William Guidarini - Projet V\u00e9lodrome","og_url":"https:\/\/www.legaragephotographie.com\/index.php\/lionel-briot-2016\/","og_site_name":"Le Garage Photographie, un lieu d\u00e9di\u00e9 \u00e0 la photographie \u00e0 Marseille","article_modified_time":"2025-10-05T09:14:29+00:00","og_image":[{"width":1084,"height":718,"url":"https:\/\/www.legaragephotographie.com\/wp-content\/uploads\/2023\/12\/VELODROME-le-douzieme-homme-lionel-briot-le-garage-photographie_03.png","type":"image\/png"}],"twitter_card":"summary_large_image","twitter_misc":{"Dur\u00e9e de lecture estim\u00e9e":"5 minutes"},"schema":{"@context":"https:\/\/schema.org","@graph":[{"@type":"WebPage","@id":"https:\/\/www.legaragephotographie.com\/index.php\/lionel-briot-2016\/","url":"https:\/\/www.legaragephotographie.com\/index.php\/lionel-briot-2016\/","name":"Lionel Briot - 2016 - Le Garage Photographie, un lieu d\u00e9di\u00e9 \u00e0 la photographie \u00e0 Marseille","isPartOf":{"@id":"https:\/\/www.legaragephotographie.com\/#website"},"primaryImageOfPage":{"@id":"https:\/\/www.legaragephotographie.com\/index.php\/lionel-briot-2016\/#primaryimage"},"image":{"@id":"https:\/\/www.legaragephotographie.com\/index.php\/lionel-briot-2016\/#primaryimage"},"thumbnailUrl":"https:\/\/www.legaragephotographie.com\/wp-content\/uploads\/2023\/12\/VELODROME-le-douzieme-homme-lionel-briot-le-garage-photographie_03-1024x678.png","datePublished":"2023-12-29T14:06:11+00:00","dateModified":"2025-10-05T09:14:29+00:00","description":"Lionel Briot en r\u00e9sidence \u00e0 Marseille entre 2015 et 2016 au Garage Photographie, \u00e0 l'invitation de William Guidarini - Projet V\u00e9lodrome","breadcrumb":{"@id":"https:\/\/www.legaragephotographie.com\/index.php\/lionel-briot-2016\/#breadcrumb"},"inLanguage":"fr-FR","potentialAction":[{"@type":"ReadAction","target":["https:\/\/www.legaragephotographie.com\/index.php\/lionel-briot-2016\/"]}]},{"@type":"ImageObject","inLanguage":"fr-FR","@id":"https:\/\/www.legaragephotographie.com\/index.php\/lionel-briot-2016\/#primaryimage","url":"https:\/\/www.legaragephotographie.com\/wp-content\/uploads\/2023\/12\/VELODROME-le-douzieme-homme-lionel-briot-le-garage-photographie_03.png","contentUrl":"https:\/\/www.legaragephotographie.com\/wp-content\/uploads\/2023\/12\/VELODROME-le-douzieme-homme-lionel-briot-le-garage-photographie_03.png","width":1084,"height":718},{"@type":"BreadcrumbList","@id":"https:\/\/www.legaragephotographie.com\/index.php\/lionel-briot-2016\/#breadcrumb","itemListElement":[{"@type":"ListItem","position":1,"name":"Accueil","item":"https:\/\/www.legaragephotographie.com\/"},{"@type":"ListItem","position":2,"name":"Lionel Briot &#8211; 2016"}]},{"@type":"WebSite","@id":"https:\/\/www.legaragephotographie.com\/#website","url":"https:\/\/www.legaragephotographie.com\/","name":"Le Garage Photographie, un lieu d\u00e9di\u00e9 \u00e0 la photographie \u00e0 Marseille","description":"Stages et cours photo \u00e0 Marseille","potentialAction":[{"@type":"SearchAction","target":{"@type":"EntryPoint","urlTemplate":"https:\/\/www.legaragephotographie.com\/?s={search_term_string}"},"query-input":{"@type":"PropertyValueSpecification","valueRequired":true,"valueName":"search_term_string"}}],"inLanguage":"fr-FR"}]}},"jetpack_likes_enabled":true,"jetpack_sharing_enabled":true,"_links":{"self":[{"href":"https:\/\/www.legaragephotographie.com\/index.php\/wp-json\/wp\/v2\/pages\/774","targetHints":{"allow":["GET"]}}],"collection":[{"href":"https:\/\/www.legaragephotographie.com\/index.php\/wp-json\/wp\/v2\/pages"}],"about":[{"href":"https:\/\/www.legaragephotographie.com\/index.php\/wp-json\/wp\/v2\/types\/page"}],"author":[{"embeddable":true,"href":"https:\/\/www.legaragephotographie.com\/index.php\/wp-json\/wp\/v2\/users\/1"}],"replies":[{"embeddable":true,"href":"https:\/\/www.legaragephotographie.com\/index.php\/wp-json\/wp\/v2\/comments?post=774"}],"version-history":[{"count":31,"href":"https:\/\/www.legaragephotographie.com\/index.php\/wp-json\/wp\/v2\/pages\/774\/revisions"}],"predecessor-version":[{"id":1624,"href":"https:\/\/www.legaragephotographie.com\/index.php\/wp-json\/wp\/v2\/pages\/774\/revisions\/1624"}],"wp:attachment":[{"href":"https:\/\/www.legaragephotographie.com\/index.php\/wp-json\/wp\/v2\/media?parent=774"}],"curies":[{"name":"wp","href":"https:\/\/api.w.org\/{rel}","templated":true}]}}