{"id":67,"date":"2023-12-18T21:01:03","date_gmt":"2023-12-18T20:01:03","guid":{"rendered":"https:\/\/www.legaragephotographie.com\/?page_id=67"},"modified":"2026-01-11T08:18:15","modified_gmt":"2026-01-11T07:18:15","slug":"residence-dartistes","status":"publish","type":"page","link":"https:\/\/www.legaragephotographie.com\/index.php\/residence-dartistes\/","title":{"rendered":"R\u00e9sidence d&rsquo;Artistes"},"content":{"rendered":"\t\t<div data-elementor-type=\"wp-page\" data-elementor-id=\"67\" class=\"elementor elementor-67\" data-elementor-post-type=\"page\">\n\t\t\t\t<div class=\"elementor-element elementor-element-7919139 e-flex e-con-boxed e-con e-parent\" data-id=\"7919139\" data-element_type=\"container\" data-e-type=\"container\">\n\t\t\t\t\t<div class=\"e-con-inner\">\n\t\t\t\t<div class=\"elementor-element elementor-element-7ac390a elementor-widget elementor-widget-heading\" data-id=\"7ac390a\" data-element_type=\"widget\" data-e-type=\"widget\" data-widget_type=\"heading.default\">\n\t\t\t\t<div class=\"elementor-widget-container\">\n\t\t\t\t\t<h2 class=\"elementor-heading-title elementor-size-large\">R\u00e9sidence d'artistes<\/h2>\t\t\t\t<\/div>\n\t\t\t\t<\/div>\n\t\t\t\t\t<\/div>\n\t\t\t\t<\/div>\n\t\t<div class=\"elementor-element elementor-element-c25667e e-flex e-con-boxed e-con e-parent\" data-id=\"c25667e\" data-element_type=\"container\" data-e-type=\"container\">\n\t\t\t\t\t<div class=\"e-con-inner\">\n\t\t\t\t<div class=\"elementor-element elementor-element-21b6991 elementor-widget elementor-widget-text-editor\" data-id=\"21b6991\" data-element_type=\"widget\" data-e-type=\"widget\" data-widget_type=\"text-editor.default\">\n\t\t\t\t<div class=\"elementor-widget-container\">\n\t\t\t\t\t\t\t\t\t<h2 style=\"text-align: center;\">Les auteurs reconnus ou \u00e9mergents avec lesquels nous collaborons ont un travail en prise avec le r\u00e9el, dont le r\u00e9sultat t\u00e9moigne et interroge, tout en s\u2019inscrivant dans une approche narrative singuli\u00e8re et une esth\u00e9tique contemporaine.<\/h2>\t\t\t\t\t\t\t\t<\/div>\n\t\t\t\t<\/div>\n\t\t\t\t\t<\/div>\n\t\t\t\t<\/div>\n\t\t<div class=\"elementor-element elementor-element-2cd8724 e-flex e-con-boxed e-con e-parent\" data-id=\"2cd8724\" data-element_type=\"container\" data-e-type=\"container\">\n\t\t\t\t\t<div class=\"e-con-inner\">\n\t\t<div class=\"elementor-element elementor-element-e4e998b e-con-full e-flex e-con e-child\" data-id=\"e4e998b\" data-element_type=\"container\" data-e-type=\"container\">\n\t\t\t\t<div class=\"elementor-element elementor-element-0e5161d elementor-widget elementor-widget-image\" data-id=\"0e5161d\" data-element_type=\"widget\" data-e-type=\"widget\" data-widget_type=\"image.default\">\n\t\t\t\t<div class=\"elementor-widget-container\">\n\t\t\t\t\t\t\t\t\t\t\t\t<figure class=\"wp-caption\">\n\t\t\t\t\t\t\t\t\t\t\t<a href=\"https:\/\/www.legaragephotographie.com\/index.php\/philippe-dollo-2024-2027\/\">\n\t\t\t\t\t\t\t<img fetchpriority=\"high\" decoding=\"async\" width=\"1024\" height=\"1024\" src=\"https:\/\/www.legaragephotographie.com\/wp-content\/uploads\/2023\/12\/IMG_2786-1024x1024.jpg\" class=\"attachment-large size-large wp-image-75\" alt=\"Philippe Dollo - Le Garage Photographie\" srcset=\"https:\/\/www.legaragephotographie.com\/wp-content\/uploads\/2023\/12\/IMG_2786-1024x1024.jpg 1024w, https:\/\/www.legaragephotographie.com\/wp-content\/uploads\/2023\/12\/IMG_2786-300x300.jpg 300w, https:\/\/www.legaragephotographie.com\/wp-content\/uploads\/2023\/12\/IMG_2786-100x100.jpg 100w, https:\/\/www.legaragephotographie.com\/wp-content\/uploads\/2023\/12\/IMG_2786-600x600.jpg 600w, https:\/\/www.legaragephotographie.com\/wp-content\/uploads\/2023\/12\/IMG_2786-150x150.jpg 150w, https:\/\/www.legaragephotographie.com\/wp-content\/uploads\/2023\/12\/IMG_2786-768x768.jpg 768w, https:\/\/www.legaragephotographie.com\/wp-content\/uploads\/2023\/12\/IMG_2786-1536x1536.jpg 1536w, https:\/\/www.legaragephotographie.com\/wp-content\/uploads\/2023\/12\/IMG_2786-2048x2048.jpg 2048w\" sizes=\"(max-width: 1024px) 100vw, 1024px\" \/>\t\t\t\t\t\t\t\t<\/a>\n\t\t\t\t\t\t\t\t\t\t\t<figcaption class=\"widget-image-caption wp-caption-text\">Philippe Dollo - 2024<\/figcaption>\n\t\t\t\t\t\t\t\t\t\t<\/figure>\n\t\t\t\t\t\t\t\t\t<\/div>\n\t\t\t\t<\/div>\n\t\t\t\t<\/div>\n\t\t<div class=\"elementor-element elementor-element-dd8c7fc e-con-full e-flex e-con e-child\" data-id=\"dd8c7fc\" data-element_type=\"container\" data-e-type=\"container\">\n\t\t\t\t<div class=\"elementor-element elementor-element-c60f2b5 elementor-widget elementor-widget-image\" data-id=\"c60f2b5\" data-element_type=\"widget\" data-e-type=\"widget\" data-widget_type=\"image.default\">\n\t\t\t\t<div class=\"elementor-widget-container\">\n\t\t\t\t\t\t\t\t\t\t\t\t<figure class=\"wp-caption\">\n\t\t\t\t\t\t\t\t\t\t\t<a href=\"https:\/\/www.legaragephotographie.com\/index.php\/anne-sophie-costenoble-2019-2023\/\">\n\t\t\t\t\t\t\t<img decoding=\"async\" width=\"1024\" height=\"1024\" src=\"https:\/\/www.legaragephotographie.com\/wp-content\/uploads\/2024\/01\/Anne-Sophie-Costenoble-_-Copyright-Andre-Delvigne-1024x1024.jpg\" class=\"attachment-large size-large wp-image-1349\" alt=\"\" srcset=\"https:\/\/www.legaragephotographie.com\/wp-content\/uploads\/2024\/01\/Anne-Sophie-Costenoble-_-Copyright-Andre-Delvigne-1024x1024.jpg 1024w, https:\/\/www.legaragephotographie.com\/wp-content\/uploads\/2024\/01\/Anne-Sophie-Costenoble-_-Copyright-Andre-Delvigne-300x300.jpg 300w, https:\/\/www.legaragephotographie.com\/wp-content\/uploads\/2024\/01\/Anne-Sophie-Costenoble-_-Copyright-Andre-Delvigne-150x150.jpg 150w, https:\/\/www.legaragephotographie.com\/wp-content\/uploads\/2024\/01\/Anne-Sophie-Costenoble-_-Copyright-Andre-Delvigne-768x768.jpg 768w, https:\/\/www.legaragephotographie.com\/wp-content\/uploads\/2024\/01\/Anne-Sophie-Costenoble-_-Copyright-Andre-Delvigne-1536x1536.jpg 1536w, https:\/\/www.legaragephotographie.com\/wp-content\/uploads\/2024\/01\/Anne-Sophie-Costenoble-_-Copyright-Andre-Delvigne-2048x2048.jpg 2048w, https:\/\/www.legaragephotographie.com\/wp-content\/uploads\/2024\/01\/Anne-Sophie-Costenoble-_-Copyright-Andre-Delvigne-600x600.jpg 600w, https:\/\/www.legaragephotographie.com\/wp-content\/uploads\/2024\/01\/Anne-Sophie-Costenoble-_-Copyright-Andre-Delvigne-100x100.jpg 100w\" sizes=\"(max-width: 1024px) 100vw, 1024px\" \/>\t\t\t\t\t\t\t\t<\/a>\n\t\t\t\t\t\t\t\t\t\t\t<figcaption class=\"widget-image-caption wp-caption-text\">Anne-Sophie Costenoble 2020\/2023<\/figcaption>\n\t\t\t\t\t\t\t\t\t\t<\/figure>\n\t\t\t\t\t\t\t\t\t<\/div>\n\t\t\t\t<\/div>\n\t\t\t\t<\/div>\n\t\t<div class=\"elementor-element elementor-element-59e55cb e-con-full e-flex e-con e-child\" data-id=\"59e55cb\" data-element_type=\"container\" data-e-type=\"container\">\n\t\t\t\t<div class=\"elementor-element elementor-element-6713001 elementor-widget elementor-widget-image\" data-id=\"6713001\" data-element_type=\"widget\" data-e-type=\"widget\" data-widget_type=\"image.default\">\n\t\t\t\t<div class=\"elementor-widget-container\">\n\t\t\t\t\t\t\t\t\t\t\t\t<figure class=\"wp-caption\">\n\t\t\t\t\t\t\t\t\t\t\t<a href=\"https:\/\/www.legaragephotographie.com\/index.php\/margret-hoppe-2017-2020\/\">\n\t\t\t\t\t\t\t<img decoding=\"async\" width=\"300\" height=\"300\" src=\"https:\/\/www.legaragephotographie.com\/wp-content\/uploads\/2023\/12\/MARGRET_PORTRAIT_SCAN-9-300x300.jpg\" class=\"attachment-medium size-medium wp-image-663\" alt=\"\" srcset=\"https:\/\/www.legaragephotographie.com\/wp-content\/uploads\/2023\/12\/MARGRET_PORTRAIT_SCAN-9-300x300.jpg 300w, https:\/\/www.legaragephotographie.com\/wp-content\/uploads\/2023\/12\/MARGRET_PORTRAIT_SCAN-9-150x150.jpg 150w, https:\/\/www.legaragephotographie.com\/wp-content\/uploads\/2023\/12\/MARGRET_PORTRAIT_SCAN-9-768x768.jpg 768w, https:\/\/www.legaragephotographie.com\/wp-content\/uploads\/2023\/12\/MARGRET_PORTRAIT_SCAN-9-600x600.jpg 600w, https:\/\/www.legaragephotographie.com\/wp-content\/uploads\/2023\/12\/MARGRET_PORTRAIT_SCAN-9-100x100.jpg 100w, https:\/\/www.legaragephotographie.com\/wp-content\/uploads\/2023\/12\/MARGRET_PORTRAIT_SCAN-9.jpg 800w\" sizes=\"(max-width: 300px) 100vw, 300px\" \/>\t\t\t\t\t\t\t\t<\/a>\n\t\t\t\t\t\t\t\t\t\t\t<figcaption class=\"widget-image-caption wp-caption-text\">Margret Hoppe 2017\/2019<\/figcaption>\n\t\t\t\t\t\t\t\t\t\t<\/figure>\n\t\t\t\t\t\t\t\t\t<\/div>\n\t\t\t\t<\/div>\n\t\t\t\t<\/div>\n\t\t<div class=\"elementor-element elementor-element-5e0e460 e-con-full e-flex e-con e-child\" data-id=\"5e0e460\" data-element_type=\"container\" data-e-type=\"container\">\n\t\t\t\t<div class=\"elementor-element elementor-element-4c208de elementor-widget elementor-widget-image\" data-id=\"4c208de\" data-element_type=\"widget\" data-e-type=\"widget\" data-widget_type=\"image.default\">\n\t\t\t\t<div class=\"elementor-widget-container\">\n\t\t\t\t\t\t\t\t\t\t\t\t<figure class=\"wp-caption\">\n\t\t\t\t\t\t\t\t\t\t<img loading=\"lazy\" decoding=\"async\" width=\"1024\" height=\"1024\" src=\"https:\/\/www.legaragephotographie.com\/wp-content\/uploads\/2023\/12\/DSCF4742-6-1024x1024.jpg\" class=\"attachment-large size-large wp-image-70\" alt=\"Klavdij Sluban - Le Garage Photographie\" srcset=\"https:\/\/www.legaragephotographie.com\/wp-content\/uploads\/2023\/12\/DSCF4742-6-1024x1024.jpg 1024w, https:\/\/www.legaragephotographie.com\/wp-content\/uploads\/2023\/12\/DSCF4742-6-300x300.jpg 300w, https:\/\/www.legaragephotographie.com\/wp-content\/uploads\/2023\/12\/DSCF4742-6-100x100.jpg 100w, https:\/\/www.legaragephotographie.com\/wp-content\/uploads\/2023\/12\/DSCF4742-6-600x600.jpg 600w, https:\/\/www.legaragephotographie.com\/wp-content\/uploads\/2023\/12\/DSCF4742-6-150x150.jpg 150w, https:\/\/www.legaragephotographie.com\/wp-content\/uploads\/2023\/12\/DSCF4742-6-768x768.jpg 768w, https:\/\/www.legaragephotographie.com\/wp-content\/uploads\/2023\/12\/DSCF4742-6.jpg 1200w\" sizes=\"(max-width: 1024px) 100vw, 1024px\" \/>\t\t\t\t\t\t\t\t\t\t\t<figcaption class=\"widget-image-caption wp-caption-text\">Klavdij Sluban 2015\/2018<\/figcaption>\n\t\t\t\t\t\t\t\t\t\t<\/figure>\n\t\t\t\t\t\t\t\t\t<\/div>\n\t\t\t\t<\/div>\n\t\t\t\t<\/div>\n\t\t\t\t\t<\/div>\n\t\t\t\t<\/div>\n\t\t<div class=\"elementor-element elementor-element-a05b6cc e-flex e-con-boxed e-con e-parent\" data-id=\"a05b6cc\" data-element_type=\"container\" data-e-type=\"container\">\n\t\t\t\t\t<div class=\"e-con-inner\">\n\t\t<div class=\"elementor-element elementor-element-400e13e e-con-full e-flex e-con e-child\" data-id=\"400e13e\" data-element_type=\"container\" data-e-type=\"container\">\n\t\t\t\t<div class=\"elementor-element elementor-element-dd0b4eb elementor-widget elementor-widget-image\" data-id=\"dd0b4eb\" data-element_type=\"widget\" data-e-type=\"widget\" data-widget_type=\"image.default\">\n\t\t\t\t<div class=\"elementor-widget-container\">\n\t\t\t\t\t\t\t\t\t\t\t\t<figure class=\"wp-caption\">\n\t\t\t\t\t\t\t\t\t\t\t<a href=\"https:\/\/www.legaragephotographie.com\/index.php\/cecile-menendez\/\">\n\t\t\t\t\t\t\t<img loading=\"lazy\" decoding=\"async\" width=\"1024\" height=\"1024\" src=\"https:\/\/www.legaragephotographie.com\/wp-content\/uploads\/2023\/12\/le-garage-photographie-portrait-cecile-menendezHD_01-1024x1024.jpg\" class=\"attachment-large size-large wp-image-72\" alt=\"C\u00e9cile Menendez - Le Garage Photographie\" srcset=\"https:\/\/www.legaragephotographie.com\/wp-content\/uploads\/2023\/12\/le-garage-photographie-portrait-cecile-menendezHD_01-1024x1024.jpg 1024w, https:\/\/www.legaragephotographie.com\/wp-content\/uploads\/2023\/12\/le-garage-photographie-portrait-cecile-menendezHD_01-300x300.jpg 300w, https:\/\/www.legaragephotographie.com\/wp-content\/uploads\/2023\/12\/le-garage-photographie-portrait-cecile-menendezHD_01-scaled-100x100.jpg 100w, https:\/\/www.legaragephotographie.com\/wp-content\/uploads\/2023\/12\/le-garage-photographie-portrait-cecile-menendezHD_01-scaled-600x600.jpg 600w, https:\/\/www.legaragephotographie.com\/wp-content\/uploads\/2023\/12\/le-garage-photographie-portrait-cecile-menendezHD_01-150x150.jpg 150w, https:\/\/www.legaragephotographie.com\/wp-content\/uploads\/2023\/12\/le-garage-photographie-portrait-cecile-menendezHD_01-768x768.jpg 768w, https:\/\/www.legaragephotographie.com\/wp-content\/uploads\/2023\/12\/le-garage-photographie-portrait-cecile-menendezHD_01-1536x1536.jpg 1536w, https:\/\/www.legaragephotographie.com\/wp-content\/uploads\/2023\/12\/le-garage-photographie-portrait-cecile-menendezHD_01-2048x2048.jpg 2048w\" sizes=\"(max-width: 1024px) 100vw, 1024px\" \/>\t\t\t\t\t\t\t\t<\/a>\n\t\t\t\t\t\t\t\t\t\t\t<figcaption class=\"widget-image-caption wp-caption-text\">C\u00e9cile Menendez 2016\/2017<\/figcaption>\n\t\t\t\t\t\t\t\t\t\t<\/figure>\n\t\t\t\t\t\t\t\t\t<\/div>\n\t\t\t\t<\/div>\n\t\t\t\t<\/div>\n\t\t<div class=\"elementor-element elementor-element-fe7e8a9 e-con-full e-flex e-con e-child\" data-id=\"fe7e8a9\" data-element_type=\"container\" data-e-type=\"container\">\n\t\t\t\t<div class=\"elementor-element elementor-element-f3b3cd2 elementor-widget elementor-widget-image\" data-id=\"f3b3cd2\" data-element_type=\"widget\" data-e-type=\"widget\" data-widget_type=\"image.default\">\n\t\t\t\t<div class=\"elementor-widget-container\">\n\t\t\t\t\t\t\t\t\t\t\t\t<figure class=\"wp-caption\">\n\t\t\t\t\t\t\t\t\t\t\t<a href=\"https:\/\/www.legaragephotographie.com\/index.php\/lionel-briot-2016\/\">\n\t\t\t\t\t\t\t<img loading=\"lazy\" decoding=\"async\" width=\"600\" height=\"600\" src=\"https:\/\/www.legaragephotographie.com\/wp-content\/uploads\/2023\/12\/LB\u00a9WG-2892.jpg\" class=\"attachment-large size-large wp-image-73\" alt=\"Lionel Briot - Le Garage Photographie\" srcset=\"https:\/\/www.legaragephotographie.com\/wp-content\/uploads\/2023\/12\/LB\u00a9WG-2892.jpg 600w, https:\/\/www.legaragephotographie.com\/wp-content\/uploads\/2023\/12\/LB\u00a9WG-2892-300x300.jpg 300w, https:\/\/www.legaragephotographie.com\/wp-content\/uploads\/2023\/12\/LB\u00a9WG-2892-100x100.jpg 100w, https:\/\/www.legaragephotographie.com\/wp-content\/uploads\/2023\/12\/LB\u00a9WG-2892-150x150.jpg 150w\" sizes=\"(max-width: 600px) 100vw, 600px\" \/>\t\t\t\t\t\t\t\t<\/a>\n\t\t\t\t\t\t\t\t\t\t\t<figcaption class=\"widget-image-caption wp-caption-text\">Lionel Briot 2015\/2016<\/figcaption>\n\t\t\t\t\t\t\t\t\t\t<\/figure>\n\t\t\t\t\t\t\t\t\t<\/div>\n\t\t\t\t<\/div>\n\t\t\t\t<\/div>\n\t\t<div class=\"elementor-element elementor-element-ffa8fb5 e-con-full e-flex e-con e-child\" data-id=\"ffa8fb5\" data-element_type=\"container\" data-e-type=\"container\">\n\t\t\t\t<div class=\"elementor-element elementor-element-07aa2ac elementor-widget elementor-widget-image\" data-id=\"07aa2ac\" data-element_type=\"widget\" data-e-type=\"widget\" data-widget_type=\"image.default\">\n\t\t\t\t<div class=\"elementor-widget-container\">\n\t\t\t\t\t\t\t\t\t\t\t\t<figure class=\"wp-caption\">\n\t\t\t\t\t\t\t\t\t\t\t<a href=\"https:\/\/www.legaragephotographie.com\/index.php\/didier-ben-loulou-2012-2014\/\">\n\t\t\t\t\t\t\t<img loading=\"lazy\" decoding=\"async\" width=\"600\" height=\"600\" src=\"https:\/\/www.legaragephotographie.com\/wp-content\/uploads\/2023\/12\/Didier-ben-lou-lou-par-Lionel-Briot__01.jpg\" class=\"attachment-large size-large wp-image-74\" alt=\"Didier Ben Loulou - Le Garage Photographie\" srcset=\"https:\/\/www.legaragephotographie.com\/wp-content\/uploads\/2023\/12\/Didier-ben-lou-lou-par-Lionel-Briot__01.jpg 600w, https:\/\/www.legaragephotographie.com\/wp-content\/uploads\/2023\/12\/Didier-ben-lou-lou-par-Lionel-Briot__01-300x300.jpg 300w, https:\/\/www.legaragephotographie.com\/wp-content\/uploads\/2023\/12\/Didier-ben-lou-lou-par-Lionel-Briot__01-100x100.jpg 100w, https:\/\/www.legaragephotographie.com\/wp-content\/uploads\/2023\/12\/Didier-ben-lou-lou-par-Lionel-Briot__01-150x150.jpg 150w\" sizes=\"(max-width: 600px) 100vw, 600px\" \/>\t\t\t\t\t\t\t\t<\/a>\n\t\t\t\t\t\t\t\t\t\t\t<figcaption class=\"widget-image-caption wp-caption-text\">Didier Ben Loulou 2012\/2014<\/figcaption>\n\t\t\t\t\t\t\t\t\t\t<\/figure>\n\t\t\t\t\t\t\t\t\t<\/div>\n\t\t\t\t<\/div>\n\t\t\t\t<\/div>\n\t\t<div class=\"elementor-element elementor-element-9f4bb51 e-con-full e-flex e-con e-child\" data-id=\"9f4bb51\" data-element_type=\"container\" data-e-type=\"container\">\n\t\t\t\t<\/div>\n\t\t\t\t\t<\/div>\n\t\t\t\t<\/div>\n\t\t<div class=\"elementor-element elementor-element-65667b2 e-flex e-con-boxed e-con e-parent\" data-id=\"65667b2\" data-element_type=\"container\" data-e-type=\"container\">\n\t\t\t\t\t<div class=\"e-con-inner\">\n\t\t\t\t<div class=\"elementor-element elementor-element-27d6b20 elementor-widget elementor-widget-text-editor\" data-id=\"27d6b20\" data-element_type=\"widget\" data-e-type=\"widget\" data-widget_type=\"text-editor.default\">\n\t\t\t\t<div class=\"elementor-widget-container\">\n\t\t\t\t\t\t\t\t\t<p style=\"text-align: center;\">Mais aussi <strong>Isabelle Chapuis<\/strong>, <strong>Patrice Terraz<\/strong> et <strong>Julien Coquentin<\/strong> (2026), <strong>H\u00e9l\u00e8ne David<\/strong>, <strong>Arno Brignon<\/strong> et <strong>Jean Michel Andr\u00e9<\/strong> (2024), <strong>Julia Gat<\/strong> et <strong>Richard Petit<\/strong> (2024), <strong>Gabrielle Duplantier<\/strong> et <strong>Franck Pourcel<\/strong> (2023) dans le cadre d&rsquo;un projet en partenariat avec Le Pangolin.<\/p>\t\t\t\t\t\t\t\t<\/div>\n\t\t\t\t<\/div>\n\t\t\t\t\t<\/div>\n\t\t\t\t<\/div>\n\t\t\t\t<\/div>\n\t\t","protected":false},"excerpt":{"rendered":"<p>R\u00e9sidence d&rsquo;artistes Les auteurs reconnus ou \u00e9mergents avec lesquels nous collaborons ont un travail en prise avec le r\u00e9el, dont le r\u00e9sultat t\u00e9moigne et interroge, tout en s\u2019inscrivant dans une approche narrative singuli\u00e8re et une esth\u00e9tique contemporaine. Philippe Dollo &#8211; 2024 Anne-Sophie Costenoble 2020\/2023 Margret Hoppe 2017\/2019 Klavdij Sluban 2015\/2018 C\u00e9cile Menendez 2016\/2017 Lionel Briot [&hellip;]<\/p>\n","protected":false},"author":1,"featured_media":0,"parent":0,"menu_order":0,"comment_status":"closed","ping_status":"closed","template":"","meta":{"ocean_post_layout":"","ocean_both_sidebars_style":"","ocean_both_sidebars_content_width":0,"ocean_both_sidebars_sidebars_width":0,"ocean_sidebar":"","ocean_second_sidebar":"","ocean_disable_margins":"enable","ocean_add_body_class":"","ocean_shortcode_before_top_bar":"","ocean_shortcode_after_top_bar":"","ocean_shortcode_before_header":"","ocean_shortcode_after_header":"","ocean_has_shortcode":"","ocean_shortcode_after_title":"","ocean_shortcode_before_footer_widgets":"","ocean_shortcode_after_footer_widgets":"","ocean_shortcode_before_footer_bottom":"","ocean_shortcode_after_footer_bottom":"","ocean_display_top_bar":"default","ocean_display_header":"default","ocean_header_style":"","ocean_center_header_left_menu":"","ocean_custom_header_template":"","ocean_custom_logo":0,"ocean_custom_retina_logo":0,"ocean_custom_logo_max_width":0,"ocean_custom_logo_tablet_max_width":0,"ocean_custom_logo_mobile_max_width":0,"ocean_custom_logo_max_height":0,"ocean_custom_logo_tablet_max_height":0,"ocean_custom_logo_mobile_max_height":0,"ocean_header_custom_menu":"","ocean_menu_typo_font_family":"","ocean_menu_typo_font_subset":"","ocean_menu_typo_font_size":0,"ocean_menu_typo_font_size_tablet":0,"ocean_menu_typo_font_size_mobile":0,"ocean_menu_typo_font_size_unit":"px","ocean_menu_typo_font_weight":"","ocean_menu_typo_font_weight_tablet":"","ocean_menu_typo_font_weight_mobile":"","ocean_menu_typo_transform":"","ocean_menu_typo_transform_tablet":"","ocean_menu_typo_transform_mobile":"","ocean_menu_typo_line_height":0,"ocean_menu_typo_line_height_tablet":0,"ocean_menu_typo_line_height_mobile":0,"ocean_menu_typo_line_height_unit":"","ocean_menu_typo_spacing":0,"ocean_menu_typo_spacing_tablet":0,"ocean_menu_typo_spacing_mobile":0,"ocean_menu_typo_spacing_unit":"","ocean_menu_link_color":"","ocean_menu_link_color_hover":"","ocean_menu_link_color_active":"","ocean_menu_link_background":"","ocean_menu_link_hover_background":"","ocean_menu_link_active_background":"","ocean_menu_social_links_bg":"","ocean_menu_social_hover_links_bg":"","ocean_menu_social_links_color":"","ocean_menu_social_hover_links_color":"","ocean_disable_title":"default","ocean_disable_heading":"default","ocean_post_title":"","ocean_post_subheading":"","ocean_post_title_style":"","ocean_post_title_background_color":"","ocean_post_title_background":0,"ocean_post_title_bg_image_position":"","ocean_post_title_bg_image_attachment":"","ocean_post_title_bg_image_repeat":"","ocean_post_title_bg_image_size":"","ocean_post_title_height":0,"ocean_post_title_bg_overlay":0.5,"ocean_post_title_bg_overlay_color":"","ocean_disable_breadcrumbs":"default","ocean_breadcrumbs_color":"","ocean_breadcrumbs_separator_color":"","ocean_breadcrumbs_links_color":"","ocean_breadcrumbs_links_hover_color":"","ocean_display_footer_widgets":"default","ocean_display_footer_bottom":"default","ocean_custom_footer_template":"","footnotes":""},"class_list":["post-67","page","type-page","status-publish","hentry","entry"],"yoast_head":"<!-- This site is optimized with the Yoast SEO plugin v27.4 - https:\/\/yoast.com\/product\/yoast-seo-wordpress\/ -->\n<title>R\u00e9sidence d&#039;Artistes - Le Garage Photographie, un lieu d\u00e9di\u00e9 \u00e0 la photographie \u00e0 Marseille<\/title>\n<meta name=\"description\" content=\"Le Garage Photographie accueille en r\u00e9sidence d&#039;artistes des auteurs photographes pour des projets de cr\u00e9ation.\" \/>\n<meta name=\"robots\" content=\"index, follow, max-snippet:-1, max-image-preview:large, max-video-preview:-1\" \/>\n<link rel=\"canonical\" href=\"https:\/\/www.legaragephotographie.com\/index.php\/residence-dartistes\/\" \/>\n<meta property=\"og:locale\" content=\"fr_FR\" \/>\n<meta property=\"og:type\" content=\"article\" \/>\n<meta property=\"og:title\" content=\"R\u00e9sidence d&#039;Artistes - Le Garage Photographie, un lieu d\u00e9di\u00e9 \u00e0 la photographie \u00e0 Marseille\" \/>\n<meta property=\"og:description\" content=\"Le Garage Photographie accueille en r\u00e9sidence d&#039;artistes des auteurs photographes pour des projets de cr\u00e9ation.\" \/>\n<meta property=\"og:url\" content=\"https:\/\/www.legaragephotographie.com\/index.php\/residence-dartistes\/\" \/>\n<meta property=\"og:site_name\" content=\"Le Garage Photographie, un lieu d\u00e9di\u00e9 \u00e0 la photographie \u00e0 Marseille\" \/>\n<meta property=\"article:modified_time\" content=\"2026-01-11T07:18:15+00:00\" \/>\n<meta property=\"og:image\" content=\"https:\/\/www.legaragephotographie.com\/wp-content\/uploads\/2023\/12\/IMG_2786.jpg\" \/>\n\t<meta property=\"og:image:width\" content=\"2165\" \/>\n\t<meta property=\"og:image:height\" content=\"2165\" \/>\n\t<meta property=\"og:image:type\" content=\"image\/jpeg\" \/>\n<meta name=\"twitter:card\" content=\"summary_large_image\" \/>\n<meta name=\"twitter:label1\" content=\"Dur\u00e9e de lecture estim\u00e9e\" \/>\n\t<meta name=\"twitter:data1\" content=\"2 minutes\" \/>\n<script type=\"application\/ld+json\" class=\"yoast-schema-graph\">{\"@context\":\"https:\\\/\\\/schema.org\",\"@graph\":[{\"@type\":\"WebPage\",\"@id\":\"https:\\\/\\\/www.legaragephotographie.com\\\/index.php\\\/residence-dartistes\\\/\",\"url\":\"https:\\\/\\\/www.legaragephotographie.com\\\/index.php\\\/residence-dartistes\\\/\",\"name\":\"R\u00e9sidence d'Artistes - Le Garage Photographie, un lieu d\u00e9di\u00e9 \u00e0 la photographie \u00e0 Marseille\",\"isPartOf\":{\"@id\":\"https:\\\/\\\/www.legaragephotographie.com\\\/#website\"},\"primaryImageOfPage\":{\"@id\":\"https:\\\/\\\/www.legaragephotographie.com\\\/index.php\\\/residence-dartistes\\\/#primaryimage\"},\"image\":{\"@id\":\"https:\\\/\\\/www.legaragephotographie.com\\\/index.php\\\/residence-dartistes\\\/#primaryimage\"},\"thumbnailUrl\":\"https:\\\/\\\/www.legaragephotographie.com\\\/wp-content\\\/uploads\\\/2023\\\/12\\\/IMG_2786-1024x1024.jpg\",\"datePublished\":\"2023-12-18T20:01:03+00:00\",\"dateModified\":\"2026-01-11T07:18:15+00:00\",\"description\":\"Le Garage Photographie accueille en r\u00e9sidence d'artistes des auteurs photographes pour des projets de cr\u00e9ation.\",\"breadcrumb\":{\"@id\":\"https:\\\/\\\/www.legaragephotographie.com\\\/index.php\\\/residence-dartistes\\\/#breadcrumb\"},\"inLanguage\":\"fr-FR\",\"potentialAction\":[{\"@type\":\"ReadAction\",\"target\":[\"https:\\\/\\\/www.legaragephotographie.com\\\/index.php\\\/residence-dartistes\\\/\"]}]},{\"@type\":\"ImageObject\",\"inLanguage\":\"fr-FR\",\"@id\":\"https:\\\/\\\/www.legaragephotographie.com\\\/index.php\\\/residence-dartistes\\\/#primaryimage\",\"url\":\"https:\\\/\\\/www.legaragephotographie.com\\\/wp-content\\\/uploads\\\/2023\\\/12\\\/IMG_2786.jpg\",\"contentUrl\":\"https:\\\/\\\/www.legaragephotographie.com\\\/wp-content\\\/uploads\\\/2023\\\/12\\\/IMG_2786.jpg\",\"width\":2165,\"height\":2165,\"caption\":\"Philippe Dollo - Le Garage Photographie\"},{\"@type\":\"BreadcrumbList\",\"@id\":\"https:\\\/\\\/www.legaragephotographie.com\\\/index.php\\\/residence-dartistes\\\/#breadcrumb\",\"itemListElement\":[{\"@type\":\"ListItem\",\"position\":1,\"name\":\"Accueil\",\"item\":\"https:\\\/\\\/www.legaragephotographie.com\\\/\"},{\"@type\":\"ListItem\",\"position\":2,\"name\":\"R\u00e9sidence d&rsquo;Artistes\"}]},{\"@type\":\"WebSite\",\"@id\":\"https:\\\/\\\/www.legaragephotographie.com\\\/#website\",\"url\":\"https:\\\/\\\/www.legaragephotographie.com\\\/\",\"name\":\"Le Garage Photographie, un lieu d\u00e9di\u00e9 \u00e0 la photographie \u00e0 Marseille\",\"description\":\"Stages et cours photo \u00e0 Marseille\",\"potentialAction\":[{\"@type\":\"SearchAction\",\"target\":{\"@type\":\"EntryPoint\",\"urlTemplate\":\"https:\\\/\\\/www.legaragephotographie.com\\\/?s={search_term_string}\"},\"query-input\":{\"@type\":\"PropertyValueSpecification\",\"valueRequired\":true,\"valueName\":\"search_term_string\"}}],\"inLanguage\":\"fr-FR\"}]}<\/script>\n<!-- \/ Yoast SEO plugin. -->","yoast_head_json":{"title":"R\u00e9sidence d'Artistes - Le Garage Photographie, un lieu d\u00e9di\u00e9 \u00e0 la photographie \u00e0 Marseille","description":"Le Garage Photographie accueille en r\u00e9sidence d'artistes des auteurs photographes pour des projets de cr\u00e9ation.","robots":{"index":"index","follow":"follow","max-snippet":"max-snippet:-1","max-image-preview":"max-image-preview:large","max-video-preview":"max-video-preview:-1"},"canonical":"https:\/\/www.legaragephotographie.com\/index.php\/residence-dartistes\/","og_locale":"fr_FR","og_type":"article","og_title":"R\u00e9sidence d'Artistes - Le Garage Photographie, un lieu d\u00e9di\u00e9 \u00e0 la photographie \u00e0 Marseille","og_description":"Le Garage Photographie accueille en r\u00e9sidence d'artistes des auteurs photographes pour des projets de cr\u00e9ation.","og_url":"https:\/\/www.legaragephotographie.com\/index.php\/residence-dartistes\/","og_site_name":"Le Garage Photographie, un lieu d\u00e9di\u00e9 \u00e0 la photographie \u00e0 Marseille","article_modified_time":"2026-01-11T07:18:15+00:00","og_image":[{"width":2165,"height":2165,"url":"https:\/\/www.legaragephotographie.com\/wp-content\/uploads\/2023\/12\/IMG_2786.jpg","type":"image\/jpeg"}],"twitter_card":"summary_large_image","twitter_misc":{"Dur\u00e9e de lecture estim\u00e9e":"2 minutes"},"schema":{"@context":"https:\/\/schema.org","@graph":[{"@type":"WebPage","@id":"https:\/\/www.legaragephotographie.com\/index.php\/residence-dartistes\/","url":"https:\/\/www.legaragephotographie.com\/index.php\/residence-dartistes\/","name":"R\u00e9sidence d'Artistes - Le Garage Photographie, un lieu d\u00e9di\u00e9 \u00e0 la photographie \u00e0 Marseille","isPartOf":{"@id":"https:\/\/www.legaragephotographie.com\/#website"},"primaryImageOfPage":{"@id":"https:\/\/www.legaragephotographie.com\/index.php\/residence-dartistes\/#primaryimage"},"image":{"@id":"https:\/\/www.legaragephotographie.com\/index.php\/residence-dartistes\/#primaryimage"},"thumbnailUrl":"https:\/\/www.legaragephotographie.com\/wp-content\/uploads\/2023\/12\/IMG_2786-1024x1024.jpg","datePublished":"2023-12-18T20:01:03+00:00","dateModified":"2026-01-11T07:18:15+00:00","description":"Le Garage Photographie accueille en r\u00e9sidence d'artistes des auteurs photographes pour des projets de cr\u00e9ation.","breadcrumb":{"@id":"https:\/\/www.legaragephotographie.com\/index.php\/residence-dartistes\/#breadcrumb"},"inLanguage":"fr-FR","potentialAction":[{"@type":"ReadAction","target":["https:\/\/www.legaragephotographie.com\/index.php\/residence-dartistes\/"]}]},{"@type":"ImageObject","inLanguage":"fr-FR","@id":"https:\/\/www.legaragephotographie.com\/index.php\/residence-dartistes\/#primaryimage","url":"https:\/\/www.legaragephotographie.com\/wp-content\/uploads\/2023\/12\/IMG_2786.jpg","contentUrl":"https:\/\/www.legaragephotographie.com\/wp-content\/uploads\/2023\/12\/IMG_2786.jpg","width":2165,"height":2165,"caption":"Philippe Dollo - Le Garage Photographie"},{"@type":"BreadcrumbList","@id":"https:\/\/www.legaragephotographie.com\/index.php\/residence-dartistes\/#breadcrumb","itemListElement":[{"@type":"ListItem","position":1,"name":"Accueil","item":"https:\/\/www.legaragephotographie.com\/"},{"@type":"ListItem","position":2,"name":"R\u00e9sidence d&rsquo;Artistes"}]},{"@type":"WebSite","@id":"https:\/\/www.legaragephotographie.com\/#website","url":"https:\/\/www.legaragephotographie.com\/","name":"Le Garage Photographie, un lieu d\u00e9di\u00e9 \u00e0 la photographie \u00e0 Marseille","description":"Stages et cours photo \u00e0 Marseille","potentialAction":[{"@type":"SearchAction","target":{"@type":"EntryPoint","urlTemplate":"https:\/\/www.legaragephotographie.com\/?s={search_term_string}"},"query-input":{"@type":"PropertyValueSpecification","valueRequired":true,"valueName":"search_term_string"}}],"inLanguage":"fr-FR"}]}},"jetpack_likes_enabled":true,"jetpack_sharing_enabled":true,"_links":{"self":[{"href":"https:\/\/www.legaragephotographie.com\/index.php\/wp-json\/wp\/v2\/pages\/67","targetHints":{"allow":["GET"]}}],"collection":[{"href":"https:\/\/www.legaragephotographie.com\/index.php\/wp-json\/wp\/v2\/pages"}],"about":[{"href":"https:\/\/www.legaragephotographie.com\/index.php\/wp-json\/wp\/v2\/types\/page"}],"author":[{"embeddable":true,"href":"https:\/\/www.legaragephotographie.com\/index.php\/wp-json\/wp\/v2\/users\/1"}],"replies":[{"embeddable":true,"href":"https:\/\/www.legaragephotographie.com\/index.php\/wp-json\/wp\/v2\/comments?post=67"}],"version-history":[{"count":73,"href":"https:\/\/www.legaragephotographie.com\/index.php\/wp-json\/wp\/v2\/pages\/67\/revisions"}],"predecessor-version":[{"id":1696,"href":"https:\/\/www.legaragephotographie.com\/index.php\/wp-json\/wp\/v2\/pages\/67\/revisions\/1696"}],"wp:attachment":[{"href":"https:\/\/www.legaragephotographie.com\/index.php\/wp-json\/wp\/v2\/media?parent=67"}],"curies":[{"name":"wp","href":"https:\/\/api.w.org\/{rel}","templated":true}]}}