{"id":259,"date":"2023-12-28T10:42:34","date_gmt":"2023-12-28T09:42:34","guid":{"rendered":"https:\/\/www.legaragephotographie.com\/?page_id=259"},"modified":"2024-01-17T12:15:32","modified_gmt":"2024-01-17T11:15:32","slug":"anne-sophie-costenoble-2019-2023","status":"publish","type":"page","link":"https:\/\/www.legaragephotographie.com\/index.php\/anne-sophie-costenoble-2019-2023\/","title":{"rendered":"Anne-Sophie Costenoble 2019\/2023"},"content":{"rendered":"\t\t<div data-elementor-type=\"wp-page\" data-elementor-id=\"259\" class=\"elementor elementor-259\" data-elementor-post-type=\"page\">\n\t\t\t\t<div class=\"elementor-element elementor-element-d947bc5 e-flex e-con-boxed e-con e-parent\" data-id=\"d947bc5\" data-element_type=\"container\" data-e-type=\"container\">\n\t\t\t\t\t<div class=\"e-con-inner\">\n\t\t\t\t<div class=\"elementor-element elementor-element-b078742 elementor-widget elementor-widget-heading\" data-id=\"b078742\" data-element_type=\"widget\" data-e-type=\"widget\" data-widget_type=\"heading.default\">\n\t\t\t\t<div class=\"elementor-widget-container\">\n\t\t\t\t\t<h2 class=\"elementor-heading-title elementor-size-large\">Anne-Sophie Costenoble\n2020\/2023<\/h2>\t\t\t\t<\/div>\n\t\t\t\t<\/div>\n\t\t\t\t\t<\/div>\n\t\t\t\t<\/div>\n\t\t<div class=\"elementor-element elementor-element-671b542 e-flex e-con-boxed e-con e-parent\" data-id=\"671b542\" data-element_type=\"container\" data-e-type=\"container\">\n\t\t\t\t\t<div class=\"e-con-inner\">\n\t\t<div class=\"elementor-element elementor-element-13c33ae e-con-full e-flex e-con e-child\" data-id=\"13c33ae\" data-element_type=\"container\" data-e-type=\"container\">\n\t\t\t\t<div class=\"elementor-element elementor-element-6b111ce elementor-widget elementor-widget-heading\" data-id=\"6b111ce\" data-element_type=\"widget\" data-e-type=\"widget\" data-widget_type=\"heading.default\">\n\t\t\t\t<div class=\"elementor-widget-container\">\n\t\t\t\t\t<h2 class=\"elementor-heading-title elementor-size-default\">CHAOS CALME<\/h2>\t\t\t\t<\/div>\n\t\t\t\t<\/div>\n\t\t\t\t<div class=\"elementor-element elementor-element-dc1e5ff elementor-widget__width-initial elementor-widget elementor-widget-text-editor\" data-id=\"dc1e5ff\" data-element_type=\"widget\" data-e-type=\"widget\" data-widget_type=\"text-editor.default\">\n\t\t\t\t<div class=\"elementor-widget-container\">\n\t\t\t\t\t\t\t\t\t<p>Le quartier de la Cayolle, situ\u00e9 entre le Parc National des Calanques et la ville de Marseille a une histoire particuli\u00e8re. Il s\u2019est \u00e9rig\u00e9 au sortir de la guerre sur l\u2019ancien camps du Grand Arenas. On peut y lire le r\u00e9cit des migrations avec l\u2019arriv\u00e9e de plusieurs communaut\u00e9s: prisonniers russes et allemands, travailleurs coloniaux indochinois, juifs en partance pour Isra\u00ebl, immigr\u00e9s maghr\u00e9bins, familles roms ou marseillaises expuls\u00e9es en qu\u00eate d\u2019un relogement.<br \/>Ce fut longtemps un lieu de transit, de mise \u00e0 l\u2019\u00e9cart. Une terre d\u2019accueil et de solidarit\u00e9 \u00e9galement. Les choses se sont doucement d\u00e9lit\u00e9es dans les ann\u00e9es 80. On dit de ce territoire qu\u2019il est \u00abun morceau des quartiers nord tomb\u00e9 dans le sud\u00bb.<br \/>Un important programme de r\u00e9novation urbaine est en cours. Un quartier en voie de gentrification. Ici, l\u2019urbaniste parle de \u00abrenouvellement urbain\u00bb, de \u00abd\u00e9cloisonnement social\u00bb, de \u00abg\u00e9ographie r\u00eav\u00e9e\u00bb, de \u00abzone neutre\u00bb.<br \/>Certains habitants ont trouv\u00e9 les cl\u00e9s et le discours. Les autres semblent mis \u00e0 l\u2019\u00e9cart. Engloutis par un quotidien difficile, un monde r\u00e9tr\u00e9ci, une col\u00e8re sourde.<\/p>\n<p><!-- \/wp:paragraph --><!-- wp:paragraph --><\/p>\n<p><!-- \/wp:paragraph --><!-- wp:group {\"layout\":{\"type\":\"constrained\",\"contentSize\":\"400px\",\"justifyContent\":\"left\"}} --><\/p>\n<div><!-- wp:paragraph {\"style\":{\"layout\":{\"selfStretch\":\"fixed\",\"flexSize\":\"50%\"}},\"fontSize\":\"small\"} --><em>Projet de r\u00e9sidence finalis\u00e9 par une exposition \u00e0 Marseille en 2024 (Le Pangolin) et un livre chez Arnaud Bizalion Editeur.<\/em><\/div>\t\t\t\t\t\t\t\t<\/div>\n\t\t\t\t<\/div>\n\t\t\t\t<div class=\"elementor-element elementor-element-88d4886 elementor-widget elementor-widget-image\" data-id=\"88d4886\" data-element_type=\"widget\" data-e-type=\"widget\" data-widget_type=\"image.default\">\n\t\t\t\t<div class=\"elementor-widget-container\">\n\t\t\t\t\t\t\t\t\t\t\t\t\t\t\t<img fetchpriority=\"high\" decoding=\"async\" width=\"616\" height=\"714\" src=\"https:\/\/www.legaragephotographie.com\/wp-content\/uploads\/2024\/01\/Capture-decran-2024-01-09-a-11.26.39.png\" class=\"attachment-large size-large wp-image-1061\" alt=\"Chaos Calme - Anne-Sophie Costenoble\" srcset=\"https:\/\/www.legaragephotographie.com\/wp-content\/uploads\/2024\/01\/Capture-decran-2024-01-09-a-11.26.39.png 616w, https:\/\/www.legaragephotographie.com\/wp-content\/uploads\/2024\/01\/Capture-decran-2024-01-09-a-11.26.39-259x300.png 259w, https:\/\/www.legaragephotographie.com\/wp-content\/uploads\/2024\/01\/Capture-decran-2024-01-09-a-11.26.39-600x695.png 600w\" sizes=\"(max-width: 616px) 100vw, 616px\" \/>\t\t\t\t\t\t\t\t\t\t\t\t\t\t\t<\/div>\n\t\t\t\t<\/div>\n\t\t\t\t<\/div>\n\t\t<div class=\"elementor-element elementor-element-3b459c6 e-con-full e-flex e-con e-child\" data-id=\"3b459c6\" data-element_type=\"container\" data-e-type=\"container\">\n\t\t\t\t<div class=\"elementor-element elementor-element-c11e6ee elementor-widget elementor-widget-image\" data-id=\"c11e6ee\" data-element_type=\"widget\" data-e-type=\"widget\" data-widget_type=\"image.default\">\n\t\t\t\t<div class=\"elementor-widget-container\">\n\t\t\t\t\t\t\t\t\t\t\t\t\t\t\t<img decoding=\"async\" width=\"1024\" height=\"683\" src=\"https:\/\/www.legaragephotographie.com\/wp-content\/uploads\/2023\/12\/M7-075-1-1024x683.jpg\" class=\"attachment-large size-large wp-image-274\" alt=\"\" srcset=\"https:\/\/www.legaragephotographie.com\/wp-content\/uploads\/2023\/12\/M7-075-1-1024x683.jpg 1024w, https:\/\/www.legaragephotographie.com\/wp-content\/uploads\/2023\/12\/M7-075-1-600x400.jpg 600w, https:\/\/www.legaragephotographie.com\/wp-content\/uploads\/2023\/12\/M7-075-1-300x200.jpg 300w, https:\/\/www.legaragephotographie.com\/wp-content\/uploads\/2023\/12\/M7-075-1-768x512.jpg 768w, https:\/\/www.legaragephotographie.com\/wp-content\/uploads\/2023\/12\/M7-075-1.jpg 1500w\" sizes=\"(max-width: 1024px) 100vw, 1024px\" \/>\t\t\t\t\t\t\t\t\t\t\t\t\t\t\t<\/div>\n\t\t\t\t<\/div>\n\t\t\t\t<div class=\"elementor-element elementor-element-e63409b elementor-widget__width-inherit elementor-widget elementor-widget-image-carousel\" data-id=\"e63409b\" data-element_type=\"widget\" data-e-type=\"widget\" data-settings=\"{&quot;navigation&quot;:&quot;none&quot;,&quot;speed&quot;:700,&quot;slides_to_show&quot;:&quot;1&quot;,&quot;autoplay_speed&quot;:2000,&quot;autoplay&quot;:&quot;yes&quot;,&quot;pause_on_hover&quot;:&quot;yes&quot;,&quot;pause_on_interaction&quot;:&quot;yes&quot;,&quot;infinite&quot;:&quot;yes&quot;,&quot;effect&quot;:&quot;slide&quot;}\" data-widget_type=\"image-carousel.default\">\n\t\t\t\t<div class=\"elementor-widget-container\">\n\t\t\t\t\t\t\t<div class=\"elementor-image-carousel-wrapper swiper\" role=\"region\" aria-roledescription=\"carousel\" aria-label=\"Carrousel d\u2019images\" dir=\"ltr\">\n\t\t\t<div class=\"elementor-image-carousel swiper-wrapper\" aria-live=\"off\">\n\t\t\t\t\t\t\t\t<div class=\"swiper-slide\" role=\"group\" aria-roledescription=\"slide\" aria-label=\"1 sur 6\"><figure class=\"swiper-slide-inner\"><img decoding=\"async\" class=\"swiper-slide-image\" src=\"https:\/\/www.legaragephotographie.com\/wp-content\/uploads\/2023\/12\/Marseille-009-768x512.jpg\" alt=\"Marseille-009\" \/><\/figure><\/div><div class=\"swiper-slide\" role=\"group\" aria-roledescription=\"slide\" aria-label=\"2 sur 6\"><figure class=\"swiper-slide-inner\"><img decoding=\"async\" class=\"swiper-slide-image\" src=\"https:\/\/www.legaragephotographie.com\/wp-content\/uploads\/2023\/12\/Marseille-005-768x512.jpg\" alt=\"Marseille-005\" \/><\/figure><\/div><div class=\"swiper-slide\" role=\"group\" aria-roledescription=\"slide\" aria-label=\"3 sur 6\"><figure class=\"swiper-slide-inner\"><img decoding=\"async\" class=\"swiper-slide-image\" src=\"https:\/\/www.legaragephotographie.com\/wp-content\/uploads\/2023\/12\/Marseille-014-768x512.jpg\" alt=\"Marseille-014\" \/><\/figure><\/div><div class=\"swiper-slide\" role=\"group\" aria-roledescription=\"slide\" aria-label=\"4 sur 6\"><figure class=\"swiper-slide-inner\"><img decoding=\"async\" class=\"swiper-slide-image\" src=\"https:\/\/www.legaragephotographie.com\/wp-content\/uploads\/2023\/12\/Marseille-011-768x512.jpg\" alt=\"Marseille-011\" \/><\/figure><\/div><div class=\"swiper-slide\" role=\"group\" aria-roledescription=\"slide\" aria-label=\"5 sur 6\"><figure class=\"swiper-slide-inner\"><img decoding=\"async\" class=\"swiper-slide-image\" src=\"https:\/\/www.legaragephotographie.com\/wp-content\/uploads\/2023\/12\/Marseille-006-768x512.jpg\" alt=\"Marseille-006\" \/><\/figure><\/div><div class=\"swiper-slide\" role=\"group\" aria-roledescription=\"slide\" aria-label=\"6 sur 6\"><figure class=\"swiper-slide-inner\"><img decoding=\"async\" class=\"swiper-slide-image\" src=\"https:\/\/www.legaragephotographie.com\/wp-content\/uploads\/2023\/12\/Marseille-007-768x512.jpg\" alt=\"Marseille-007\" \/><\/figure><\/div>\t\t\t<\/div>\n\t\t\t\t\t\t\t\n\t\t\t\t\t\t\t\t\t<\/div>\n\t\t\t\t\t\t<\/div>\n\t\t\t\t<\/div>\n\t\t\t\t<div class=\"elementor-element elementor-element-29f5c96 elementor-widget elementor-widget-text-editor\" data-id=\"29f5c96\" data-element_type=\"widget\" data-e-type=\"widget\" data-widget_type=\"text-editor.default\">\n\t\t\t\t<div class=\"elementor-widget-container\">\n\t\t\t\t\t\t\t\t\t<p class=\"font_8 wixui-rich-text__text\"><span class=\"color_14 wixui-rich-text__text\"><span class=\"wixui-rich-text__text\">Anne-Sophie Costenoble explore et glane des instants ordinaires et fragiles. Son approche sensible et po\u00e9tique de la photographie donne une place centrale au hasard et \u00e0 l\u2019errance. Souvent nimb\u00e9es d\u2019une atmosph\u00e8re onirique et cr\u00e9pusculaire, ses images semblent nous parvenir d\u2019horizons lointains et cheminer entre urgence et \u00e9garement.<\/span><\/span><\/p>\n<p class=\"font_8 wixui-rich-text__text\"><span class=\"color_14 wixui-rich-text__text\"><span class=\"wixui-rich-text__text\">M\u00e9langer les disciplines artistiques l\u2019enchante.\u00a0 Elle a notamment collabor\u00e9 avec l\u2019artiste sonore Margarida Guia, le po\u00e8te Carl Norac, l\u2019imprimeur Bruno Robbe, l\u2019\u00e9crivaine Caroline Lamarche, les photographes <\/span><\/span><span class=\"color_14 wixui-rich-text__text\"><span class=\"wixui-rich-text__text\">Nia Diedla,\u00a0 Jean-Fran\u00e7ois Spricigo,&#8230;<\/span><\/span><\/p>\n<p class=\"font_8 wixui-rich-text__text\"><span class=\"inherit-font-size wixui-rich-text__text\"><span class=\"color_14 wixui-rich-text__text\"><span class=\"wixui-rich-text__text\"><span class=\"wixGuard wixui-rich-text__text\">\u200b<\/span><\/span><\/span><\/span><span class=\"color_14 wixui-rich-text__text\"><span class=\"wixui-rich-text__text\">Ses photographies ont \u00e9t\u00e9 expos\u00e9es en Belgique, notamment au Mus\u00e9e de la Photographie \u00e0 Charleroi et \u00e0 l\u2019Espace Contretype \u00e0 Bruxelles, mais \u00e9galement en France dans le cadre du Festival Itin\u00e9raires des Photographes Voyageurs \u00e0 Bordeaux, des Transphotographiques de Lille, \u00e0 Arles et projet\u00e9es au Bal et \u00e0 la MEP \u00e0 Paris. Ses travaux ont \u00e9t\u00e9 pr\u00e9sent\u00e9s dans divers pays d\u2019Europe ainsi qu\u2019au Mali (Rencontres de Bamako 2007).<\/span><\/span><\/p>\t\t\t\t\t\t\t\t<\/div>\n\t\t\t\t<\/div>\n\t\t\t\t<\/div>\n\t\t\t\t\t<\/div>\n\t\t\t\t<\/div>\n\t\t<div class=\"elementor-element elementor-element-e966e60 e-flex e-con-boxed e-con e-parent\" data-id=\"e966e60\" data-element_type=\"container\" data-e-type=\"container\">\n\t\t\t\t\t<div class=\"e-con-inner\">\n\t\t<div class=\"elementor-element elementor-element-0cd550a e-con-full e-flex e-con e-child\" data-id=\"0cd550a\" data-element_type=\"container\" data-e-type=\"container\">\n\t\t\t\t<div class=\"elementor-element elementor-element-3414fb9 elementor-widget elementor-widget-image\" data-id=\"3414fb9\" data-element_type=\"widget\" data-e-type=\"widget\" data-widget_type=\"image.default\">\n\t\t\t\t<div class=\"elementor-widget-container\">\n\t\t\t\t\t\t\t\t\t\t\t\t<figure class=\"wp-caption\">\n\t\t\t\t\t\t\t\t\t\t<img decoding=\"async\" width=\"1024\" height=\"1024\" src=\"https:\/\/www.legaragephotographie.com\/wp-content\/uploads\/2023\/12\/IMG_2786-1024x1024.jpg\" class=\"attachment-large size-large wp-image-75\" alt=\"Philippe Dollo - Le Garage Photographie\" srcset=\"https:\/\/www.legaragephotographie.com\/wp-content\/uploads\/2023\/12\/IMG_2786-1024x1024.jpg 1024w, https:\/\/www.legaragephotographie.com\/wp-content\/uploads\/2023\/12\/IMG_2786-300x300.jpg 300w, https:\/\/www.legaragephotographie.com\/wp-content\/uploads\/2023\/12\/IMG_2786-100x100.jpg 100w, https:\/\/www.legaragephotographie.com\/wp-content\/uploads\/2023\/12\/IMG_2786-600x600.jpg 600w, https:\/\/www.legaragephotographie.com\/wp-content\/uploads\/2023\/12\/IMG_2786-150x150.jpg 150w, https:\/\/www.legaragephotographie.com\/wp-content\/uploads\/2023\/12\/IMG_2786-768x768.jpg 768w, https:\/\/www.legaragephotographie.com\/wp-content\/uploads\/2023\/12\/IMG_2786-1536x1536.jpg 1536w, https:\/\/www.legaragephotographie.com\/wp-content\/uploads\/2023\/12\/IMG_2786-2048x2048.jpg 2048w\" sizes=\"(max-width: 1024px) 100vw, 1024px\" \/>\t\t\t\t\t\t\t\t\t\t\t<figcaption class=\"widget-image-caption wp-caption-text\">Philippe Dollo - \u00c0 partir de 2024<\/figcaption>\n\t\t\t\t\t\t\t\t\t\t<\/figure>\n\t\t\t\t\t\t\t\t\t<\/div>\n\t\t\t\t<\/div>\n\t\t\t\t<\/div>\n\t\t<div class=\"elementor-element elementor-element-20e9fb2 e-con-full e-flex e-con e-child\" data-id=\"20e9fb2\" data-element_type=\"container\" data-e-type=\"container\">\n\t\t\t\t<div class=\"elementor-element elementor-element-4544791 elementor-widget elementor-widget-image\" data-id=\"4544791\" data-element_type=\"widget\" data-e-type=\"widget\" data-widget_type=\"image.default\">\n\t\t\t\t<div class=\"elementor-widget-container\">\n\t\t\t\t\t\t\t\t\t\t\t\t<figure class=\"wp-caption\">\n\t\t\t\t\t\t\t\t\t\t\t<a href=\"https:\/\/www.legaragephotographie.com\/index.php\/margret-hoppe-2017-2020\/\">\n\t\t\t\t\t\t\t<img loading=\"lazy\" decoding=\"async\" width=\"300\" height=\"300\" src=\"https:\/\/www.legaragephotographie.com\/wp-content\/uploads\/2024\/01\/MARGRET_PORTRAIT_SCAN-9-300x300.jpg\" class=\"attachment-medium size-medium wp-image-1051\" alt=\"Margret Hoppe - Le Garage Photographie\" srcset=\"https:\/\/www.legaragephotographie.com\/wp-content\/uploads\/2024\/01\/MARGRET_PORTRAIT_SCAN-9-300x300.jpg 300w, https:\/\/www.legaragephotographie.com\/wp-content\/uploads\/2024\/01\/MARGRET_PORTRAIT_SCAN-9-150x150.jpg 150w, https:\/\/www.legaragephotographie.com\/wp-content\/uploads\/2024\/01\/MARGRET_PORTRAIT_SCAN-9-768x768.jpg 768w, https:\/\/www.legaragephotographie.com\/wp-content\/uploads\/2024\/01\/MARGRET_PORTRAIT_SCAN-9-600x600.jpg 600w, https:\/\/www.legaragephotographie.com\/wp-content\/uploads\/2024\/01\/MARGRET_PORTRAIT_SCAN-9-100x100.jpg 100w, https:\/\/www.legaragephotographie.com\/wp-content\/uploads\/2024\/01\/MARGRET_PORTRAIT_SCAN-9.jpg 800w\" sizes=\"(max-width: 300px) 100vw, 300px\" \/>\t\t\t\t\t\t\t\t<\/a>\n\t\t\t\t\t\t\t\t\t\t\t<figcaption class=\"widget-image-caption wp-caption-text\">Margret Hoppe 2017\/2019<\/figcaption>\n\t\t\t\t\t\t\t\t\t\t<\/figure>\n\t\t\t\t\t\t\t\t\t<\/div>\n\t\t\t\t<\/div>\n\t\t\t\t<\/div>\n\t\t<div class=\"elementor-element elementor-element-e72f484 e-con-full e-flex e-con e-child\" data-id=\"e72f484\" data-element_type=\"container\" data-e-type=\"container\">\n\t\t\t\t<div class=\"elementor-element elementor-element-2fa6cbc elementor-widget elementor-widget-image\" data-id=\"2fa6cbc\" data-element_type=\"widget\" data-e-type=\"widget\" data-widget_type=\"image.default\">\n\t\t\t\t<div class=\"elementor-widget-container\">\n\t\t\t\t\t\t\t\t\t\t\t\t<figure class=\"wp-caption\">\n\t\t\t\t\t\t\t\t\t\t<img loading=\"lazy\" decoding=\"async\" width=\"1024\" height=\"1024\" src=\"https:\/\/www.legaragephotographie.com\/wp-content\/uploads\/2023\/12\/DSCF4742-6-1024x1024.jpg\" class=\"attachment-large size-large wp-image-70\" alt=\"Klavdij Sluban - Le Garage Photographie\" srcset=\"https:\/\/www.legaragephotographie.com\/wp-content\/uploads\/2023\/12\/DSCF4742-6-1024x1024.jpg 1024w, https:\/\/www.legaragephotographie.com\/wp-content\/uploads\/2023\/12\/DSCF4742-6-300x300.jpg 300w, https:\/\/www.legaragephotographie.com\/wp-content\/uploads\/2023\/12\/DSCF4742-6-100x100.jpg 100w, https:\/\/www.legaragephotographie.com\/wp-content\/uploads\/2023\/12\/DSCF4742-6-600x600.jpg 600w, https:\/\/www.legaragephotographie.com\/wp-content\/uploads\/2023\/12\/DSCF4742-6-150x150.jpg 150w, https:\/\/www.legaragephotographie.com\/wp-content\/uploads\/2023\/12\/DSCF4742-6-768x768.jpg 768w, https:\/\/www.legaragephotographie.com\/wp-content\/uploads\/2023\/12\/DSCF4742-6.jpg 1200w\" sizes=\"(max-width: 1024px) 100vw, 1024px\" \/>\t\t\t\t\t\t\t\t\t\t\t<figcaption class=\"widget-image-caption wp-caption-text\">Klavdij Sultan 2015\/2017<\/figcaption>\n\t\t\t\t\t\t\t\t\t\t<\/figure>\n\t\t\t\t\t\t\t\t\t<\/div>\n\t\t\t\t<\/div>\n\t\t\t\t<\/div>\n\t\t<div class=\"elementor-element elementor-element-5ec6f09 e-con-full e-flex e-con e-child\" data-id=\"5ec6f09\" data-element_type=\"container\" data-e-type=\"container\">\n\t\t\t\t<div class=\"elementor-element elementor-element-0865886 elementor-widget elementor-widget-image\" data-id=\"0865886\" data-element_type=\"widget\" data-e-type=\"widget\" data-widget_type=\"image.default\">\n\t\t\t\t<div class=\"elementor-widget-container\">\n\t\t\t\t\t\t\t\t\t\t\t\t<figure class=\"wp-caption\">\n\t\t\t\t\t\t\t\t\t\t\t<a href=\"https:\/\/www.legaragephotographie.com\/index.php\/cecile-menendez\/\">\n\t\t\t\t\t\t\t<img loading=\"lazy\" decoding=\"async\" width=\"1024\" height=\"1024\" src=\"https:\/\/www.legaragephotographie.com\/wp-content\/uploads\/2023\/12\/le-garage-photographie-portrait-cecile-menendezHD_01-1024x1024.jpg\" class=\"attachment-large size-large wp-image-72\" alt=\"C\u00e9cile Menendez - Le Garage Photographie\" srcset=\"https:\/\/www.legaragephotographie.com\/wp-content\/uploads\/2023\/12\/le-garage-photographie-portrait-cecile-menendezHD_01-1024x1024.jpg 1024w, https:\/\/www.legaragephotographie.com\/wp-content\/uploads\/2023\/12\/le-garage-photographie-portrait-cecile-menendezHD_01-300x300.jpg 300w, https:\/\/www.legaragephotographie.com\/wp-content\/uploads\/2023\/12\/le-garage-photographie-portrait-cecile-menendezHD_01-scaled-100x100.jpg 100w, https:\/\/www.legaragephotographie.com\/wp-content\/uploads\/2023\/12\/le-garage-photographie-portrait-cecile-menendezHD_01-scaled-600x600.jpg 600w, https:\/\/www.legaragephotographie.com\/wp-content\/uploads\/2023\/12\/le-garage-photographie-portrait-cecile-menendezHD_01-150x150.jpg 150w, https:\/\/www.legaragephotographie.com\/wp-content\/uploads\/2023\/12\/le-garage-photographie-portrait-cecile-menendezHD_01-768x768.jpg 768w, https:\/\/www.legaragephotographie.com\/wp-content\/uploads\/2023\/12\/le-garage-photographie-portrait-cecile-menendezHD_01-1536x1536.jpg 1536w, https:\/\/www.legaragephotographie.com\/wp-content\/uploads\/2023\/12\/le-garage-photographie-portrait-cecile-menendezHD_01-2048x2048.jpg 2048w\" sizes=\"(max-width: 1024px) 100vw, 1024px\" \/>\t\t\t\t\t\t\t\t<\/a>\n\t\t\t\t\t\t\t\t\t\t\t<figcaption class=\"widget-image-caption wp-caption-text\">C\u00e9cile Menendez 2016\/2017<\/figcaption>\n\t\t\t\t\t\t\t\t\t\t<\/figure>\n\t\t\t\t\t\t\t\t\t<\/div>\n\t\t\t\t<\/div>\n\t\t\t\t<\/div>\n\t\t\t\t\t<\/div>\n\t\t\t\t<\/div>\n\t\t<div class=\"elementor-element elementor-element-1fee355 e-flex e-con-boxed e-con e-parent\" data-id=\"1fee355\" data-element_type=\"container\" data-e-type=\"container\">\n\t\t\t\t\t<div class=\"e-con-inner\">\n\t\t<div class=\"elementor-element elementor-element-ffc6a56 e-con-full e-flex e-con e-child\" data-id=\"ffc6a56\" data-element_type=\"container\" data-e-type=\"container\">\n\t\t\t\t<div class=\"elementor-element elementor-element-cdb80a5 elementor-widget elementor-widget-image\" data-id=\"cdb80a5\" data-element_type=\"widget\" data-e-type=\"widget\" data-widget_type=\"image.default\">\n\t\t\t\t<div class=\"elementor-widget-container\">\n\t\t\t\t\t\t\t\t\t\t\t\t<figure class=\"wp-caption\">\n\t\t\t\t\t\t\t\t\t\t\t<a href=\"https:\/\/www.legaragephotographie.com\/index.php\/lionel-briot-2016\/\">\n\t\t\t\t\t\t\t<img loading=\"lazy\" decoding=\"async\" width=\"600\" height=\"600\" src=\"https:\/\/www.legaragephotographie.com\/wp-content\/uploads\/2023\/12\/LB\u00a9WG-2892.jpg\" class=\"attachment-large size-large wp-image-73\" alt=\"Lionel Briot - Le Garage Photographie\" srcset=\"https:\/\/www.legaragephotographie.com\/wp-content\/uploads\/2023\/12\/LB\u00a9WG-2892.jpg 600w, https:\/\/www.legaragephotographie.com\/wp-content\/uploads\/2023\/12\/LB\u00a9WG-2892-300x300.jpg 300w, https:\/\/www.legaragephotographie.com\/wp-content\/uploads\/2023\/12\/LB\u00a9WG-2892-100x100.jpg 100w, https:\/\/www.legaragephotographie.com\/wp-content\/uploads\/2023\/12\/LB\u00a9WG-2892-150x150.jpg 150w\" sizes=\"(max-width: 600px) 100vw, 600px\" \/>\t\t\t\t\t\t\t\t<\/a>\n\t\t\t\t\t\t\t\t\t\t\t<figcaption class=\"widget-image-caption wp-caption-text\">Lionel Briot 2015\/2016<\/figcaption>\n\t\t\t\t\t\t\t\t\t\t<\/figure>\n\t\t\t\t\t\t\t\t\t<\/div>\n\t\t\t\t<\/div>\n\t\t\t\t<\/div>\n\t\t<div class=\"elementor-element elementor-element-94d428a e-con-full e-flex e-con e-child\" data-id=\"94d428a\" data-element_type=\"container\" data-e-type=\"container\">\n\t\t\t\t<div class=\"elementor-element elementor-element-be04acd elementor-widget elementor-widget-image\" data-id=\"be04acd\" data-element_type=\"widget\" data-e-type=\"widget\" data-widget_type=\"image.default\">\n\t\t\t\t<div class=\"elementor-widget-container\">\n\t\t\t\t\t\t\t\t\t\t\t\t<figure class=\"wp-caption\">\n\t\t\t\t\t\t\t\t\t\t\t<a href=\"https:\/\/www.legaragephotographie.com\/index.php\/didier-ben-loulou-2012-2014\/\">\n\t\t\t\t\t\t\t<img loading=\"lazy\" decoding=\"async\" width=\"600\" height=\"600\" src=\"https:\/\/www.legaragephotographie.com\/wp-content\/uploads\/2023\/12\/Didier-ben-lou-lou-par-Lionel-Briot__01.jpg\" class=\"attachment-large size-large wp-image-74\" alt=\"Didier Ben Loulou - Le Garage Photographie\" srcset=\"https:\/\/www.legaragephotographie.com\/wp-content\/uploads\/2023\/12\/Didier-ben-lou-lou-par-Lionel-Briot__01.jpg 600w, https:\/\/www.legaragephotographie.com\/wp-content\/uploads\/2023\/12\/Didier-ben-lou-lou-par-Lionel-Briot__01-300x300.jpg 300w, https:\/\/www.legaragephotographie.com\/wp-content\/uploads\/2023\/12\/Didier-ben-lou-lou-par-Lionel-Briot__01-100x100.jpg 100w, https:\/\/www.legaragephotographie.com\/wp-content\/uploads\/2023\/12\/Didier-ben-lou-lou-par-Lionel-Briot__01-150x150.jpg 150w\" sizes=\"(max-width: 600px) 100vw, 600px\" \/>\t\t\t\t\t\t\t\t<\/a>\n\t\t\t\t\t\t\t\t\t\t\t<figcaption class=\"widget-image-caption wp-caption-text\">Didier Ben Loulou 2012\/2014<\/figcaption>\n\t\t\t\t\t\t\t\t\t\t<\/figure>\n\t\t\t\t\t\t\t\t\t<\/div>\n\t\t\t\t<\/div>\n\t\t\t\t<\/div>\n\t\t<div class=\"elementor-element elementor-element-2df86b2 e-con-full e-flex e-con e-child\" data-id=\"2df86b2\" data-element_type=\"container\" data-e-type=\"container\">\n\t\t\t\t<\/div>\n\t\t<div class=\"elementor-element elementor-element-dbf7aad e-con-full e-flex e-con e-child\" data-id=\"dbf7aad\" data-element_type=\"container\" data-e-type=\"container\">\n\t\t\t\t<\/div>\n\t\t\t\t\t<\/div>\n\t\t\t\t<\/div>\n\t\t\t\t<\/div>\n\t\t","protected":false},"excerpt":{"rendered":"<p>Anne-Sophie Costenoble 2020\/2023 CHAOS CALME Le quartier de la Cayolle, situ\u00e9 entre le Parc National des Calanques et la ville de Marseille a une histoire particuli\u00e8re. Il s\u2019est \u00e9rig\u00e9 au sortir de la guerre sur l\u2019ancien camps du Grand Arenas. On peut y lire le r\u00e9cit des migrations avec l\u2019arriv\u00e9e de plusieurs communaut\u00e9s: prisonniers russes [&hellip;]<\/p>\n","protected":false},"author":1,"featured_media":0,"parent":0,"menu_order":0,"comment_status":"closed","ping_status":"closed","template":"elementor_header_footer","meta":{"ocean_post_layout":"","ocean_both_sidebars_style":"","ocean_both_sidebars_content_width":0,"ocean_both_sidebars_sidebars_width":0,"ocean_sidebar":"","ocean_second_sidebar":"","ocean_disable_margins":"enable","ocean_add_body_class":"","ocean_shortcode_before_top_bar":"","ocean_shortcode_after_top_bar":"","ocean_shortcode_before_header":"","ocean_shortcode_after_header":"","ocean_has_shortcode":"","ocean_shortcode_after_title":"","ocean_shortcode_before_footer_widgets":"","ocean_shortcode_after_footer_widgets":"","ocean_shortcode_before_footer_bottom":"","ocean_shortcode_after_footer_bottom":"","ocean_display_top_bar":"default","ocean_display_header":"default","ocean_header_style":"","ocean_center_header_left_menu":"","ocean_custom_header_template":"","ocean_custom_logo":0,"ocean_custom_retina_logo":0,"ocean_custom_logo_max_width":0,"ocean_custom_logo_tablet_max_width":0,"ocean_custom_logo_mobile_max_width":0,"ocean_custom_logo_max_height":0,"ocean_custom_logo_tablet_max_height":0,"ocean_custom_logo_mobile_max_height":0,"ocean_header_custom_menu":"","ocean_menu_typo_font_family":"","ocean_menu_typo_font_subset":"","ocean_menu_typo_font_size":0,"ocean_menu_typo_font_size_tablet":0,"ocean_menu_typo_font_size_mobile":0,"ocean_menu_typo_font_size_unit":"px","ocean_menu_typo_font_weight":"","ocean_menu_typo_font_weight_tablet":"","ocean_menu_typo_font_weight_mobile":"","ocean_menu_typo_transform":"","ocean_menu_typo_transform_tablet":"","ocean_menu_typo_transform_mobile":"","ocean_menu_typo_line_height":0,"ocean_menu_typo_line_height_tablet":0,"ocean_menu_typo_line_height_mobile":0,"ocean_menu_typo_line_height_unit":"","ocean_menu_typo_spacing":0,"ocean_menu_typo_spacing_tablet":0,"ocean_menu_typo_spacing_mobile":0,"ocean_menu_typo_spacing_unit":"","ocean_menu_link_color":"","ocean_menu_link_color_hover":"","ocean_menu_link_color_active":"","ocean_menu_link_background":"","ocean_menu_link_hover_background":"","ocean_menu_link_active_background":"","ocean_menu_social_links_bg":"","ocean_menu_social_hover_links_bg":"","ocean_menu_social_links_color":"","ocean_menu_social_hover_links_color":"","ocean_disable_title":"default","ocean_disable_heading":"default","ocean_post_title":"","ocean_post_subheading":"","ocean_post_title_style":"","ocean_post_title_background_color":"","ocean_post_title_background":0,"ocean_post_title_bg_image_position":"","ocean_post_title_bg_image_attachment":"","ocean_post_title_bg_image_repeat":"","ocean_post_title_bg_image_size":"","ocean_post_title_height":0,"ocean_post_title_bg_overlay":0.5,"ocean_post_title_bg_overlay_color":"","ocean_disable_breadcrumbs":"default","ocean_breadcrumbs_color":"","ocean_breadcrumbs_separator_color":"","ocean_breadcrumbs_links_color":"","ocean_breadcrumbs_links_hover_color":"","ocean_display_footer_widgets":"default","ocean_display_footer_bottom":"default","ocean_custom_footer_template":"","footnotes":""},"class_list":["post-259","page","type-page","status-publish","hentry","entry"],"yoast_head":"<!-- This site is optimized with the Yoast SEO plugin v27.4 - https:\/\/yoast.com\/product\/yoast-seo-wordpress\/ -->\n<title>Anne-Sophie Costenoble 2019\/2023 - Le Garage Photographie, un lieu d\u00e9di\u00e9 \u00e0 la photographie \u00e0 Marseille<\/title>\n<meta name=\"description\" content=\"Anne Sophie Costenoble en r\u00e9sidence \u00e0 Marseille entre 2019 et 2023 au Garage Photographie, \u00e0 l&#039;invitation de William Guidarini\" \/>\n<meta name=\"robots\" content=\"index, follow, max-snippet:-1, max-image-preview:large, max-video-preview:-1\" \/>\n<link rel=\"canonical\" href=\"https:\/\/www.legaragephotographie.com\/index.php\/anne-sophie-costenoble-2019-2023\/\" \/>\n<meta property=\"og:locale\" content=\"fr_FR\" \/>\n<meta property=\"og:type\" content=\"article\" \/>\n<meta property=\"og:title\" content=\"Anne-Sophie Costenoble 2019\/2023 - Le Garage Photographie, un lieu d\u00e9di\u00e9 \u00e0 la photographie \u00e0 Marseille\" \/>\n<meta property=\"og:description\" content=\"Anne Sophie Costenoble en r\u00e9sidence \u00e0 Marseille entre 2019 et 2023 au Garage Photographie, \u00e0 l&#039;invitation de William Guidarini\" \/>\n<meta property=\"og:url\" content=\"https:\/\/www.legaragephotographie.com\/index.php\/anne-sophie-costenoble-2019-2023\/\" \/>\n<meta property=\"og:site_name\" content=\"Le Garage Photographie, un lieu d\u00e9di\u00e9 \u00e0 la photographie \u00e0 Marseille\" \/>\n<meta property=\"article:modified_time\" content=\"2024-01-17T11:15:32+00:00\" \/>\n<meta property=\"og:image\" content=\"https:\/\/www.legaragephotographie.com\/wp-content\/uploads\/2024\/01\/Capture-decran-2024-01-09-a-11.26.39.png\" \/>\n<meta name=\"twitter:card\" content=\"summary_large_image\" \/>\n<meta name=\"twitter:label1\" content=\"Dur\u00e9e de lecture estim\u00e9e\" \/>\n\t<meta name=\"twitter:data1\" content=\"5 minutes\" \/>\n<script type=\"application\/ld+json\" class=\"yoast-schema-graph\">{\"@context\":\"https:\\\/\\\/schema.org\",\"@graph\":[{\"@type\":\"WebPage\",\"@id\":\"https:\\\/\\\/www.legaragephotographie.com\\\/index.php\\\/anne-sophie-costenoble-2019-2023\\\/\",\"url\":\"https:\\\/\\\/www.legaragephotographie.com\\\/index.php\\\/anne-sophie-costenoble-2019-2023\\\/\",\"name\":\"Anne-Sophie Costenoble 2019\\\/2023 - Le Garage Photographie, un lieu d\u00e9di\u00e9 \u00e0 la photographie \u00e0 Marseille\",\"isPartOf\":{\"@id\":\"https:\\\/\\\/www.legaragephotographie.com\\\/#website\"},\"primaryImageOfPage\":{\"@id\":\"https:\\\/\\\/www.legaragephotographie.com\\\/index.php\\\/anne-sophie-costenoble-2019-2023\\\/#primaryimage\"},\"image\":{\"@id\":\"https:\\\/\\\/www.legaragephotographie.com\\\/index.php\\\/anne-sophie-costenoble-2019-2023\\\/#primaryimage\"},\"thumbnailUrl\":\"https:\\\/\\\/www.legaragephotographie.com\\\/wp-content\\\/uploads\\\/2024\\\/01\\\/Capture-decran-2024-01-09-a-11.26.39.png\",\"datePublished\":\"2023-12-28T09:42:34+00:00\",\"dateModified\":\"2024-01-17T11:15:32+00:00\",\"description\":\"Anne Sophie Costenoble en r\u00e9sidence \u00e0 Marseille entre 2019 et 2023 au Garage Photographie, \u00e0 l'invitation de William Guidarini\",\"breadcrumb\":{\"@id\":\"https:\\\/\\\/www.legaragephotographie.com\\\/index.php\\\/anne-sophie-costenoble-2019-2023\\\/#breadcrumb\"},\"inLanguage\":\"fr-FR\",\"potentialAction\":[{\"@type\":\"ReadAction\",\"target\":[\"https:\\\/\\\/www.legaragephotographie.com\\\/index.php\\\/anne-sophie-costenoble-2019-2023\\\/\"]}]},{\"@type\":\"ImageObject\",\"inLanguage\":\"fr-FR\",\"@id\":\"https:\\\/\\\/www.legaragephotographie.com\\\/index.php\\\/anne-sophie-costenoble-2019-2023\\\/#primaryimage\",\"url\":\"https:\\\/\\\/www.legaragephotographie.com\\\/wp-content\\\/uploads\\\/2024\\\/01\\\/Capture-decran-2024-01-09-a-11.26.39.png\",\"contentUrl\":\"https:\\\/\\\/www.legaragephotographie.com\\\/wp-content\\\/uploads\\\/2024\\\/01\\\/Capture-decran-2024-01-09-a-11.26.39.png\",\"width\":616,\"height\":714,\"caption\":\"Chaos Calme - Anne-Sophie Costenoble\"},{\"@type\":\"BreadcrumbList\",\"@id\":\"https:\\\/\\\/www.legaragephotographie.com\\\/index.php\\\/anne-sophie-costenoble-2019-2023\\\/#breadcrumb\",\"itemListElement\":[{\"@type\":\"ListItem\",\"position\":1,\"name\":\"Accueil\",\"item\":\"https:\\\/\\\/www.legaragephotographie.com\\\/\"},{\"@type\":\"ListItem\",\"position\":2,\"name\":\"Anne-Sophie Costenoble 2019\\\/2023\"}]},{\"@type\":\"WebSite\",\"@id\":\"https:\\\/\\\/www.legaragephotographie.com\\\/#website\",\"url\":\"https:\\\/\\\/www.legaragephotographie.com\\\/\",\"name\":\"Le Garage Photographie, un lieu d\u00e9di\u00e9 \u00e0 la photographie \u00e0 Marseille\",\"description\":\"Stages et cours photo \u00e0 Marseille\",\"potentialAction\":[{\"@type\":\"SearchAction\",\"target\":{\"@type\":\"EntryPoint\",\"urlTemplate\":\"https:\\\/\\\/www.legaragephotographie.com\\\/?s={search_term_string}\"},\"query-input\":{\"@type\":\"PropertyValueSpecification\",\"valueRequired\":true,\"valueName\":\"search_term_string\"}}],\"inLanguage\":\"fr-FR\"}]}<\/script>\n<!-- \/ Yoast SEO plugin. -->","yoast_head_json":{"title":"Anne-Sophie Costenoble 2019\/2023 - Le Garage Photographie, un lieu d\u00e9di\u00e9 \u00e0 la photographie \u00e0 Marseille","description":"Anne Sophie Costenoble en r\u00e9sidence \u00e0 Marseille entre 2019 et 2023 au Garage Photographie, \u00e0 l'invitation de William Guidarini","robots":{"index":"index","follow":"follow","max-snippet":"max-snippet:-1","max-image-preview":"max-image-preview:large","max-video-preview":"max-video-preview:-1"},"canonical":"https:\/\/www.legaragephotographie.com\/index.php\/anne-sophie-costenoble-2019-2023\/","og_locale":"fr_FR","og_type":"article","og_title":"Anne-Sophie Costenoble 2019\/2023 - Le Garage Photographie, un lieu d\u00e9di\u00e9 \u00e0 la photographie \u00e0 Marseille","og_description":"Anne Sophie Costenoble en r\u00e9sidence \u00e0 Marseille entre 2019 et 2023 au Garage Photographie, \u00e0 l'invitation de William Guidarini","og_url":"https:\/\/www.legaragephotographie.com\/index.php\/anne-sophie-costenoble-2019-2023\/","og_site_name":"Le Garage Photographie, un lieu d\u00e9di\u00e9 \u00e0 la photographie \u00e0 Marseille","article_modified_time":"2024-01-17T11:15:32+00:00","og_image":[{"url":"https:\/\/www.legaragephotographie.com\/wp-content\/uploads\/2024\/01\/Capture-decran-2024-01-09-a-11.26.39.png","type":"","width":"","height":""}],"twitter_card":"summary_large_image","twitter_misc":{"Dur\u00e9e de lecture estim\u00e9e":"5 minutes"},"schema":{"@context":"https:\/\/schema.org","@graph":[{"@type":"WebPage","@id":"https:\/\/www.legaragephotographie.com\/index.php\/anne-sophie-costenoble-2019-2023\/","url":"https:\/\/www.legaragephotographie.com\/index.php\/anne-sophie-costenoble-2019-2023\/","name":"Anne-Sophie Costenoble 2019\/2023 - Le Garage Photographie, un lieu d\u00e9di\u00e9 \u00e0 la photographie \u00e0 Marseille","isPartOf":{"@id":"https:\/\/www.legaragephotographie.com\/#website"},"primaryImageOfPage":{"@id":"https:\/\/www.legaragephotographie.com\/index.php\/anne-sophie-costenoble-2019-2023\/#primaryimage"},"image":{"@id":"https:\/\/www.legaragephotographie.com\/index.php\/anne-sophie-costenoble-2019-2023\/#primaryimage"},"thumbnailUrl":"https:\/\/www.legaragephotographie.com\/wp-content\/uploads\/2024\/01\/Capture-decran-2024-01-09-a-11.26.39.png","datePublished":"2023-12-28T09:42:34+00:00","dateModified":"2024-01-17T11:15:32+00:00","description":"Anne Sophie Costenoble en r\u00e9sidence \u00e0 Marseille entre 2019 et 2023 au Garage Photographie, \u00e0 l'invitation de William Guidarini","breadcrumb":{"@id":"https:\/\/www.legaragephotographie.com\/index.php\/anne-sophie-costenoble-2019-2023\/#breadcrumb"},"inLanguage":"fr-FR","potentialAction":[{"@type":"ReadAction","target":["https:\/\/www.legaragephotographie.com\/index.php\/anne-sophie-costenoble-2019-2023\/"]}]},{"@type":"ImageObject","inLanguage":"fr-FR","@id":"https:\/\/www.legaragephotographie.com\/index.php\/anne-sophie-costenoble-2019-2023\/#primaryimage","url":"https:\/\/www.legaragephotographie.com\/wp-content\/uploads\/2024\/01\/Capture-decran-2024-01-09-a-11.26.39.png","contentUrl":"https:\/\/www.legaragephotographie.com\/wp-content\/uploads\/2024\/01\/Capture-decran-2024-01-09-a-11.26.39.png","width":616,"height":714,"caption":"Chaos Calme - Anne-Sophie Costenoble"},{"@type":"BreadcrumbList","@id":"https:\/\/www.legaragephotographie.com\/index.php\/anne-sophie-costenoble-2019-2023\/#breadcrumb","itemListElement":[{"@type":"ListItem","position":1,"name":"Accueil","item":"https:\/\/www.legaragephotographie.com\/"},{"@type":"ListItem","position":2,"name":"Anne-Sophie Costenoble 2019\/2023"}]},{"@type":"WebSite","@id":"https:\/\/www.legaragephotographie.com\/#website","url":"https:\/\/www.legaragephotographie.com\/","name":"Le Garage Photographie, un lieu d\u00e9di\u00e9 \u00e0 la photographie \u00e0 Marseille","description":"Stages et cours photo \u00e0 Marseille","potentialAction":[{"@type":"SearchAction","target":{"@type":"EntryPoint","urlTemplate":"https:\/\/www.legaragephotographie.com\/?s={search_term_string}"},"query-input":{"@type":"PropertyValueSpecification","valueRequired":true,"valueName":"search_term_string"}}],"inLanguage":"fr-FR"}]}},"jetpack_likes_enabled":true,"jetpack_sharing_enabled":true,"_links":{"self":[{"href":"https:\/\/www.legaragephotographie.com\/index.php\/wp-json\/wp\/v2\/pages\/259","targetHints":{"allow":["GET"]}}],"collection":[{"href":"https:\/\/www.legaragephotographie.com\/index.php\/wp-json\/wp\/v2\/pages"}],"about":[{"href":"https:\/\/www.legaragephotographie.com\/index.php\/wp-json\/wp\/v2\/types\/page"}],"author":[{"embeddable":true,"href":"https:\/\/www.legaragephotographie.com\/index.php\/wp-json\/wp\/v2\/users\/1"}],"replies":[{"embeddable":true,"href":"https:\/\/www.legaragephotographie.com\/index.php\/wp-json\/wp\/v2\/comments?post=259"}],"version-history":[{"count":48,"href":"https:\/\/www.legaragephotographie.com\/index.php\/wp-json\/wp\/v2\/pages\/259\/revisions"}],"predecessor-version":[{"id":1070,"href":"https:\/\/www.legaragephotographie.com\/index.php\/wp-json\/wp\/v2\/pages\/259\/revisions\/1070"}],"wp:attachment":[{"href":"https:\/\/www.legaragephotographie.com\/index.php\/wp-json\/wp\/v2\/media?parent=259"}],"curies":[{"name":"wp","href":"https:\/\/api.w.org\/{rel}","templated":true}]}}