{"id":1209,"date":"2024-01-10T14:32:27","date_gmt":"2024-01-10T13:32:27","guid":{"rendered":"https:\/\/www.legaragephotographie.com\/?page_id=1209"},"modified":"2024-01-10T14:51:48","modified_gmt":"2024-01-10T13:51:48","slug":"team-building-photo","status":"publish","type":"page","link":"https:\/\/www.legaragephotographie.com\/index.php\/team-building-photo\/","title":{"rendered":"TEAM BUILDING PHOTO"},"content":{"rendered":"\t\t<div data-elementor-type=\"wp-page\" data-elementor-id=\"1209\" class=\"elementor elementor-1209\" data-elementor-post-type=\"page\">\n\t\t\t\t<div class=\"elementor-element elementor-element-d6ee407 e-flex e-con-boxed e-con e-parent\" data-id=\"d6ee407\" data-element_type=\"container\" data-e-type=\"container\">\n\t\t\t\t\t<div class=\"e-con-inner\">\n\t\t\t\t<div class=\"elementor-element elementor-element-2b9973d elementor-widget elementor-widget-heading\" data-id=\"2b9973d\" data-element_type=\"widget\" data-e-type=\"widget\" data-widget_type=\"heading.default\">\n\t\t\t\t<div class=\"elementor-widget-container\">\n\t\t\t\t\t<h2 class=\"elementor-heading-title elementor-size-large\">TEAM BUILDING PHOTO<\/h2>\t\t\t\t<\/div>\n\t\t\t\t<\/div>\n\t\t\t\t<div class=\"elementor-element elementor-element-78a09eb elementor-widget elementor-widget-image\" data-id=\"78a09eb\" data-element_type=\"widget\" data-e-type=\"widget\" data-widget_type=\"image.default\">\n\t\t\t\t<div class=\"elementor-widget-container\">\n\t\t\t\t\t\t\t\t\t\t\t\t\t\t\t<img fetchpriority=\"high\" decoding=\"async\" width=\"2000\" height=\"431\" src=\"https:\/\/www.legaragephotographie.com\/wp-content\/uploads\/2024\/01\/modules-entreprise-le-garage-photographie_01.jpg\" class=\"attachment-2048x2048 size-2048x2048 wp-image-1212\" alt=\"Team Building Photo avec William Guidarini\" srcset=\"https:\/\/www.legaragephotographie.com\/wp-content\/uploads\/2024\/01\/modules-entreprise-le-garage-photographie_01.jpg 2000w, https:\/\/www.legaragephotographie.com\/wp-content\/uploads\/2024\/01\/modules-entreprise-le-garage-photographie_01-300x65.jpg 300w, https:\/\/www.legaragephotographie.com\/wp-content\/uploads\/2024\/01\/modules-entreprise-le-garage-photographie_01-1024x221.jpg 1024w, https:\/\/www.legaragephotographie.com\/wp-content\/uploads\/2024\/01\/modules-entreprise-le-garage-photographie_01-768x166.jpg 768w, https:\/\/www.legaragephotographie.com\/wp-content\/uploads\/2024\/01\/modules-entreprise-le-garage-photographie_01-1536x331.jpg 1536w, https:\/\/www.legaragephotographie.com\/wp-content\/uploads\/2024\/01\/modules-entreprise-le-garage-photographie_01-600x129.jpg 600w\" sizes=\"(max-width: 2000px) 100vw, 2000px\" \/>\t\t\t\t\t\t\t\t\t\t\t\t\t\t\t<\/div>\n\t\t\t\t<\/div>\n\t\t\t\t\t<\/div>\n\t\t\t\t<\/div>\n\t\t<div class=\"elementor-element elementor-element-5d380d9 e-flex e-con-boxed e-con e-parent\" data-id=\"5d380d9\" data-element_type=\"container\" data-e-type=\"container\">\n\t\t\t\t\t<div class=\"e-con-inner\">\n\t\t\t\t<div class=\"elementor-element elementor-element-a2795cf elementor-widget elementor-widget-text-editor\" data-id=\"a2795cf\" data-element_type=\"widget\" data-e-type=\"widget\" data-widget_type=\"text-editor.default\">\n\t\t\t\t<div class=\"elementor-widget-container\">\n\t\t\t\t\t\t\t\t\t<h2 style=\"text-align: center;\"><em>La photo comme outil de Management, au service de la cr\u00e9ativit\u00e9 de votre entreprise<br \/><\/em><em>Des modules clefs en main ou sur mesure, flexibles, et adapt\u00e9s aux enjeux de l\u2019entreprise. <a href=\"https:\/\/www.legaragephotographie.com\/LGP\/Team-building-le-garage-photographie.pdf\" target=\"_blank\" rel=\"noopener\">En savoir plus<\/a><br \/><\/em><\/h2><h4 style=\"text-align: center;\">Le Garage Photographie propose \u00e9galement \u00a0des animations et des formations pour l&rsquo;ensemble de vos salari\u00e9s<\/h4>\t\t\t\t\t\t\t\t<\/div>\n\t\t\t\t<\/div>\n\t\t\t\t\t<\/div>\n\t\t\t\t<\/div>\n\t\t<div class=\"elementor-element elementor-element-b77fdee e-flex e-con-boxed e-con e-parent\" data-id=\"b77fdee\" data-element_type=\"container\" data-e-type=\"container\">\n\t\t\t\t\t<div class=\"e-con-inner\">\n\t\t<div class=\"elementor-element elementor-element-c63547f e-con-full e-flex e-con e-child\" data-id=\"c63547f\" data-element_type=\"container\" data-e-type=\"container\">\n\t\t\t\t<div class=\"elementor-element elementor-element-9507fc5 elementor-widget elementor-widget-image\" data-id=\"9507fc5\" data-element_type=\"widget\" data-e-type=\"widget\" data-widget_type=\"image.default\">\n\t\t\t\t<div class=\"elementor-widget-container\">\n\t\t\t\t\t\t\t\t\t\t\t\t\t\t\t<img decoding=\"async\" width=\"800\" height=\"800\" src=\"https:\/\/www.legaragephotographie.com\/wp-content\/uploads\/2024\/01\/IMGP0368.jpg\" class=\"attachment-large size-large wp-image-1223\" alt=\"\" srcset=\"https:\/\/www.legaragephotographie.com\/wp-content\/uploads\/2024\/01\/IMGP0368.jpg 800w, https:\/\/www.legaragephotographie.com\/wp-content\/uploads\/2024\/01\/IMGP0368-300x300.jpg 300w, https:\/\/www.legaragephotographie.com\/wp-content\/uploads\/2024\/01\/IMGP0368-150x150.jpg 150w, https:\/\/www.legaragephotographie.com\/wp-content\/uploads\/2024\/01\/IMGP0368-768x768.jpg 768w, https:\/\/www.legaragephotographie.com\/wp-content\/uploads\/2024\/01\/IMGP0368-600x600.jpg 600w, https:\/\/www.legaragephotographie.com\/wp-content\/uploads\/2024\/01\/IMGP0368-100x100.jpg 100w\" sizes=\"(max-width: 800px) 100vw, 800px\" \/>\t\t\t\t\t\t\t\t\t\t\t\t\t\t\t<\/div>\n\t\t\t\t<\/div>\n\t\t\t\t<div class=\"elementor-element elementor-element-438eb72 elementor-widget elementor-widget-heading\" data-id=\"438eb72\" data-element_type=\"widget\" data-e-type=\"widget\" data-widget_type=\"heading.default\">\n\t\t\t\t<div class=\"elementor-widget-container\">\n\t\t\t\t\t<h2 class=\"elementor-heading-title elementor-size-large\">COMITE D'ENTREPRISE<\/h2>\t\t\t\t<\/div>\n\t\t\t\t<\/div>\n\t\t\t\t<div class=\"elementor-element elementor-element-07f3a4b elementor-widget elementor-widget-text-editor\" data-id=\"07f3a4b\" data-element_type=\"widget\" data-e-type=\"widget\" data-widget_type=\"text-editor.default\">\n\t\t\t\t<div class=\"elementor-widget-container\">\n\t\t\t\t\t\t\t\t\t<p style=\"text-align: center;\">Des solutions sur mesure adapt\u00e9es pour les petites comme pour les grandes entreprises. Des cours de photo dans l\u2019entreprise ou hors les murs toute l\u2019ann\u00e9e ; pour No\u00ebl, des bons cadeau et une s\u00e9ance de prises de vues avec le P\u00e8re No\u00ebl, \u00a0vous avez des besoins et des envies pour valoriser votre entreprise et f\u00e9d\u00e9rer vos salari\u00e9s, nous avons les id\u00e9es !\u00a0<a title=\"CONTACT\" href=\"http:\/\/wp.williamguidarini.com\/contact\/\">Contactez-nous<\/a>\u00a0pour tout renseignement.<\/p>\t\t\t\t\t\t\t\t<\/div>\n\t\t\t\t<\/div>\n\t\t\t\t<\/div>\n\t\t<div class=\"elementor-element elementor-element-b3e195e e-con-full e-flex e-con e-child\" data-id=\"b3e195e\" data-element_type=\"container\" data-e-type=\"container\">\n\t\t\t\t<div class=\"elementor-element elementor-element-1ded1d9 elementor-widget elementor-widget-image\" data-id=\"1ded1d9\" data-element_type=\"widget\" data-e-type=\"widget\" data-widget_type=\"image.default\">\n\t\t\t\t<div class=\"elementor-widget-container\">\n\t\t\t\t\t\t\t\t\t\t\t\t\t\t\t<img decoding=\"async\" width=\"1024\" height=\"1024\" src=\"https:\/\/www.legaragephotographie.com\/wp-content\/uploads\/2024\/01\/Team-building-allianz-le-garage-photographie_03.jpg\" class=\"attachment-large size-large wp-image-1224\" alt=\"\" srcset=\"https:\/\/www.legaragephotographie.com\/wp-content\/uploads\/2024\/01\/Team-building-allianz-le-garage-photographie_03.jpg 1024w, https:\/\/www.legaragephotographie.com\/wp-content\/uploads\/2024\/01\/Team-building-allianz-le-garage-photographie_03-300x300.jpg 300w, https:\/\/www.legaragephotographie.com\/wp-content\/uploads\/2024\/01\/Team-building-allianz-le-garage-photographie_03-150x150.jpg 150w, https:\/\/www.legaragephotographie.com\/wp-content\/uploads\/2024\/01\/Team-building-allianz-le-garage-photographie_03-768x768.jpg 768w, https:\/\/www.legaragephotographie.com\/wp-content\/uploads\/2024\/01\/Team-building-allianz-le-garage-photographie_03-600x600.jpg 600w, https:\/\/www.legaragephotographie.com\/wp-content\/uploads\/2024\/01\/Team-building-allianz-le-garage-photographie_03-100x100.jpg 100w\" sizes=\"(max-width: 1024px) 100vw, 1024px\" \/>\t\t\t\t\t\t\t\t\t\t\t\t\t\t\t<\/div>\n\t\t\t\t<\/div>\n\t\t\t\t<div class=\"elementor-element elementor-element-380cf6c elementor-widget elementor-widget-heading\" data-id=\"380cf6c\" data-element_type=\"widget\" data-e-type=\"widget\" data-widget_type=\"heading.default\">\n\t\t\t\t<div class=\"elementor-widget-container\">\n\t\t\t\t\t<h2 class=\"elementor-heading-title elementor-size-large\">TEAM BUILDING PHOTO<\/h2>\t\t\t\t<\/div>\n\t\t\t\t<\/div>\n\t\t\t\t<div class=\"elementor-element elementor-element-bdf72f5 elementor-widget elementor-widget-text-editor\" data-id=\"bdf72f5\" data-element_type=\"widget\" data-e-type=\"widget\" data-widget_type=\"text-editor.default\">\n\t\t\t\t<div class=\"elementor-widget-container\">\n\t\t\t\t\t\t\t\t\t<p style=\"text-align: center;\">Depuis 2012, nous intervenons dans toute la France lors d\u2019\u00e9v\u00e8nements de team building. Tous les domaines de la photographie peuvent \u00eatre propos\u00e9s par nos photographes formateurs, en d\u00e9placement ou au\u00a0garage\u00a0photographie\u00a0\u00e0 Marseille IX\u00e8.\u00a0<\/p><p style=\"text-align: center;\">Le Teambuilding PHOTO, c\u2019est le moyen id\u00e9al pour am\u00e9liorer la coh\u00e9sion de vos \u00e9quipes : Un vrai \u00ab\u00a0faire ensemble\u00a0\u00bb avec un outil, la photo num\u00e9rique, compl\u00e8tement dans l\u2019\u00e8re du temps et \u00a0accessible \u00e0 tous pour exprimer sa sensibilit\u00e9 ! Le tout au contact d\u2019un professionnel qui transmettra son expertise et sa passion.<\/p><p style=\"text-align: center;\">Nos r\u00e9f\u00e9rences : Groupe Allianz, Les Editions Dalloz, Volkswagen Bank, Groupe ONET<\/p>\t\t\t\t\t\t\t\t<\/div>\n\t\t\t\t<\/div>\n\t\t\t\t<\/div>\n\t\t\t\t\t<\/div>\n\t\t\t\t<\/div>\n\t\t\t\t<\/div>\n\t\t","protected":false},"excerpt":{"rendered":"<p>TEAM BUILDING PHOTO La photo comme outil de Management, au service de la cr\u00e9ativit\u00e9 de votre entrepriseDes modules clefs en main ou sur mesure, flexibles, et adapt\u00e9s aux enjeux de l\u2019entreprise. En savoir plus Le Garage Photographie propose \u00e9galement \u00a0des animations et des formations pour l&rsquo;ensemble de vos salari\u00e9s COMITE D&rsquo;ENTREPRISE Des solutions sur mesure [&hellip;]<\/p>\n","protected":false},"author":1,"featured_media":0,"parent":0,"menu_order":0,"comment_status":"closed","ping_status":"closed","template":"elementor_header_footer","meta":{"ocean_post_layout":"","ocean_both_sidebars_style":"","ocean_both_sidebars_content_width":0,"ocean_both_sidebars_sidebars_width":0,"ocean_sidebar":"","ocean_second_sidebar":"","ocean_disable_margins":"enable","ocean_add_body_class":"","ocean_shortcode_before_top_bar":"","ocean_shortcode_after_top_bar":"","ocean_shortcode_before_header":"","ocean_shortcode_after_header":"","ocean_has_shortcode":"","ocean_shortcode_after_title":"","ocean_shortcode_before_footer_widgets":"","ocean_shortcode_after_footer_widgets":"","ocean_shortcode_before_footer_bottom":"","ocean_shortcode_after_footer_bottom":"","ocean_display_top_bar":"default","ocean_display_header":"default","ocean_header_style":"","ocean_center_header_left_menu":"","ocean_custom_header_template":"","ocean_custom_logo":0,"ocean_custom_retina_logo":0,"ocean_custom_logo_max_width":0,"ocean_custom_logo_tablet_max_width":0,"ocean_custom_logo_mobile_max_width":0,"ocean_custom_logo_max_height":0,"ocean_custom_logo_tablet_max_height":0,"ocean_custom_logo_mobile_max_height":0,"ocean_header_custom_menu":"","ocean_menu_typo_font_family":"","ocean_menu_typo_font_subset":"","ocean_menu_typo_font_size":0,"ocean_menu_typo_font_size_tablet":0,"ocean_menu_typo_font_size_mobile":0,"ocean_menu_typo_font_size_unit":"px","ocean_menu_typo_font_weight":"","ocean_menu_typo_font_weight_tablet":"","ocean_menu_typo_font_weight_mobile":"","ocean_menu_typo_transform":"","ocean_menu_typo_transform_tablet":"","ocean_menu_typo_transform_mobile":"","ocean_menu_typo_line_height":0,"ocean_menu_typo_line_height_tablet":0,"ocean_menu_typo_line_height_mobile":0,"ocean_menu_typo_line_height_unit":"","ocean_menu_typo_spacing":0,"ocean_menu_typo_spacing_tablet":0,"ocean_menu_typo_spacing_mobile":0,"ocean_menu_typo_spacing_unit":"","ocean_menu_link_color":"","ocean_menu_link_color_hover":"","ocean_menu_link_color_active":"","ocean_menu_link_background":"","ocean_menu_link_hover_background":"","ocean_menu_link_active_background":"","ocean_menu_social_links_bg":"","ocean_menu_social_hover_links_bg":"","ocean_menu_social_links_color":"","ocean_menu_social_hover_links_color":"","ocean_disable_title":"default","ocean_disable_heading":"default","ocean_post_title":"","ocean_post_subheading":"","ocean_post_title_style":"","ocean_post_title_background_color":"","ocean_post_title_background":0,"ocean_post_title_bg_image_position":"","ocean_post_title_bg_image_attachment":"","ocean_post_title_bg_image_repeat":"","ocean_post_title_bg_image_size":"","ocean_post_title_height":0,"ocean_post_title_bg_overlay":0.5,"ocean_post_title_bg_overlay_color":"","ocean_disable_breadcrumbs":"default","ocean_breadcrumbs_color":"","ocean_breadcrumbs_separator_color":"","ocean_breadcrumbs_links_color":"","ocean_breadcrumbs_links_hover_color":"","ocean_display_footer_widgets":"default","ocean_display_footer_bottom":"default","ocean_custom_footer_template":"","footnotes":""},"class_list":["post-1209","page","type-page","status-publish","hentry","entry"],"yoast_head":"<!-- This site is optimized with the Yoast SEO plugin v27.4 - https:\/\/yoast.com\/product\/yoast-seo-wordpress\/ -->\n<title>TEAM BUILDING PHOTO - Le Garage Photographie, un lieu d\u00e9di\u00e9 \u00e0 la photographie \u00e0 Marseille<\/title>\n<meta name=\"robots\" content=\"index, follow, max-snippet:-1, max-image-preview:large, max-video-preview:-1\" \/>\n<link rel=\"canonical\" href=\"https:\/\/www.legaragephotographie.com\/index.php\/team-building-photo\/\" \/>\n<meta property=\"og:locale\" content=\"fr_FR\" \/>\n<meta property=\"og:type\" content=\"article\" \/>\n<meta property=\"og:title\" content=\"TEAM BUILDING PHOTO - Le Garage Photographie, un lieu d\u00e9di\u00e9 \u00e0 la photographie \u00e0 Marseille\" \/>\n<meta property=\"og:description\" content=\"TEAM BUILDING PHOTO La photo comme outil de Management, au service de la cr\u00e9ativit\u00e9 de votre entrepriseDes modules clefs en main ou sur mesure, flexibles, et adapt\u00e9s aux enjeux de l\u2019entreprise. En savoir plus Le Garage Photographie propose \u00e9galement \u00a0des animations et des formations pour l&rsquo;ensemble de vos salari\u00e9s COMITE D&rsquo;ENTREPRISE Des solutions sur mesure [&hellip;]\" \/>\n<meta property=\"og:url\" content=\"https:\/\/www.legaragephotographie.com\/index.php\/team-building-photo\/\" \/>\n<meta property=\"og:site_name\" content=\"Le Garage Photographie, un lieu d\u00e9di\u00e9 \u00e0 la photographie \u00e0 Marseille\" \/>\n<meta property=\"article:modified_time\" content=\"2024-01-10T13:51:48+00:00\" \/>\n<meta property=\"og:image\" content=\"https:\/\/www.legaragephotographie.com\/wp-content\/uploads\/2024\/01\/modules-entreprise-le-garage-photographie_01.jpg\" \/>\n<meta name=\"twitter:card\" content=\"summary_large_image\" \/>\n<meta name=\"twitter:label1\" content=\"Dur\u00e9e de lecture estim\u00e9e\" \/>\n\t<meta name=\"twitter:data1\" content=\"2 minutes\" \/>\n<script type=\"application\/ld+json\" class=\"yoast-schema-graph\">{\"@context\":\"https:\\\/\\\/schema.org\",\"@graph\":[{\"@type\":\"WebPage\",\"@id\":\"https:\\\/\\\/www.legaragephotographie.com\\\/index.php\\\/team-building-photo\\\/\",\"url\":\"https:\\\/\\\/www.legaragephotographie.com\\\/index.php\\\/team-building-photo\\\/\",\"name\":\"TEAM BUILDING PHOTO - Le Garage Photographie, un lieu d\u00e9di\u00e9 \u00e0 la photographie \u00e0 Marseille\",\"isPartOf\":{\"@id\":\"https:\\\/\\\/www.legaragephotographie.com\\\/#website\"},\"primaryImageOfPage\":{\"@id\":\"https:\\\/\\\/www.legaragephotographie.com\\\/index.php\\\/team-building-photo\\\/#primaryimage\"},\"image\":{\"@id\":\"https:\\\/\\\/www.legaragephotographie.com\\\/index.php\\\/team-building-photo\\\/#primaryimage\"},\"thumbnailUrl\":\"https:\\\/\\\/www.legaragephotographie.com\\\/wp-content\\\/uploads\\\/2024\\\/01\\\/modules-entreprise-le-garage-photographie_01.jpg\",\"datePublished\":\"2024-01-10T13:32:27+00:00\",\"dateModified\":\"2024-01-10T13:51:48+00:00\",\"breadcrumb\":{\"@id\":\"https:\\\/\\\/www.legaragephotographie.com\\\/index.php\\\/team-building-photo\\\/#breadcrumb\"},\"inLanguage\":\"fr-FR\",\"potentialAction\":[{\"@type\":\"ReadAction\",\"target\":[\"https:\\\/\\\/www.legaragephotographie.com\\\/index.php\\\/team-building-photo\\\/\"]}]},{\"@type\":\"ImageObject\",\"inLanguage\":\"fr-FR\",\"@id\":\"https:\\\/\\\/www.legaragephotographie.com\\\/index.php\\\/team-building-photo\\\/#primaryimage\",\"url\":\"https:\\\/\\\/www.legaragephotographie.com\\\/wp-content\\\/uploads\\\/2024\\\/01\\\/modules-entreprise-le-garage-photographie_01.jpg\",\"contentUrl\":\"https:\\\/\\\/www.legaragephotographie.com\\\/wp-content\\\/uploads\\\/2024\\\/01\\\/modules-entreprise-le-garage-photographie_01.jpg\",\"width\":2000,\"height\":431,\"caption\":\"Team Building Photo avec William Guidarini\"},{\"@type\":\"BreadcrumbList\",\"@id\":\"https:\\\/\\\/www.legaragephotographie.com\\\/index.php\\\/team-building-photo\\\/#breadcrumb\",\"itemListElement\":[{\"@type\":\"ListItem\",\"position\":1,\"name\":\"Accueil\",\"item\":\"https:\\\/\\\/www.legaragephotographie.com\\\/\"},{\"@type\":\"ListItem\",\"position\":2,\"name\":\"TEAM BUILDING PHOTO\"}]},{\"@type\":\"WebSite\",\"@id\":\"https:\\\/\\\/www.legaragephotographie.com\\\/#website\",\"url\":\"https:\\\/\\\/www.legaragephotographie.com\\\/\",\"name\":\"Le Garage Photographie, un lieu d\u00e9di\u00e9 \u00e0 la photographie \u00e0 Marseille\",\"description\":\"Stages et cours photo \u00e0 Marseille\",\"potentialAction\":[{\"@type\":\"SearchAction\",\"target\":{\"@type\":\"EntryPoint\",\"urlTemplate\":\"https:\\\/\\\/www.legaragephotographie.com\\\/?s={search_term_string}\"},\"query-input\":{\"@type\":\"PropertyValueSpecification\",\"valueRequired\":true,\"valueName\":\"search_term_string\"}}],\"inLanguage\":\"fr-FR\"}]}<\/script>\n<!-- \/ Yoast SEO plugin. -->","yoast_head_json":{"title":"TEAM BUILDING PHOTO - Le Garage Photographie, un lieu d\u00e9di\u00e9 \u00e0 la photographie \u00e0 Marseille","robots":{"index":"index","follow":"follow","max-snippet":"max-snippet:-1","max-image-preview":"max-image-preview:large","max-video-preview":"max-video-preview:-1"},"canonical":"https:\/\/www.legaragephotographie.com\/index.php\/team-building-photo\/","og_locale":"fr_FR","og_type":"article","og_title":"TEAM BUILDING PHOTO - Le Garage Photographie, un lieu d\u00e9di\u00e9 \u00e0 la photographie \u00e0 Marseille","og_description":"TEAM BUILDING PHOTO La photo comme outil de Management, au service de la cr\u00e9ativit\u00e9 de votre entrepriseDes modules clefs en main ou sur mesure, flexibles, et adapt\u00e9s aux enjeux de l\u2019entreprise. En savoir plus Le Garage Photographie propose \u00e9galement \u00a0des animations et des formations pour l&rsquo;ensemble de vos salari\u00e9s COMITE D&rsquo;ENTREPRISE Des solutions sur mesure [&hellip;]","og_url":"https:\/\/www.legaragephotographie.com\/index.php\/team-building-photo\/","og_site_name":"Le Garage Photographie, un lieu d\u00e9di\u00e9 \u00e0 la photographie \u00e0 Marseille","article_modified_time":"2024-01-10T13:51:48+00:00","og_image":[{"url":"https:\/\/www.legaragephotographie.com\/wp-content\/uploads\/2024\/01\/modules-entreprise-le-garage-photographie_01.jpg","type":"","width":"","height":""}],"twitter_card":"summary_large_image","twitter_misc":{"Dur\u00e9e de lecture estim\u00e9e":"2 minutes"},"schema":{"@context":"https:\/\/schema.org","@graph":[{"@type":"WebPage","@id":"https:\/\/www.legaragephotographie.com\/index.php\/team-building-photo\/","url":"https:\/\/www.legaragephotographie.com\/index.php\/team-building-photo\/","name":"TEAM BUILDING PHOTO - Le Garage Photographie, un lieu d\u00e9di\u00e9 \u00e0 la photographie \u00e0 Marseille","isPartOf":{"@id":"https:\/\/www.legaragephotographie.com\/#website"},"primaryImageOfPage":{"@id":"https:\/\/www.legaragephotographie.com\/index.php\/team-building-photo\/#primaryimage"},"image":{"@id":"https:\/\/www.legaragephotographie.com\/index.php\/team-building-photo\/#primaryimage"},"thumbnailUrl":"https:\/\/www.legaragephotographie.com\/wp-content\/uploads\/2024\/01\/modules-entreprise-le-garage-photographie_01.jpg","datePublished":"2024-01-10T13:32:27+00:00","dateModified":"2024-01-10T13:51:48+00:00","breadcrumb":{"@id":"https:\/\/www.legaragephotographie.com\/index.php\/team-building-photo\/#breadcrumb"},"inLanguage":"fr-FR","potentialAction":[{"@type":"ReadAction","target":["https:\/\/www.legaragephotographie.com\/index.php\/team-building-photo\/"]}]},{"@type":"ImageObject","inLanguage":"fr-FR","@id":"https:\/\/www.legaragephotographie.com\/index.php\/team-building-photo\/#primaryimage","url":"https:\/\/www.legaragephotographie.com\/wp-content\/uploads\/2024\/01\/modules-entreprise-le-garage-photographie_01.jpg","contentUrl":"https:\/\/www.legaragephotographie.com\/wp-content\/uploads\/2024\/01\/modules-entreprise-le-garage-photographie_01.jpg","width":2000,"height":431,"caption":"Team Building Photo avec William Guidarini"},{"@type":"BreadcrumbList","@id":"https:\/\/www.legaragephotographie.com\/index.php\/team-building-photo\/#breadcrumb","itemListElement":[{"@type":"ListItem","position":1,"name":"Accueil","item":"https:\/\/www.legaragephotographie.com\/"},{"@type":"ListItem","position":2,"name":"TEAM BUILDING PHOTO"}]},{"@type":"WebSite","@id":"https:\/\/www.legaragephotographie.com\/#website","url":"https:\/\/www.legaragephotographie.com\/","name":"Le Garage Photographie, un lieu d\u00e9di\u00e9 \u00e0 la photographie \u00e0 Marseille","description":"Stages et cours photo \u00e0 Marseille","potentialAction":[{"@type":"SearchAction","target":{"@type":"EntryPoint","urlTemplate":"https:\/\/www.legaragephotographie.com\/?s={search_term_string}"},"query-input":{"@type":"PropertyValueSpecification","valueRequired":true,"valueName":"search_term_string"}}],"inLanguage":"fr-FR"}]}},"jetpack_likes_enabled":true,"jetpack_sharing_enabled":true,"_links":{"self":[{"href":"https:\/\/www.legaragephotographie.com\/index.php\/wp-json\/wp\/v2\/pages\/1209","targetHints":{"allow":["GET"]}}],"collection":[{"href":"https:\/\/www.legaragephotographie.com\/index.php\/wp-json\/wp\/v2\/pages"}],"about":[{"href":"https:\/\/www.legaragephotographie.com\/index.php\/wp-json\/wp\/v2\/types\/page"}],"author":[{"embeddable":true,"href":"https:\/\/www.legaragephotographie.com\/index.php\/wp-json\/wp\/v2\/users\/1"}],"replies":[{"embeddable":true,"href":"https:\/\/www.legaragephotographie.com\/index.php\/wp-json\/wp\/v2\/comments?post=1209"}],"version-history":[{"count":26,"href":"https:\/\/www.legaragephotographie.com\/index.php\/wp-json\/wp\/v2\/pages\/1209\/revisions"}],"predecessor-version":[{"id":1239,"href":"https:\/\/www.legaragephotographie.com\/index.php\/wp-json\/wp\/v2\/pages\/1209\/revisions\/1239"}],"wp:attachment":[{"href":"https:\/\/www.legaragephotographie.com\/index.php\/wp-json\/wp\/v2\/media?parent=1209"}],"curies":[{"name":"wp","href":"https:\/\/api.w.org\/{rel}","templated":true}]}}