{"id":1155,"date":"2024-01-10T13:59:20","date_gmt":"2024-01-10T12:59:20","guid":{"rendered":"https:\/\/www.legaragephotographie.com\/?page_id=1155"},"modified":"2024-01-10T14:21:12","modified_gmt":"2024-01-10T13:21:12","slug":"methodologie","status":"publish","type":"page","link":"https:\/\/www.legaragephotographie.com\/index.php\/methodologie\/","title":{"rendered":"M\u00e9thodologie"},"content":{"rendered":"\t\t<div data-elementor-type=\"wp-page\" data-elementor-id=\"1155\" class=\"elementor elementor-1155\" data-elementor-post-type=\"page\">\n\t\t\t\t<div class=\"elementor-element elementor-element-66dc542 e-flex e-con-boxed e-con e-parent\" data-id=\"66dc542\" data-element_type=\"container\" data-e-type=\"container\">\n\t\t\t\t\t<div class=\"e-con-inner\">\n\t\t\t\t<div class=\"elementor-element elementor-element-36a52c7 elementor-widget elementor-widget-heading\" data-id=\"36a52c7\" data-element_type=\"widget\" data-e-type=\"widget\" data-widget_type=\"heading.default\">\n\t\t\t\t<div class=\"elementor-widget-container\">\n\t\t\t\t\t<h2 class=\"elementor-heading-title elementor-size-large\">M\u00c9THODOLOGIE<\/h2>\t\t\t\t<\/div>\n\t\t\t\t<\/div>\n\t\t\t\t\t<\/div>\n\t\t\t\t<\/div>\n\t\t<div class=\"elementor-element elementor-element-128ec35 e-flex e-con-boxed e-con e-parent\" data-id=\"128ec35\" data-element_type=\"container\" data-e-type=\"container\">\n\t\t\t\t\t<div class=\"e-con-inner\">\n\t\t\t\t<div class=\"elementor-element elementor-element-141627a elementor-widget elementor-widget-text-editor\" data-id=\"141627a\" data-element_type=\"widget\" data-e-type=\"widget\" data-widget_type=\"text-editor.default\">\n\t\t\t\t<div class=\"elementor-widget-container\">\n\t\t\t\t\t\t\t\t\t<h3 style=\"text-align: center;\">Une m\u00e9thodologie centr\u00e9e sur le photographe stagiaire, consid\u00e9r\u00e9 comme un \u00eatre sensible, engag\u00e9 et coop\u00e9ratif.<\/h3>\t\t\t\t\t\t\t\t<\/div>\n\t\t\t\t<\/div>\n\t\t\t\t\t<\/div>\n\t\t\t\t<\/div>\n\t\t<div class=\"elementor-element elementor-element-9fcad57 e-flex e-con-boxed e-con e-parent\" data-id=\"9fcad57\" data-element_type=\"container\" data-e-type=\"container\">\n\t\t\t\t\t<div class=\"e-con-inner\">\n\t\t<div class=\"elementor-element elementor-element-2e01d49 e-con-full e-flex e-con e-child\" data-id=\"2e01d49\" data-element_type=\"container\" data-e-type=\"container\">\n\t\t\t\t<div class=\"elementor-element elementor-element-f5f2a49 elementor-widget elementor-widget-image\" data-id=\"f5f2a49\" data-element_type=\"widget\" data-e-type=\"widget\" data-widget_type=\"image.default\">\n\t\t\t\t<div class=\"elementor-widget-container\">\n\t\t\t\t\t\t\t\t\t\t\t\t\t\t\t<img fetchpriority=\"high\" decoding=\"async\" width=\"1024\" height=\"682\" src=\"https:\/\/www.legaragephotographie.com\/wp-content\/uploads\/2024\/01\/le-garage-photographie-lectures-de-portfolios_01-1024x682.jpg\" class=\"attachment-large size-large wp-image-1157\" alt=\"Lectures de portfolio avec William Guidarini\" srcset=\"https:\/\/www.legaragephotographie.com\/wp-content\/uploads\/2024\/01\/le-garage-photographie-lectures-de-portfolios_01-1024x682.jpg 1024w, https:\/\/www.legaragephotographie.com\/wp-content\/uploads\/2024\/01\/le-garage-photographie-lectures-de-portfolios_01-300x200.jpg 300w, https:\/\/www.legaragephotographie.com\/wp-content\/uploads\/2024\/01\/le-garage-photographie-lectures-de-portfolios_01-768x512.jpg 768w, https:\/\/www.legaragephotographie.com\/wp-content\/uploads\/2024\/01\/le-garage-photographie-lectures-de-portfolios_01-1536x1024.jpg 1536w, https:\/\/www.legaragephotographie.com\/wp-content\/uploads\/2024\/01\/le-garage-photographie-lectures-de-portfolios_01-600x400.jpg 600w, https:\/\/www.legaragephotographie.com\/wp-content\/uploads\/2024\/01\/le-garage-photographie-lectures-de-portfolios_01.jpg 2000w\" sizes=\"(max-width: 1024px) 100vw, 1024px\" \/>\t\t\t\t\t\t\t\t\t\t\t\t\t\t\t<\/div>\n\t\t\t\t<\/div>\n\t\t\t\t<div class=\"elementor-element elementor-element-f478ac9 elementor-widget elementor-widget-text-editor\" data-id=\"f478ac9\" data-element_type=\"widget\" data-e-type=\"widget\" data-widget_type=\"text-editor.default\">\n\t\t\t\t<div class=\"elementor-widget-container\">\n\t\t\t\t\t\t\t\t\t<h3 style=\"text-align: center;\">ENVIRONNEMENT<\/h3><h4 style=\"text-align: center;\">Assurer des conditions optimales\u00a0d&rsquo;apprentissage<\/h4>\t\t\t\t\t\t\t\t<\/div>\n\t\t\t\t<\/div>\n\t\t\t\t<div class=\"elementor-element elementor-element-eef0dbd elementor-widget elementor-widget-text-editor\" data-id=\"eef0dbd\" data-element_type=\"widget\" data-e-type=\"widget\" data-widget_type=\"text-editor.default\">\n\t\t\t\t<div class=\"elementor-widget-container\">\n\t\t\t\t\t\t\t\t\t<p style=\"text-align: center;\">Lieu atypique, spacieux et convivial : <a href=\"https:\/\/www.legaragephotographie.com\/le-garage-photographie-le-lieu\/\" target=\"_blank\" rel=\"noopener\">Le Garage Photographie<\/a>, situ\u00e9 au pied du massif des Calanques, formidable terrain d&rsquo;exp\u00e9rimentation<\/p><p style=\"text-align: center;\">Animateur\u00a0exp\u00e9riment\u00e9, exigeant et bienveillant : <a href=\"https:\/\/www.legaragephotographie.com\/william-guidarini-formateur-en-photographie\/\" target=\"_blank\" rel=\"noopener\">William Guidarini<\/a>,\u00a0photographe professionnel et formateur en photographie depuis 10 ans.<\/p><p style=\"text-align: center;\">Format de stage unique : journ\u00e9e de formation, en continu pour un nombre participants limit\u00e9 \u00e0 8 \/ stages<\/p><p style=\"text-align: center;\">Contenu : 1\/3 \u00a0Technique &#8211; 1\/3 Mise en pratique sur le terrain &#8211; 1\/3 Analyse d&rsquo;images en vid\u00e9o-projection<\/p>\t\t\t\t\t\t\t\t<\/div>\n\t\t\t\t<\/div>\n\t\t\t\t<\/div>\n\t\t<div class=\"elementor-element elementor-element-48a22da e-con-full e-flex e-con e-child\" data-id=\"48a22da\" data-element_type=\"container\" data-e-type=\"container\">\n\t\t\t\t<div class=\"elementor-element elementor-element-d3decc6 elementor-widget elementor-widget-image\" data-id=\"d3decc6\" data-element_type=\"widget\" data-e-type=\"widget\" data-widget_type=\"image.default\">\n\t\t\t\t<div class=\"elementor-widget-container\">\n\t\t\t\t\t\t\t\t\t\t\t\t\t\t\t<img decoding=\"async\" width=\"1024\" height=\"683\" src=\"https:\/\/www.legaragephotographie.com\/wp-content\/uploads\/2024\/01\/le-garage-photographie-2017_05-1024x683.jpg\" class=\"attachment-large size-large wp-image-1158\" alt=\"\" srcset=\"https:\/\/www.legaragephotographie.com\/wp-content\/uploads\/2024\/01\/le-garage-photographie-2017_05-1024x683.jpg 1024w, https:\/\/www.legaragephotographie.com\/wp-content\/uploads\/2024\/01\/le-garage-photographie-2017_05-300x200.jpg 300w, https:\/\/www.legaragephotographie.com\/wp-content\/uploads\/2024\/01\/le-garage-photographie-2017_05-768x512.jpg 768w, https:\/\/www.legaragephotographie.com\/wp-content\/uploads\/2024\/01\/le-garage-photographie-2017_05-600x400.jpg 600w, https:\/\/www.legaragephotographie.com\/wp-content\/uploads\/2024\/01\/le-garage-photographie-2017_05.jpg 1200w\" sizes=\"(max-width: 1024px) 100vw, 1024px\" \/>\t\t\t\t\t\t\t\t\t\t\t\t\t\t\t<\/div>\n\t\t\t\t<\/div>\n\t\t\t\t<div class=\"elementor-element elementor-element-4262e00 elementor-widget elementor-widget-text-editor\" data-id=\"4262e00\" data-element_type=\"widget\" data-e-type=\"widget\" data-widget_type=\"text-editor.default\">\n\t\t\t\t<div class=\"elementor-widget-container\">\n\t\t\t\t\t\t\t\t\t<h3 style=\"text-align: center;\">PARCOURS P\u00c9DAGOGIQUE<\/h3><h4 style=\"text-align: center;\">Garantir la progression, sur la dur\u00e9e, avec diff\u00e9rents contenus<\/h4>\t\t\t\t\t\t\t\t<\/div>\n\t\t\t\t<\/div>\n\t\t\t\t<div class=\"elementor-element elementor-element-8935ab9 elementor-widget elementor-widget-text-editor\" data-id=\"8935ab9\" data-element_type=\"widget\" data-e-type=\"widget\" data-widget_type=\"text-editor.default\">\n\t\t\t\t<div class=\"elementor-widget-container\">\n\t\t\t\t\t\t\t\t\t<p style=\"text-align: center;\">1 stage technique indispensable \u00a0pour \u00a0balayer la technique photo et ouvrir son regard.<\/p><p style=\"text-align: center;\">1 formule en cours individualis\u00e9 pour approfondir certains points techniques \u00e0 son rythme<\/p><p style=\"text-align: center;\">1 bouquet de Masterclass pour d\u00e9velopper son \u00e9criture photographique<\/p>\t\t\t\t\t\t\t\t<\/div>\n\t\t\t\t<\/div>\n\t\t\t\t<\/div>\n\t\t<div class=\"elementor-element elementor-element-2535d01 e-con-full e-flex e-con e-child\" data-id=\"2535d01\" data-element_type=\"container\" data-e-type=\"container\">\n\t\t\t\t<div class=\"elementor-element elementor-element-05af473 elementor-widget elementor-widget-image\" data-id=\"05af473\" data-element_type=\"widget\" data-e-type=\"widget\" data-widget_type=\"image.default\">\n\t\t\t\t<div class=\"elementor-widget-container\">\n\t\t\t\t\t\t\t\t\t\t\t\t\t\t\t<img decoding=\"async\" width=\"1024\" height=\"683\" src=\"https:\/\/www.legaragephotographie.com\/wp-content\/uploads\/2024\/01\/le-garage-photographie-2017_04-1024x683.jpg\" class=\"attachment-large size-large wp-image-1160\" alt=\"Stage Photo \u00e0 Marseille avec William Guidarini\" srcset=\"https:\/\/www.legaragephotographie.com\/wp-content\/uploads\/2024\/01\/le-garage-photographie-2017_04-1024x683.jpg 1024w, https:\/\/www.legaragephotographie.com\/wp-content\/uploads\/2024\/01\/le-garage-photographie-2017_04-300x200.jpg 300w, https:\/\/www.legaragephotographie.com\/wp-content\/uploads\/2024\/01\/le-garage-photographie-2017_04-768x512.jpg 768w, https:\/\/www.legaragephotographie.com\/wp-content\/uploads\/2024\/01\/le-garage-photographie-2017_04-600x400.jpg 600w, https:\/\/www.legaragephotographie.com\/wp-content\/uploads\/2024\/01\/le-garage-photographie-2017_04.jpg 1200w\" sizes=\"(max-width: 1024px) 100vw, 1024px\" \/>\t\t\t\t\t\t\t\t\t\t\t\t\t\t\t<\/div>\n\t\t\t\t<\/div>\n\t\t\t\t<div class=\"elementor-element elementor-element-6f71e88 elementor-widget elementor-widget-text-editor\" data-id=\"6f71e88\" data-element_type=\"widget\" data-e-type=\"widget\" data-widget_type=\"text-editor.default\">\n\t\t\t\t<div class=\"elementor-widget-container\">\n\t\t\t\t\t\t\t\t\t<h3 style=\"text-align: center;\">TRAVAIL INDIVIDUALIS\u00c9<\/h3><h4 style=\"text-align: center;\">Encourager le stagiaire \u00e0\u00a0poursuivre son\u00a0apprentissage<\/h4>\t\t\t\t\t\t\t\t<\/div>\n\t\t\t\t<\/div>\n\t\t\t\t<div class=\"elementor-element elementor-element-cf29160 elementor-widget elementor-widget-text-editor\" data-id=\"cf29160\" data-element_type=\"widget\" data-e-type=\"widget\" data-widget_type=\"text-editor.default\">\n\t\t\t\t<div class=\"elementor-widget-container\">\n\t\t\t\t\t\t\t\t\t<p style=\"text-align: center;\">M\u00e9mo : un support de cours vous est envoy\u00e9 dans les heures qui suivent le stage, pour vous permettre de reprendre les \u00e9l\u00e9ments d\u00e9velopp\u00e9s au cours de la formation, et vous exercer.<\/p>\t\t\t\t\t\t\t\t<\/div>\n\t\t\t\t<\/div>\n\t\t\t\t<\/div>\n\t\t<div class=\"elementor-element elementor-element-4b8b0a8 e-con-full e-flex e-con e-child\" data-id=\"4b8b0a8\" data-element_type=\"container\" data-e-type=\"container\">\n\t\t\t\t<div class=\"elementor-element elementor-element-708b959 elementor-widget elementor-widget-image\" data-id=\"708b959\" data-element_type=\"widget\" data-e-type=\"widget\" data-widget_type=\"image.default\">\n\t\t\t\t<div class=\"elementor-widget-container\">\n\t\t\t\t\t\t\t\t\t\t\t\t\t\t\t<img loading=\"lazy\" decoding=\"async\" width=\"1024\" height=\"682\" src=\"https:\/\/www.legaragephotographie.com\/wp-content\/uploads\/2023\/12\/formation-et-stages-photo-legarage-photographie-1-1024x682.jpg\" class=\"attachment-large size-large wp-image-543\" alt=\"\" srcset=\"https:\/\/www.legaragephotographie.com\/wp-content\/uploads\/2023\/12\/formation-et-stages-photo-legarage-photographie-1-1024x682.jpg 1024w, https:\/\/www.legaragephotographie.com\/wp-content\/uploads\/2023\/12\/formation-et-stages-photo-legarage-photographie-1-300x200.jpg 300w, https:\/\/www.legaragephotographie.com\/wp-content\/uploads\/2023\/12\/formation-et-stages-photo-legarage-photographie-1-768x512.jpg 768w, https:\/\/www.legaragephotographie.com\/wp-content\/uploads\/2023\/12\/formation-et-stages-photo-legarage-photographie-1-1536x1024.jpg 1536w, https:\/\/www.legaragephotographie.com\/wp-content\/uploads\/2023\/12\/formation-et-stages-photo-legarage-photographie-1-600x400.jpg 600w, https:\/\/www.legaragephotographie.com\/wp-content\/uploads\/2023\/12\/formation-et-stages-photo-legarage-photographie-1.jpg 2000w\" sizes=\"(max-width: 1024px) 100vw, 1024px\" \/>\t\t\t\t\t\t\t\t\t\t\t\t\t\t\t<\/div>\n\t\t\t\t<\/div>\n\t\t\t\t<div class=\"elementor-element elementor-element-d8e8369 elementor-widget elementor-widget-text-editor\" data-id=\"d8e8369\" data-element_type=\"widget\" data-e-type=\"widget\" data-widget_type=\"text-editor.default\">\n\t\t\t\t<div class=\"elementor-widget-container\">\n\t\t\t\t\t\t\t\t\t<h3 style=\"text-align: center;\">M\u00c9THODE<\/h3><h4 style=\"text-align: center;\">Proposer une m\u00e9thode d&rsquo;apprentissage claire et coh\u00e9rente, en mode Slow Photography !<\/h4>\t\t\t\t\t\t\t\t<\/div>\n\t\t\t\t<\/div>\n\t\t\t\t<div class=\"elementor-element elementor-element-47f6199 elementor-widget elementor-widget-text-editor\" data-id=\"47f6199\" data-element_type=\"widget\" data-e-type=\"widget\" data-widget_type=\"text-editor.default\">\n\t\t\t\t<div class=\"elementor-widget-container\">\n\t\t\t\t\t\t\t\t\t<p style=\"text-align: center;\">Sensibilit\u00e9 et convivialit\u00e9 au centre\u00a0du processus d&rsquo;apprentissage<\/p><p style=\"text-align: center;\">Construction du savoir-faire dans la coop\u00e9ration (avec les autres stagiaires, avec l&rsquo;animateur)<\/p><p style=\"text-align: center;\">Apprentissage technique au service de la construction d&rsquo;un regard<\/p>\t\t\t\t\t\t\t\t<\/div>\n\t\t\t\t<\/div>\n\t\t\t\t<\/div>\n\t\t\t\t\t<\/div>\n\t\t\t\t<\/div>\n\t\t<div class=\"elementor-element elementor-element-9677266 e-flex e-con-boxed e-con e-parent\" data-id=\"9677266\" data-element_type=\"container\" data-e-type=\"container\">\n\t\t\t\t\t<div class=\"e-con-inner\">\n\t\t<div class=\"elementor-element elementor-element-64f247b e-con-full e-flex e-con e-child\" data-id=\"64f247b\" data-element_type=\"container\" data-e-type=\"container\">\n\t\t\t\t<div class=\"elementor-element elementor-element-a5c5a24 elementor-widget elementor-widget-image\" data-id=\"a5c5a24\" data-element_type=\"widget\" data-e-type=\"widget\" data-widget_type=\"image.default\">\n\t\t\t\t<div class=\"elementor-widget-container\">\n\t\t\t\t\t\t\t\t\t\t\t\t\t\t\t<img loading=\"lazy\" decoding=\"async\" width=\"600\" height=\"600\" src=\"https:\/\/www.legaragephotographie.com\/wp-content\/uploads\/2024\/01\/LGP-Flye1.png\" class=\"attachment-large size-large wp-image-1205\" alt=\"\" srcset=\"https:\/\/www.legaragephotographie.com\/wp-content\/uploads\/2024\/01\/LGP-Flye1.png 600w, https:\/\/www.legaragephotographie.com\/wp-content\/uploads\/2024\/01\/LGP-Flye1-300x300.png 300w, https:\/\/www.legaragephotographie.com\/wp-content\/uploads\/2024\/01\/LGP-Flye1-150x150.png 150w, https:\/\/www.legaragephotographie.com\/wp-content\/uploads\/2024\/01\/LGP-Flye1-100x100.png 100w\" sizes=\"(max-width: 600px) 100vw, 600px\" \/>\t\t\t\t\t\t\t\t\t\t\t\t\t\t\t<\/div>\n\t\t\t\t<\/div>\n\t\t\t\t<\/div>\n\t\t<div class=\"elementor-element elementor-element-96f81be e-con-full e-flex e-con e-child\" data-id=\"96f81be\" data-element_type=\"container\" data-e-type=\"container\">\n\t\t\t\t<div class=\"elementor-element elementor-element-33510c0 elementor-widget elementor-widget-text-editor\" data-id=\"33510c0\" data-element_type=\"widget\" data-e-type=\"widget\" data-widget_type=\"text-editor.default\">\n\t\t\t\t<div class=\"elementor-widget-container\">\n\t\t\t\t\t\t\t\t\t<h2>S L O W \u00a0 P H O T O G R A P H Y<br \/>Pour une approche diff\u00e9rente de la photographie.<\/h2><p>Les appareils d\u2019aujourd\u2019hui ont des dispositifs remarquables d\u2019automatisme.\u00a0Il est facile de prendre des centaines de photos et l\u2019apparition des r\u00e9seaux sociaux a acc\u00e9l\u00e9r\u00e9 le flux d\u2019images (2 milliards de photos sont partag\u00e9es chaque jour sur Facebook, Instagram et FlickR). Mais quel est donc l\u2019avantage de prendre autant de photos ?\u00a0Et qu\u2019est ce qu\u2019on en fait apr\u00e8s ?<\/p><p>Nos appareils sont tellement avanc\u00e9s que regarder ce que nous photographions est devenu strictement facultatif.<\/p><p>La victime de la photographie d\u2019aujourd\u2019hui (fast photography) n\u2019est pas la qualit\u00e9 des photos elles-m\u00eames.\u00a0Car dans le lot, il y en aura toujours quelques unes de r\u00e9ussies. La victime, c\u2019est nous.\u00a0Nous perdons quelque chose d\u2019essentiel : la joie et le plaisir de faire des images !<\/p><p>La slow photography constitue un acte de r\u00e9sistance face \u00e0 l\u2019acc\u00e9l\u00e9ration du flux d\u2019images et milite pour une (re)prise en main du processus photographique : consid\u00e9rer la photographie comme une exp\u00e9rience vraie et sensible, et non pas comme un moyen rapide d\u2019arriver \u00e0 une fin.<\/p>\t\t\t\t\t\t\t\t<\/div>\n\t\t\t\t<\/div>\n\t\t\t\t<\/div>\n\t\t\t\t\t<\/div>\n\t\t\t\t<\/div>\n\t\t\t\t<\/div>\n\t\t","protected":false},"excerpt":{"rendered":"<p>M\u00c9THODOLOGIE Une m\u00e9thodologie centr\u00e9e sur le photographe stagiaire, consid\u00e9r\u00e9 comme un \u00eatre sensible, engag\u00e9 et coop\u00e9ratif. ENVIRONNEMENT Assurer des conditions optimales\u00a0d&rsquo;apprentissage Lieu atypique, spacieux et convivial : Le Garage Photographie, situ\u00e9 au pied du massif des Calanques, formidable terrain d&rsquo;exp\u00e9rimentation Animateur\u00a0exp\u00e9riment\u00e9, exigeant et bienveillant : William Guidarini,\u00a0photographe professionnel et formateur en photographie depuis 10 ans. [&hellip;]<\/p>\n","protected":false},"author":1,"featured_media":0,"parent":0,"menu_order":0,"comment_status":"closed","ping_status":"closed","template":"elementor_header_footer","meta":{"ocean_post_layout":"","ocean_both_sidebars_style":"","ocean_both_sidebars_content_width":0,"ocean_both_sidebars_sidebars_width":0,"ocean_sidebar":"","ocean_second_sidebar":"","ocean_disable_margins":"enable","ocean_add_body_class":"","ocean_shortcode_before_top_bar":"","ocean_shortcode_after_top_bar":"","ocean_shortcode_before_header":"","ocean_shortcode_after_header":"","ocean_has_shortcode":"","ocean_shortcode_after_title":"","ocean_shortcode_before_footer_widgets":"","ocean_shortcode_after_footer_widgets":"","ocean_shortcode_before_footer_bottom":"","ocean_shortcode_after_footer_bottom":"","ocean_display_top_bar":"default","ocean_display_header":"default","ocean_header_style":"","ocean_center_header_left_menu":"","ocean_custom_header_template":"","ocean_custom_logo":0,"ocean_custom_retina_logo":0,"ocean_custom_logo_max_width":0,"ocean_custom_logo_tablet_max_width":0,"ocean_custom_logo_mobile_max_width":0,"ocean_custom_logo_max_height":0,"ocean_custom_logo_tablet_max_height":0,"ocean_custom_logo_mobile_max_height":0,"ocean_header_custom_menu":"","ocean_menu_typo_font_family":"","ocean_menu_typo_font_subset":"","ocean_menu_typo_font_size":0,"ocean_menu_typo_font_size_tablet":0,"ocean_menu_typo_font_size_mobile":0,"ocean_menu_typo_font_size_unit":"px","ocean_menu_typo_font_weight":"","ocean_menu_typo_font_weight_tablet":"","ocean_menu_typo_font_weight_mobile":"","ocean_menu_typo_transform":"","ocean_menu_typo_transform_tablet":"","ocean_menu_typo_transform_mobile":"","ocean_menu_typo_line_height":0,"ocean_menu_typo_line_height_tablet":0,"ocean_menu_typo_line_height_mobile":0,"ocean_menu_typo_line_height_unit":"","ocean_menu_typo_spacing":0,"ocean_menu_typo_spacing_tablet":0,"ocean_menu_typo_spacing_mobile":0,"ocean_menu_typo_spacing_unit":"","ocean_menu_link_color":"","ocean_menu_link_color_hover":"","ocean_menu_link_color_active":"","ocean_menu_link_background":"","ocean_menu_link_hover_background":"","ocean_menu_link_active_background":"","ocean_menu_social_links_bg":"","ocean_menu_social_hover_links_bg":"","ocean_menu_social_links_color":"","ocean_menu_social_hover_links_color":"","ocean_disable_title":"default","ocean_disable_heading":"default","ocean_post_title":"","ocean_post_subheading":"","ocean_post_title_style":"","ocean_post_title_background_color":"","ocean_post_title_background":0,"ocean_post_title_bg_image_position":"","ocean_post_title_bg_image_attachment":"","ocean_post_title_bg_image_repeat":"","ocean_post_title_bg_image_size":"","ocean_post_title_height":0,"ocean_post_title_bg_overlay":0.5,"ocean_post_title_bg_overlay_color":"","ocean_disable_breadcrumbs":"default","ocean_breadcrumbs_color":"","ocean_breadcrumbs_separator_color":"","ocean_breadcrumbs_links_color":"","ocean_breadcrumbs_links_hover_color":"","ocean_display_footer_widgets":"default","ocean_display_footer_bottom":"default","ocean_custom_footer_template":"","footnotes":""},"class_list":["post-1155","page","type-page","status-publish","hentry","entry"],"yoast_head":"<!-- This site is optimized with the Yoast SEO plugin v27.4 - https:\/\/yoast.com\/product\/yoast-seo-wordpress\/ -->\n<title>M\u00e9thodologie - Le Garage Photographie, un lieu d\u00e9di\u00e9 \u00e0 la photographie \u00e0 Marseille<\/title>\n<meta name=\"robots\" content=\"index, follow, max-snippet:-1, max-image-preview:large, max-video-preview:-1\" \/>\n<link rel=\"canonical\" href=\"https:\/\/www.legaragephotographie.com\/index.php\/methodologie\/\" \/>\n<meta property=\"og:locale\" content=\"fr_FR\" \/>\n<meta property=\"og:type\" content=\"article\" \/>\n<meta property=\"og:title\" content=\"M\u00e9thodologie - Le Garage Photographie, un lieu d\u00e9di\u00e9 \u00e0 la photographie \u00e0 Marseille\" \/>\n<meta property=\"og:description\" content=\"M\u00c9THODOLOGIE Une m\u00e9thodologie centr\u00e9e sur le photographe stagiaire, consid\u00e9r\u00e9 comme un \u00eatre sensible, engag\u00e9 et coop\u00e9ratif. ENVIRONNEMENT Assurer des conditions optimales\u00a0d&rsquo;apprentissage Lieu atypique, spacieux et convivial : Le Garage Photographie, situ\u00e9 au pied du massif des Calanques, formidable terrain d&rsquo;exp\u00e9rimentation Animateur\u00a0exp\u00e9riment\u00e9, exigeant et bienveillant : William Guidarini,\u00a0photographe professionnel et formateur en photographie depuis 10 ans. [&hellip;]\" \/>\n<meta property=\"og:url\" content=\"https:\/\/www.legaragephotographie.com\/index.php\/methodologie\/\" \/>\n<meta property=\"og:site_name\" content=\"Le Garage Photographie, un lieu d\u00e9di\u00e9 \u00e0 la photographie \u00e0 Marseille\" \/>\n<meta property=\"article:modified_time\" content=\"2024-01-10T13:21:12+00:00\" \/>\n<meta property=\"og:image\" content=\"https:\/\/www.legaragephotographie.com\/wp-content\/uploads\/2024\/01\/le-garage-photographie-lectures-de-portfolios_01-1024x682.jpg\" \/>\n<meta name=\"twitter:card\" content=\"summary_large_image\" \/>\n<meta name=\"twitter:label1\" content=\"Dur\u00e9e de lecture estim\u00e9e\" \/>\n\t<meta name=\"twitter:data1\" content=\"3 minutes\" \/>\n<script type=\"application\/ld+json\" class=\"yoast-schema-graph\">{\"@context\":\"https:\\\/\\\/schema.org\",\"@graph\":[{\"@type\":\"WebPage\",\"@id\":\"https:\\\/\\\/www.legaragephotographie.com\\\/index.php\\\/methodologie\\\/\",\"url\":\"https:\\\/\\\/www.legaragephotographie.com\\\/index.php\\\/methodologie\\\/\",\"name\":\"M\u00e9thodologie - Le Garage Photographie, un lieu d\u00e9di\u00e9 \u00e0 la photographie \u00e0 Marseille\",\"isPartOf\":{\"@id\":\"https:\\\/\\\/www.legaragephotographie.com\\\/#website\"},\"primaryImageOfPage\":{\"@id\":\"https:\\\/\\\/www.legaragephotographie.com\\\/index.php\\\/methodologie\\\/#primaryimage\"},\"image\":{\"@id\":\"https:\\\/\\\/www.legaragephotographie.com\\\/index.php\\\/methodologie\\\/#primaryimage\"},\"thumbnailUrl\":\"https:\\\/\\\/www.legaragephotographie.com\\\/wp-content\\\/uploads\\\/2024\\\/01\\\/le-garage-photographie-lectures-de-portfolios_01-1024x682.jpg\",\"datePublished\":\"2024-01-10T12:59:20+00:00\",\"dateModified\":\"2024-01-10T13:21:12+00:00\",\"breadcrumb\":{\"@id\":\"https:\\\/\\\/www.legaragephotographie.com\\\/index.php\\\/methodologie\\\/#breadcrumb\"},\"inLanguage\":\"fr-FR\",\"potentialAction\":[{\"@type\":\"ReadAction\",\"target\":[\"https:\\\/\\\/www.legaragephotographie.com\\\/index.php\\\/methodologie\\\/\"]}]},{\"@type\":\"ImageObject\",\"inLanguage\":\"fr-FR\",\"@id\":\"https:\\\/\\\/www.legaragephotographie.com\\\/index.php\\\/methodologie\\\/#primaryimage\",\"url\":\"https:\\\/\\\/www.legaragephotographie.com\\\/wp-content\\\/uploads\\\/2024\\\/01\\\/le-garage-photographie-lectures-de-portfolios_01.jpg\",\"contentUrl\":\"https:\\\/\\\/www.legaragephotographie.com\\\/wp-content\\\/uploads\\\/2024\\\/01\\\/le-garage-photographie-lectures-de-portfolios_01.jpg\",\"width\":2000,\"height\":1333,\"caption\":\"Lectures de portfolio avec William Guidarini\"},{\"@type\":\"BreadcrumbList\",\"@id\":\"https:\\\/\\\/www.legaragephotographie.com\\\/index.php\\\/methodologie\\\/#breadcrumb\",\"itemListElement\":[{\"@type\":\"ListItem\",\"position\":1,\"name\":\"Accueil\",\"item\":\"https:\\\/\\\/www.legaragephotographie.com\\\/\"},{\"@type\":\"ListItem\",\"position\":2,\"name\":\"M\u00e9thodologie\"}]},{\"@type\":\"WebSite\",\"@id\":\"https:\\\/\\\/www.legaragephotographie.com\\\/#website\",\"url\":\"https:\\\/\\\/www.legaragephotographie.com\\\/\",\"name\":\"Le Garage Photographie, un lieu d\u00e9di\u00e9 \u00e0 la photographie \u00e0 Marseille\",\"description\":\"Stages et cours photo \u00e0 Marseille\",\"potentialAction\":[{\"@type\":\"SearchAction\",\"target\":{\"@type\":\"EntryPoint\",\"urlTemplate\":\"https:\\\/\\\/www.legaragephotographie.com\\\/?s={search_term_string}\"},\"query-input\":{\"@type\":\"PropertyValueSpecification\",\"valueRequired\":true,\"valueName\":\"search_term_string\"}}],\"inLanguage\":\"fr-FR\"}]}<\/script>\n<!-- \/ Yoast SEO plugin. -->","yoast_head_json":{"title":"M\u00e9thodologie - Le Garage Photographie, un lieu d\u00e9di\u00e9 \u00e0 la photographie \u00e0 Marseille","robots":{"index":"index","follow":"follow","max-snippet":"max-snippet:-1","max-image-preview":"max-image-preview:large","max-video-preview":"max-video-preview:-1"},"canonical":"https:\/\/www.legaragephotographie.com\/index.php\/methodologie\/","og_locale":"fr_FR","og_type":"article","og_title":"M\u00e9thodologie - Le Garage Photographie, un lieu d\u00e9di\u00e9 \u00e0 la photographie \u00e0 Marseille","og_description":"M\u00c9THODOLOGIE Une m\u00e9thodologie centr\u00e9e sur le photographe stagiaire, consid\u00e9r\u00e9 comme un \u00eatre sensible, engag\u00e9 et coop\u00e9ratif. ENVIRONNEMENT Assurer des conditions optimales\u00a0d&rsquo;apprentissage Lieu atypique, spacieux et convivial : Le Garage Photographie, situ\u00e9 au pied du massif des Calanques, formidable terrain d&rsquo;exp\u00e9rimentation Animateur\u00a0exp\u00e9riment\u00e9, exigeant et bienveillant : William Guidarini,\u00a0photographe professionnel et formateur en photographie depuis 10 ans. [&hellip;]","og_url":"https:\/\/www.legaragephotographie.com\/index.php\/methodologie\/","og_site_name":"Le Garage Photographie, un lieu d\u00e9di\u00e9 \u00e0 la photographie \u00e0 Marseille","article_modified_time":"2024-01-10T13:21:12+00:00","og_image":[{"url":"https:\/\/www.legaragephotographie.com\/wp-content\/uploads\/2024\/01\/le-garage-photographie-lectures-de-portfolios_01-1024x682.jpg","type":"","width":"","height":""}],"twitter_card":"summary_large_image","twitter_misc":{"Dur\u00e9e de lecture estim\u00e9e":"3 minutes"},"schema":{"@context":"https:\/\/schema.org","@graph":[{"@type":"WebPage","@id":"https:\/\/www.legaragephotographie.com\/index.php\/methodologie\/","url":"https:\/\/www.legaragephotographie.com\/index.php\/methodologie\/","name":"M\u00e9thodologie - Le Garage Photographie, un lieu d\u00e9di\u00e9 \u00e0 la photographie \u00e0 Marseille","isPartOf":{"@id":"https:\/\/www.legaragephotographie.com\/#website"},"primaryImageOfPage":{"@id":"https:\/\/www.legaragephotographie.com\/index.php\/methodologie\/#primaryimage"},"image":{"@id":"https:\/\/www.legaragephotographie.com\/index.php\/methodologie\/#primaryimage"},"thumbnailUrl":"https:\/\/www.legaragephotographie.com\/wp-content\/uploads\/2024\/01\/le-garage-photographie-lectures-de-portfolios_01-1024x682.jpg","datePublished":"2024-01-10T12:59:20+00:00","dateModified":"2024-01-10T13:21:12+00:00","breadcrumb":{"@id":"https:\/\/www.legaragephotographie.com\/index.php\/methodologie\/#breadcrumb"},"inLanguage":"fr-FR","potentialAction":[{"@type":"ReadAction","target":["https:\/\/www.legaragephotographie.com\/index.php\/methodologie\/"]}]},{"@type":"ImageObject","inLanguage":"fr-FR","@id":"https:\/\/www.legaragephotographie.com\/index.php\/methodologie\/#primaryimage","url":"https:\/\/www.legaragephotographie.com\/wp-content\/uploads\/2024\/01\/le-garage-photographie-lectures-de-portfolios_01.jpg","contentUrl":"https:\/\/www.legaragephotographie.com\/wp-content\/uploads\/2024\/01\/le-garage-photographie-lectures-de-portfolios_01.jpg","width":2000,"height":1333,"caption":"Lectures de portfolio avec William Guidarini"},{"@type":"BreadcrumbList","@id":"https:\/\/www.legaragephotographie.com\/index.php\/methodologie\/#breadcrumb","itemListElement":[{"@type":"ListItem","position":1,"name":"Accueil","item":"https:\/\/www.legaragephotographie.com\/"},{"@type":"ListItem","position":2,"name":"M\u00e9thodologie"}]},{"@type":"WebSite","@id":"https:\/\/www.legaragephotographie.com\/#website","url":"https:\/\/www.legaragephotographie.com\/","name":"Le Garage Photographie, un lieu d\u00e9di\u00e9 \u00e0 la photographie \u00e0 Marseille","description":"Stages et cours photo \u00e0 Marseille","potentialAction":[{"@type":"SearchAction","target":{"@type":"EntryPoint","urlTemplate":"https:\/\/www.legaragephotographie.com\/?s={search_term_string}"},"query-input":{"@type":"PropertyValueSpecification","valueRequired":true,"valueName":"search_term_string"}}],"inLanguage":"fr-FR"}]}},"jetpack_likes_enabled":true,"jetpack_sharing_enabled":true,"_links":{"self":[{"href":"https:\/\/www.legaragephotographie.com\/index.php\/wp-json\/wp\/v2\/pages\/1155","targetHints":{"allow":["GET"]}}],"collection":[{"href":"https:\/\/www.legaragephotographie.com\/index.php\/wp-json\/wp\/v2\/pages"}],"about":[{"href":"https:\/\/www.legaragephotographie.com\/index.php\/wp-json\/wp\/v2\/types\/page"}],"author":[{"embeddable":true,"href":"https:\/\/www.legaragephotographie.com\/index.php\/wp-json\/wp\/v2\/users\/1"}],"replies":[{"embeddable":true,"href":"https:\/\/www.legaragephotographie.com\/index.php\/wp-json\/wp\/v2\/comments?post=1155"}],"version-history":[{"count":46,"href":"https:\/\/www.legaragephotographie.com\/index.php\/wp-json\/wp\/v2\/pages\/1155\/revisions"}],"predecessor-version":[{"id":1208,"href":"https:\/\/www.legaragephotographie.com\/index.php\/wp-json\/wp\/v2\/pages\/1155\/revisions\/1208"}],"wp:attachment":[{"href":"https:\/\/www.legaragephotographie.com\/index.php\/wp-json\/wp\/v2\/media?parent=1155"}],"curies":[{"name":"wp","href":"https:\/\/api.w.org\/{rel}","templated":true}]}}