{"version":"1.0","provider_name":"Le Garage Photographie, un lieu d\u00e9di\u00e9 \u00e0 la photographie \u00e0 Marseille","provider_url":"https:\/\/www.legaragephotographie.com","author_name":"william","author_url":"https:\/\/www.legaragephotographie.com\/index.php\/author\/william\/","title":"William Guidarini - Le Garage Photographie, un lieu d\u00e9di\u00e9 \u00e0 la photographie \u00e0 Marseille","type":"rich","width":600,"height":338,"html":"<blockquote class=\"wp-embedded-content\" data-secret=\"z31YvXTTP4\"><a href=\"https:\/\/www.legaragephotographie.com\/index.php\/william-guidarini\/\">William Guidarini<\/a><\/blockquote><iframe sandbox=\"allow-scripts\" security=\"restricted\" src=\"https:\/\/www.legaragephotographie.com\/index.php\/william-guidarini\/embed\/#?secret=z31YvXTTP4\" width=\"600\" height=\"338\" title=\"\u00ab\u00a0William Guidarini\u00a0\u00bb &#8212; Le Garage Photographie, un lieu d\u00e9di\u00e9 \u00e0 la photographie \u00e0 Marseille\" data-secret=\"z31YvXTTP4\" frameborder=\"0\" marginwidth=\"0\" marginheight=\"0\" scrolling=\"no\" class=\"wp-embedded-content\"><\/iframe><script>\n\/*! This file is auto-generated *\/\n!function(d,l){\"use strict\";l.querySelector&&d.addEventListener&&\"undefined\"!=typeof URL&&(d.wp=d.wp||{},d.wp.receiveEmbedMessage||(d.wp.receiveEmbedMessage=function(e){var t=e.data;if((t||t.secret||t.message||t.value)&&!\/[^a-zA-Z0-9]\/.test(t.secret)){for(var s,r,n,a=l.querySelectorAll('iframe[data-secret=\"'+t.secret+'\"]'),o=l.querySelectorAll('blockquote[data-secret=\"'+t.secret+'\"]'),c=new RegExp(\"^https?:$\",\"i\"),i=0;i<o.length;i++)o[i].style.display=\"none\";for(i=0;i<a.length;i++)s=a[i],e.source===s.contentWindow&&(s.removeAttribute(\"style\"),\"height\"===t.message?(1e3<(r=parseInt(t.value,10))?r=1e3:~~r<200&&(r=200),s.height=r):\"link\"===t.message&&(r=new URL(s.getAttribute(\"src\")),n=new URL(t.value),c.test(n.protocol))&&n.host===r.host&&l.activeElement===s&&(d.top.location.href=t.value))}},d.addEventListener(\"message\",d.wp.receiveEmbedMessage,!1),l.addEventListener(\"DOMContentLoaded\",function(){for(var e,t,s=l.querySelectorAll(\"iframe.wp-embedded-content\"),r=0;r<s.length;r++)(t=(e=s[r]).getAttribute(\"data-secret\"))||(t=Math.random().toString(36).substring(2,12),e.src+=\"#?secret=\"+t,e.setAttribute(\"data-secret\",t)),e.contentWindow.postMessage({message:\"ready\",secret:t},\"*\")},!1)))}(window,document);\n\/\/# sourceURL=https:\/\/www.legaragephotographie.com\/wp-includes\/js\/wp-embed.min.js\n<\/script>\n","description":"William Guidarini 2014\/2015 Ceux qui restent Entre 2008 et 2013, William\u00a0Guidarini\u00a0sillonne l\u2019Europe de l\u2019Ouest du nord au sud.\u00a0Au sein d\u2019un paysage urbain ambivalent, qui appelle \u00e0 la fuite ou au repli sur soi, il livre une po\u00e9sie de l\u2019intime en noir et blanc, qui renvoie l\u2019\u00eatre humain \u00e0 ses fondements, et la soci\u00e9t\u00e9 occidentale \u00e0 [&hellip;]","thumbnail_url":"https:\/\/www.legaragephotographie.com\/wp-content\/uploads\/2023\/12\/Ceux-qui-restent_William-Guidarini_03.jpg","thumbnail_width":798,"thumbnail_height":1200}